{"id":3325,"date":"2023-05-30T16:14:32","date_gmt":"2023-05-30T14:14:32","guid":{"rendered":"https:\/\/comunus.ch\/fonds\/"},"modified":"2026-03-26T17:42:53","modified_gmt":"2026-03-26T16:42:53","slug":"fonds","status":"publish","type":"page","link":"https:\/\/comunus.ch\/de\/fonds\/","title":{"rendered":"Fonds"},"content":{"rendered":"\n<div class=\"wp-block-columns is-layout-flex wp-container-core-columns-is-layout-9d6595d7 wp-block-columns-is-layout-flex\">\n<div class=\"wp-block-column is-vertically-aligned-top mb-5 mb-md-0 has-beige-global-background-color has-background is-layout-flow wp-block-column-is-layout-flow\">\n<h2 class=\"wp-block-heading m-0 has-white-global-color has-text-color\"><strong><strong>Ein verantwortungsvolles Anlagevehikel<\/strong><\/strong><\/h2>\n<\/div>\n\n\n\n<div class=\"wp-block-column is-vertically-aligned-center is-layout-flow wp-block-column-is-layout-flow\">\n<h4 class=\"wp-block-heading\">Unsere selbstverwaltete SICAV wurde 2013 von Unternehmern und Immobilienfachleuten mit einem starken Netzwerk in der Genferseeregion lanciert. Sie nimmt die Portfolioverwaltung und die Administration des Fonds selbst wahr. <\/h4>\n\n\n\n<h4 class=\"wp-block-heading\">Der Fonds bietet Anlegerinnen und Anlegern ein verantwortungsvolles Anlagevehikel, das in Immobilien, haupts\u00e4chlich Wohnbauten, in der Westschweiz investiert.<\/h4>\n<\/div>\n<\/div>\n\n\n\n<div style=\"height:50px\" aria-hidden=\"true\" class=\"wp-block-spacer\"><\/div>\n\n\n\n<div class=\"wp-block-media-text alignfull is-stacked-on-mobile is-image-fill-element has-rouille-global-background-color has-background\"><figure class=\"wp-block-media-text__media\"><img loading=\"lazy\" decoding=\"async\" width=\"1320\" height=\"990\" src=\"https:\/\/comunus.ch\/wp-content\/uploads\/2023\/09\/1-Vevey-Aime-Steinlen-web-1320x990.jpg\" alt=\"\" class=\"wp-image-2754 size-full\" style=\"object-position:50% 50%\" srcset=\"https:\/\/comunus.ch\/wp-content\/uploads\/2023\/09\/1-Vevey-Aime-Steinlen-web-1320x990.jpg 1320w, https:\/\/comunus.ch\/wp-content\/uploads\/2023\/09\/1-Vevey-Aime-Steinlen-web-660x495.jpg 660w, https:\/\/comunus.ch\/wp-content\/uploads\/2023\/09\/1-Vevey-Aime-Steinlen-web-768x576.jpg 768w, https:\/\/comunus.ch\/wp-content\/uploads\/2023\/09\/1-Vevey-Aime-Steinlen-web-1536x1152.jpg 1536w, https:\/\/comunus.ch\/wp-content\/uploads\/2023\/09\/1-Vevey-Aime-Steinlen-web-640x480.jpg 640w, https:\/\/comunus.ch\/wp-content\/uploads\/2023\/09\/1-Vevey-Aime-Steinlen-web.jpg 1600w\" sizes=\"auto, (max-width: 1320px) 100vw, 1320px\" \/><\/figure><div class=\"wp-block-media-text__content\">\n<div style=\"height:100px\" aria-hidden=\"true\" class=\"wp-block-spacer\"><\/div>\n\n\n\n<p class=\"has-white-global-color has-text-color\">Wir t\u00e4tigen Anlagen in Wohnbauten und gemischten Bauten in den st\u00e4dtischen Zentren der Westschweiz, die renoviert oder in Stockwerkeigentum umgewandelt werden k\u00f6nnen.<\/p>\n\n\n\n<p class=\"has-white-global-color has-text-color\">Anlegende werden weder auf die Dividenden aus dem Immobilienertrag noch auf das Verm\u00f6gen besteuert. Unter Einhaltung einer K\u00fcndigungsfrist von zw\u00f6lf Monaten k\u00f6nnen Anlegende die R\u00fccknahme ihrer Aktien zum Nettoinventarwert verlangen.<\/p>\n\n\n\n<div style=\"height:100px\" aria-hidden=\"true\" class=\"wp-block-spacer\"><\/div>\n<\/div><\/div>\n\n\n\n<section class=\"wp-block-cover alignwide is-light chiffres-cles borderadius10\" style=\"min-height:50px;aspect-ratio:unset;\"><span aria-hidden=\"true\" class=\"wp-block-cover__background has-eggshell-global-background-color has-background-dim-100 has-background-dim\"><\/span><div class=\"wp-block-cover__inner-container is-layout-flow wp-block-cover-is-layout-flow\">\n<h2 class=\"wp-block-heading has-logo-color-color has-text-color\">Eckdaten<\/h2>\n\n\n\n<div id=\"3325\" class=\"highlightnumber-block\">\n\n\t<div class=\"highlight-number-strat\">\n\n\t\t<div class=\"highlight-number-content row\">\n\n\t\t\t\n\t\t\t\t<div class=\"highlight-number-item col-12 col-md-6 col-lg-4 \">\n\t\t\t\t\t<div class=\"highlight-number-number\">\n\t\t\t\t\t\t<span class='numscroller'>948<\/span><span class=\"numscroller-unite\">Mio<\/span>\n\t\t\t\t\t<\/div><!-- highlight-number-number-->\n\t\t\t\t\t<div class=\"highlight-number-legend\">\n\t\t\t\t\t\tBruttoverm\u00f6gen<br \/>\r\nin CHF\t\t\t\t\t<\/div><!-- highlight-number-legend-->\n\t\t\t\t<\/div><!-- highlight-number-item-->\n\n\n\t\t\t\t\n\t\t\t\t<div class=\"highlight-number-item col-12 col-md-6 col-lg-4 \">\n\t\t\t\t\t<div class=\"highlight-number-number\">\n\t\t\t\t\t\t<span class='numscroller'>2.63<\/span><span class=\"numscroller-unite\">%<\/span>\n\t\t\t\t\t<\/div><!-- highlight-number-number-->\n\t\t\t\t\t<div class=\"highlight-number-legend\">\n\t\t\t\t\t\tRendite <br \/>\r\n\t\t\t\t\t<\/div><!-- highlight-number-legend-->\n\t\t\t\t<\/div><!-- highlight-number-item-->\n\n\n\t\t\t\t\n\t\t\t\t<div class=\"highlight-number-item col-12 col-md-6 col-lg-4 \">\n\t\t\t\t\t<div class=\"highlight-number-number\">\n\t\t\t\t\t\t<span class='numscroller'>208<\/span><span class=\"numscroller-unite\">%<\/span>\n\t\t\t\t\t<\/div><!-- highlight-number-number-->\n\t\t\t\t\t<div class=\"highlight-number-legend\">\n\t\t\t\t\t\tPerformance seit Auflegung\t\t\t\t\t<\/div><!-- highlight-number-legend-->\n\t\t\t\t<\/div><!-- highlight-number-item-->\n\n\n\t\t\t\t\n\t\t<\/div>\n\n\n\n\n\n\t<\/div><!-- homestrat -->\n\n\n\n<\/div><!-- cusotm-block --><\/div><\/section>\n\n\n\n<h2 class=\"wp-block-heading\"><strong>Historische Performance <\/strong><\/h2>\n\n\n\n<h3 class=\"wp-block-heading\">Rendite<\/h3>\n\n\n\n<figure class=\"wp-block-image size-large\"><img loading=\"lazy\" decoding=\"async\" width=\"1320\" height=\"930\" src=\"https:\/\/comunus.ch\/wp-content\/uploads\/2026\/03\/GRAPH_rendement_cumule_DE-1320x930.png\" alt=\"\" class=\"wp-image-5516\" srcset=\"https:\/\/comunus.ch\/wp-content\/uploads\/2026\/03\/GRAPH_rendement_cumule_DE-1320x930.png 1320w, https:\/\/comunus.ch\/wp-content\/uploads\/2026\/03\/GRAPH_rendement_cumule_DE-660x465.png 660w, https:\/\/comunus.ch\/wp-content\/uploads\/2026\/03\/GRAPH_rendement_cumule_DE-768x541.png 768w, https:\/\/comunus.ch\/wp-content\/uploads\/2026\/03\/GRAPH_rendement_cumule_DE.png 1416w\" sizes=\"auto, (max-width: 1320px) 100vw, 1320px\" \/><\/figure>\n\n\n\n<div style=\"height:100px\" aria-hidden=\"true\" class=\"wp-block-spacer\"><\/div>\n\n\n\n<h3 class=\"wp-block-heading\">Performance seit Auflegung<\/h3>\n\n\n<div id=\"m-chart-container-3476-1\" class=\"m-chart-container chartjs\">\n\t<canvas id=\"m-chart-3476-1\" class=\"m-chart\" height=\"600\" aria-label=\"Performance depuis le lancement (%) &#8211; DE\" role=\"img\" style=\"height: 600px;\"><\/canvas>\n<\/div>\n<script type=\"text\/javascript\">\n\tvar m_chart_container_3476_1_canvas = document.getElementById( 'm-chart-3476-1' ).getContext('2d');\n\n\tvar m_chart_chartjs_3476_1 = {\n\t\tchart_args: {\"type\":\"line\",\"options\":{\"plugins\":{\"title\":{\"display\":false},\"legend\":{\"display\":true,\"position\":\"bottom\",\"labels\":{\"font\":{\"weight\":\"bold\"},\"usePointStyle\":true}},\"tooltip\":{\"enabled\":true},\"datalabels\":{\"color\":\"black\",\"font\":{\"weight\":\"bold\"},\"offset\":3,\"display\":\"auto\"}},\"elements\":{\"point\":{\"hoverRadius\":7,\"hitRadius\":13}},\"responsive\":true,\"maintainAspectRatio\":false,\"locale\":\"en-US\",\"scales\":{\"x\":{\"grid\":{\"borderWidth\":0,\"display\":false},\"title\":{\"display\":false,\"text\":\"\"}},\"y\":{\"grid\":{\"borderWidth\":0},\"title\":{\"display\":false,\"text\":\"\"}}}},\"data\":{\"labels\":[\"2013\",\"2014\",\"2015\",\"2016\",\"2017\",\"2018\",\"2019\",\"2020\",\"2021\",\"2022\",\"2023\",\"2024\",\"2025\"],\"datasets\":[{\"label\":\"Comunus SICAV\",\"data\":[1.05,9.25,28.67,43.85,80.44,87.49,89.01,100.18,125.24,129.7,130.35,132,208.22],\"backgroundColor\":\"#D1AE11\",\"borderColor\":\"#D1AE11\",\"lineTension\":0,\"elements\":{\"point\":{\"pointStyle\":\"circle\"}},\"fill\":false,\"datalabels\":{\"align\":\"end\",\"anchor\":\"end\",\"color\":\"#D1AE11\"}},{\"label\":\"SXI Real Estate Funds Index\",\"data\":[-1.19,13.6,18.26,27.17,35.56,28.35,54.43,71.62,84.19,56.3,64.11,92.98,113.48],\"backgroundColor\":\"#9E3E2D\",\"borderColor\":\"#9E3E2D\",\"lineTension\":0,\"elements\":{\"point\":{\"pointStyle\":\"rectRot\"}},\"fill\":false,\"datalabels\":{\"align\":\"end\",\"anchor\":\"end\",\"color\":\"#9E3E2D\"}}]},\"value_prefix\":\"\",\"value_suffix\":\"\",\"locale\":\"en-US\",\"labels_pos\":\"both\"},\n\t\tpost_id: 3476,\n\t\tinstance: 1,\n\t\trender_1: true\n\t};\n\n\t\n\t(function( $ ) {\n\t\tm_chart_chartjs_3476_1.render_chart = function() {\n\t\t\t$( '.m-chart' ).trigger({\n\t\t\t\ttype:     'render_start',\n\t\t\t\tpost_id:  this.post_id,\n\t\t\t\tinstance: this.instance\n\t\t\t});\n\t\t\t\n\t\t\tvar target = this.chart_args.options.animation;\n            \n\t\t\tvar source = {\n\t\t\t\tonComplete: function() {\n\t\t\t\t\t\/\/ This deals with an issue in Chart.js 3.1.0 where onComplete can run too many times\n\t\t\t\t\t\/\/ We only want to trigger on the first render anyway so we'll just check\n\t\t\t\t\tif ( false === m_chart_chartjs_3476_1.render_1 ) {\n\t\t\t\t\t\treturn;\n\t\t\t\t\t}\n\n\t\t\t\t\tm_chart_chartjs_3476_1.render_1 = false;\n\n\t\t\t\t\t$( '.m-chart' ).trigger({\n\t\t\t\t\t\ttype:     'render_done',\n\t\t\t\t\t\tpost_id:  m_chart_chartjs_3476_1.post_id,\n\t\t\t\t\t\tinstance: m_chart_chartjs_3476_1.instance\n\t\t\t\t\t});\n\t\t\t\t}\n\t\t\t}\n           \n\t\t\tif ( ! target ) {\n\t\t\t\tsource = {animation: source};\n\t\t\t\ttarget = this.chart_args.options;\n\t\t\t}\n\t\t\t\n\t\t\tObject.assign( target, source );\n\n\t\t\tChart.register( ChartDataLabels );\n\n\t\t\tthis.chart = new Chart(\n\t\t\t\tm_chart_container_3476_1_canvas,\n\t\t\t\tthis.chart_args\n\t\t\t);\n\t\t};\n\n\t\t$( function() {\n\t\t\t$.when( m_chart_chartjs_helpers.init() ).done(function() {\n\t\t\t\tm_chart_chartjs_3476_1.render_chart();\n\t\t\t});\n\t\t} );\n\t})( jQuery );\n<\/script>\n\n\n\n\n<div style=\"height:100px\" aria-hidden=\"true\" class=\"wp-block-spacer\"><\/div>\n\n\n\n<div class=\"wp-block-cover is-light borderadius10 pt-5 infos-fond\" style=\"min-height:50px;aspect-ratio:unset;\"><span aria-hidden=\"true\" class=\"wp-block-cover__background has-logo-color-background-color has-background-dim-100 has-background-dim\"><\/span><div class=\"wp-block-cover__inner-container is-layout-flow wp-block-cover-is-layout-flow\">\n<h2 class=\"wp-block-heading has-white-global-color has-text-color\">Weitere Informationen<\/h2>\n\n\n\n<div class=\"wp-block-columns is-layout-flex wp-container-core-columns-is-layout-9d6595d7 wp-block-columns-is-layout-flex\">\n<div class=\"wp-block-column has-white-global-color has-text-color is-layout-flow wp-block-column-is-layout-flow\">\n<ul class=\"wp-block-list\">\n<li><strong><strong>Lancierungsdatum <\/strong>:<\/strong> April 2013<\/li>\n\n\n\n<li><strong><strong>Kategorie <\/strong>:<\/strong> Fonds nach schweizerischem Recht \u2013 Kategorie Immobilienfonds<\/li>\n\n\n\n<li><strong>Domizil : <\/strong> Schweiz<\/li>\n\n\n\n<li><strong>ISIN :<\/strong> CH0200600911<\/li>\n\n\n\n<li><strong>W\u00e4hrung :<\/strong> CHF<\/li>\n\n\n\n<li><strong><strong>Anlagekategorie <\/strong>:<\/strong> Wohnbauten<\/li>\n\n\n\n<li><strong>Standort der Liegenschaften <\/strong>: Schweiz<\/li>\n\n\n\n<li><strong>Berechnung des NIW :<\/strong> Halbj\u00e4hrlich<\/li>\n<\/ul>\n<\/div>\n\n\n\n<div class=\"wp-block-column has-white-global-color has-text-color is-layout-flow wp-block-column-is-layout-flow\">\n<ul class=\"wp-block-list\">\n<li><strong><strong>Bilanzstichtag <\/strong>:<\/strong> 31. Dezember<\/li>\n\n\n\n<li><strong>Zeichnung :<\/strong> Kapitalerh\u00f6hung oder b\u00f6rsennotierter Markt<\/li>\n\n\n\n<li><strong>Aussch\u00fcttung :<\/strong> ja<\/li>\n\n\n\n<li><strong><strong>Fondsleitung <\/strong>:<\/strong> Gesellschaftsorgane der SICAV<\/li>\n\n\n\n<li><strong><strong>Fondsverwalter <\/strong>:<\/strong> Gesellschaftsorgane der SICAV<\/li>\n\n\n\n<li><strong><strong>Depotbank <\/strong>:<\/strong> Waadtl\u00e4nder Kantonalbank (BCV), Lausanne<\/li>\n\n\n\n<li><strong>Pr\u00fcfgesellschaft :<\/strong> KPMG SA<\/li>\n<\/ul>\n<\/div>\n<\/div>\n<\/div><\/div>\n","protected":false},"excerpt":{"rendered":"<p>Ein verantwortungsvolles Anlagevehikel Unsere selbstverwaltete SICAV wurde 2013 von Unternehmern und Immobilienfachleuten mit einem starken Netzwerk in der Genferseeregion lanciert. [&hellip;]<\/p>\n","protected":false},"author":1,"featured_media":0,"parent":0,"menu_order":0,"comment_status":"closed","ping_status":"closed","template":"","meta":{"_acf_changed":false,"footnotes":""},"class_list":["post-3325","page","type-page","status-publish","hentry"],"acf":[],"yoast_head":"<!-- This site is optimized with the Yoast SEO plugin v27.4 - https:\/\/yoast.com\/product\/yoast-seo-wordpress\/ -->\n<title>Fonds - Comunus<\/title>\n<meta name=\"robots\" content=\"index, follow, max-snippet:-1, max-image-preview:large, max-video-preview:-1\" \/>\n<link rel=\"canonical\" href=\"https:\/\/comunus.ch\/de\/fonds\/\" \/>\n<meta property=\"og:locale\" content=\"de_DE\" \/>\n<meta property=\"og:type\" content=\"article\" \/>\n<meta property=\"og:title\" content=\"Fonds - Comunus\" \/>\n<meta property=\"og:description\" content=\"Ein verantwortungsvolles Anlagevehikel Unsere selbstverwaltete SICAV wurde 2013 von Unternehmern und Immobilienfachleuten mit einem starken Netzwerk in der Genferseeregion lanciert. [&hellip;]\" \/>\n<meta property=\"og:url\" content=\"https:\/\/comunus.ch\/de\/fonds\/\" \/>\n<meta property=\"og:site_name\" content=\"Comunus\" \/>\n<meta property=\"article:modified_time\" content=\"2026-03-26T16:42:53+00:00\" \/>\n<meta property=\"og:image\" content=\"https:\/\/comunus.ch\/wp-content\/uploads\/2023\/09\/1-Vevey-Aime-Steinlen-web.jpg\" \/>\n\t<meta property=\"og:image:width\" content=\"1600\" \/>\n\t<meta property=\"og:image:height\" content=\"1200\" \/>\n\t<meta property=\"og:image:type\" content=\"image\/jpeg\" \/>\n<meta name=\"twitter:card\" content=\"summary_large_image\" \/>\n<meta name=\"twitter:label1\" content=\"Gesch\u00e4tzte Lesezeit\" \/>\n\t<meta name=\"twitter:data1\" content=\"2\u00a0Minuten\" \/>\n<script type=\"application\/ld+json\" class=\"yoast-schema-graph\">{\"@context\":\"https:\\\/\\\/schema.org\",\"@graph\":[{\"@type\":\"WebPage\",\"@id\":\"https:\\\/\\\/comunus.ch\\\/de\\\/fonds\\\/\",\"url\":\"https:\\\/\\\/comunus.ch\\\/de\\\/fonds\\\/\",\"name\":\"Fonds - Comunus\",\"isPartOf\":{\"@id\":\"https:\\\/\\\/comunus.ch\\\/#website\"},\"primaryImageOfPage\":{\"@id\":\"https:\\\/\\\/comunus.ch\\\/de\\\/fonds\\\/#primaryimage\"},\"image\":{\"@id\":\"https:\\\/\\\/comunus.ch\\\/de\\\/fonds\\\/#primaryimage\"},\"thumbnailUrl\":\"https:\\\/\\\/comunus.ch\\\/wp-content\\\/uploads\\\/2023\\\/09\\\/1-Vevey-Aime-Steinlen-web-1320x990.jpg\",\"datePublished\":\"2023-05-30T14:14:32+00:00\",\"dateModified\":\"2026-03-26T16:42:53+00:00\",\"breadcrumb\":{\"@id\":\"https:\\\/\\\/comunus.ch\\\/de\\\/fonds\\\/#breadcrumb\"},\"inLanguage\":\"de\",\"potentialAction\":[{\"@type\":\"ReadAction\",\"target\":[\"https:\\\/\\\/comunus.ch\\\/de\\\/fonds\\\/\"]}]},{\"@type\":\"ImageObject\",\"inLanguage\":\"de\",\"@id\":\"https:\\\/\\\/comunus.ch\\\/de\\\/fonds\\\/#primaryimage\",\"url\":\"https:\\\/\\\/comunus.ch\\\/wp-content\\\/uploads\\\/2023\\\/09\\\/1-Vevey-Aime-Steinlen-web-1320x990.jpg\",\"contentUrl\":\"https:\\\/\\\/comunus.ch\\\/wp-content\\\/uploads\\\/2023\\\/09\\\/1-Vevey-Aime-Steinlen-web-1320x990.jpg\"},{\"@type\":\"BreadcrumbList\",\"@id\":\"https:\\\/\\\/comunus.ch\\\/de\\\/fonds\\\/#breadcrumb\",\"itemListElement\":[{\"@type\":\"ListItem\",\"position\":1,\"name\":\"Home\",\"item\":\"https:\\\/\\\/comunus.ch\\\/de\\\/\"},{\"@type\":\"ListItem\",\"position\":2,\"name\":\"Fonds\"}]},{\"@type\":\"WebSite\",\"@id\":\"https:\\\/\\\/comunus.ch\\\/#website\",\"url\":\"https:\\\/\\\/comunus.ch\\\/\",\"name\":\"Comunus\",\"description\":\"Fonds pour investisseurs qualifi\u00e9s\",\"publisher\":{\"@id\":\"https:\\\/\\\/comunus.ch\\\/#organization\"},\"potentialAction\":[{\"@type\":\"SearchAction\",\"target\":{\"@type\":\"EntryPoint\",\"urlTemplate\":\"https:\\\/\\\/comunus.ch\\\/?s={search_term_string}\"},\"query-input\":{\"@type\":\"PropertyValueSpecification\",\"valueRequired\":true,\"valueName\":\"search_term_string\"}}],\"inLanguage\":\"de\"},{\"@type\":\"Organization\",\"@id\":\"https:\\\/\\\/comunus.ch\\\/#organization\",\"name\":\"Comunus\",\"url\":\"https:\\\/\\\/comunus.ch\\\/\",\"logo\":{\"@type\":\"ImageObject\",\"inLanguage\":\"de\",\"@id\":\"https:\\\/\\\/comunus.ch\\\/#\\\/schema\\\/logo\\\/image\\\/\",\"url\":\"https:\\\/\\\/comunus.ch\\\/wp-content\\\/uploads\\\/2023\\\/07\\\/logo-comunus.svg\",\"contentUrl\":\"https:\\\/\\\/comunus.ch\\\/wp-content\\\/uploads\\\/2023\\\/07\\\/logo-comunus.svg\",\"width\":190,\"height\":26,\"caption\":\"Comunus\"},\"image\":{\"@id\":\"https:\\\/\\\/comunus.ch\\\/#\\\/schema\\\/logo\\\/image\\\/\"}}]}<\/script>\n<!-- \/ Yoast SEO plugin. -->","yoast_head_json":{"title":"Fonds - Comunus","robots":{"index":"index","follow":"follow","max-snippet":"max-snippet:-1","max-image-preview":"max-image-preview:large","max-video-preview":"max-video-preview:-1"},"canonical":"https:\/\/comunus.ch\/de\/fonds\/","og_locale":"de_DE","og_type":"article","og_title":"Fonds - Comunus","og_description":"Ein verantwortungsvolles Anlagevehikel Unsere selbstverwaltete SICAV wurde 2013 von Unternehmern und Immobilienfachleuten mit einem starken Netzwerk in der Genferseeregion lanciert. [&hellip;]","og_url":"https:\/\/comunus.ch\/de\/fonds\/","og_site_name":"Comunus","article_modified_time":"2026-03-26T16:42:53+00:00","og_image":[{"width":1600,"height":1200,"url":"https:\/\/comunus.ch\/wp-content\/uploads\/2023\/09\/1-Vevey-Aime-Steinlen-web.jpg","type":"image\/jpeg"}],"twitter_card":"summary_large_image","twitter_misc":{"Gesch\u00e4tzte Lesezeit":"2\u00a0Minuten"},"schema":{"@context":"https:\/\/schema.org","@graph":[{"@type":"WebPage","@id":"https:\/\/comunus.ch\/de\/fonds\/","url":"https:\/\/comunus.ch\/de\/fonds\/","name":"Fonds - Comunus","isPartOf":{"@id":"https:\/\/comunus.ch\/#website"},"primaryImageOfPage":{"@id":"https:\/\/comunus.ch\/de\/fonds\/#primaryimage"},"image":{"@id":"https:\/\/comunus.ch\/de\/fonds\/#primaryimage"},"thumbnailUrl":"https:\/\/comunus.ch\/wp-content\/uploads\/2023\/09\/1-Vevey-Aime-Steinlen-web-1320x990.jpg","datePublished":"2023-05-30T14:14:32+00:00","dateModified":"2026-03-26T16:42:53+00:00","breadcrumb":{"@id":"https:\/\/comunus.ch\/de\/fonds\/#breadcrumb"},"inLanguage":"de","potentialAction":[{"@type":"ReadAction","target":["https:\/\/comunus.ch\/de\/fonds\/"]}]},{"@type":"ImageObject","inLanguage":"de","@id":"https:\/\/comunus.ch\/de\/fonds\/#primaryimage","url":"https:\/\/comunus.ch\/wp-content\/uploads\/2023\/09\/1-Vevey-Aime-Steinlen-web-1320x990.jpg","contentUrl":"https:\/\/comunus.ch\/wp-content\/uploads\/2023\/09\/1-Vevey-Aime-Steinlen-web-1320x990.jpg"},{"@type":"BreadcrumbList","@id":"https:\/\/comunus.ch\/de\/fonds\/#breadcrumb","itemListElement":[{"@type":"ListItem","position":1,"name":"Home","item":"https:\/\/comunus.ch\/de\/"},{"@type":"ListItem","position":2,"name":"Fonds"}]},{"@type":"WebSite","@id":"https:\/\/comunus.ch\/#website","url":"https:\/\/comunus.ch\/","name":"Comunus","description":"Fonds pour investisseurs qualifi\u00e9s","publisher":{"@id":"https:\/\/comunus.ch\/#organization"},"potentialAction":[{"@type":"SearchAction","target":{"@type":"EntryPoint","urlTemplate":"https:\/\/comunus.ch\/?s={search_term_string}"},"query-input":{"@type":"PropertyValueSpecification","valueRequired":true,"valueName":"search_term_string"}}],"inLanguage":"de"},{"@type":"Organization","@id":"https:\/\/comunus.ch\/#organization","name":"Comunus","url":"https:\/\/comunus.ch\/","logo":{"@type":"ImageObject","inLanguage":"de","@id":"https:\/\/comunus.ch\/#\/schema\/logo\/image\/","url":"https:\/\/comunus.ch\/wp-content\/uploads\/2023\/07\/logo-comunus.svg","contentUrl":"https:\/\/comunus.ch\/wp-content\/uploads\/2023\/07\/logo-comunus.svg","width":190,"height":26,"caption":"Comunus"},"image":{"@id":"https:\/\/comunus.ch\/#\/schema\/logo\/image\/"}}]}},"_links":{"self":[{"href":"https:\/\/comunus.ch\/de\/wp-json\/wp\/v2\/pages\/3325","targetHints":{"allow":["GET"]}}],"collection":[{"href":"https:\/\/comunus.ch\/de\/wp-json\/wp\/v2\/pages"}],"about":[{"href":"https:\/\/comunus.ch\/de\/wp-json\/wp\/v2\/types\/page"}],"author":[{"embeddable":true,"href":"https:\/\/comunus.ch\/de\/wp-json\/wp\/v2\/users\/1"}],"replies":[{"embeddable":true,"href":"https:\/\/comunus.ch\/de\/wp-json\/wp\/v2\/comments?post=3325"}],"version-history":[{"count":22,"href":"https:\/\/comunus.ch\/de\/wp-json\/wp\/v2\/pages\/3325\/revisions"}],"predecessor-version":[{"id":5519,"href":"https:\/\/comunus.ch\/de\/wp-json\/wp\/v2\/pages\/3325\/revisions\/5519"}],"wp:attachment":[{"href":"https:\/\/comunus.ch\/de\/wp-json\/wp\/v2\/media?parent=3325"}],"curies":[{"name":"wp","href":"https:\/\/api.w.org\/{rel}","templated":true}]}}