{"id":3309,"date":"2020-09-09T17:18:06","date_gmt":"2020-09-09T15:18:06","guid":{"rendered":"https:\/\/comunus.ch\/comunus\/"},"modified":"2026-02-09T11:06:50","modified_gmt":"2026-02-09T10:06:50","slug":"comunus","status":"publish","type":"page","link":"https:\/\/comunus.ch\/de\/comunus\/","title":{"rendered":"Comunus"},"content":{"rendered":"\n<div class=\"wp-block-columns is-layout-flex wp-container-core-columns-is-layout-9d6595d7 wp-block-columns-is-layout-flex\">\n<div class=\"wp-block-column is-vertically-aligned-top mb-5 mb-md-0 has-rouille-global-background-color has-background is-layout-flow wp-block-column-is-layout-flow\">\n<h2 class=\"wp-block-heading m-0 has-white-global-color has-text-color\"><strong>Ein verantwortungsvolles Anlagevehikel<\/strong><\/h2>\n<\/div>\n\n\n\n<div class=\"wp-block-column is-vertically-aligned-center is-layout-flow wp-block-column-is-layout-flow\">\n<h4 class=\"wp-block-heading\">Die Comunus SICAV ist ein von der Eidgen\u00f6ssischen Finanzmarktaufsicht FINMA bewilligter Immobilienfonds nach schweizerischem Recht. <br>Es handelt sich um eine selbstverwaltete SICAV, die sowohl die Portfolioverwaltung als auch die Administration des Fonds selbst wahrnimmt. Diese Besonderheit unterscheidet sie von anderen Immobilienfonds.<\/h4>\n<\/div>\n<\/div>\n\n\n\n<div style=\"height:50px\" aria-hidden=\"true\" class=\"wp-block-spacer\"><\/div>\n\n\n\n<p>Comunus wurde 2013 von Unternehmern und Immobilienfachleuten mit einem starken Netzwerk in der Genferseeregion lanciert.<br>Sie ist ein verantwortungsvolles Anlagevehikel f\u00fcr Anlegerinnen und Anleger, das in Wohnbauten in der Westschweiz investiert.<\/p>\n\n\n\n<p>Sie wurde in Form einer selbstverwalteten Investmentgesellschaft mit variablem Kapital (SICAV) mit eigenen Kompetenzen gegr\u00fcndet<br>Die Comunus SICAV \u00fcbernimmt alle Aufgaben zur Verwaltung des Immobilienportfolios sowie die Administration des Fonds, z. B. die Fondsbuchhaltung, die Berechnung der Nettoinventarwerte (NIW), die Ausgabe neuer Anteile und die Risikosteuerung und das Finanzwesen Risiken &amp; Finanzen. <\/p>\n\n\n\n<div style=\"height:50px\" aria-hidden=\"true\" class=\"wp-block-spacer\"><\/div>\n\n\n\n<h1 class=\"wp-block-heading\" id=\"gouvernance\">Governance<\/h1>\n\n\n\n<div class=\"wp-block-columns is-layout-flex wp-container-core-columns-is-layout-9d6595d7 wp-block-columns-is-layout-flex\">\n<div class=\"wp-block-column is-layout-flow wp-block-column-is-layout-flow\">\n<p>Die Comunus SICAV ist selbstverwaltet und damit auf eine enge Zusammenarbeit zwischen dem Verwaltungsrat und der Gesch\u00e4ftsleitung ausgelegt. <\/p>\n\n\n\n<p>Die reduzierte Anzahl an Stakeholdern f\u00f6rdert ein proaktives Verhalten und eine direkte und effektive Kommunikation zwischen den verschiedenen Organen. Die SICAV ist somit in der Lage, strategische Entscheidungen sehr agil zu treffen und Marktchancen zeitnah zu nutzen.  <\/p>\n\n\n\n<p>Dieses ausgeglichene und transparente Verh\u00e4ltnis zwischen dem Verwaltungsrat und der Gesch\u00e4ftsleitung erlaubt es Comunus, im Interesse der Aktion\u00e4rinnen und Aktion\u00e4re sowie der Stakeholder zu handeln und den Wert des Fonds langfristig zu erhalten.<\/p>\n<\/div>\n\n\n\n<div class=\"wp-block-column is-layout-flow wp-block-column-is-layout-flow\">\n<figure class=\"wp-block-image size-large\"><img decoding=\"async\" src=\"https:\/\/comunus.ch\/wp-content\/uploads\/2024\/01\/comunus-scheme-DE-1.svg\" alt=\"\" class=\"wp-image-3554\"\/><\/figure>\n<\/div>\n<\/div>\n\n\n\n<p><strong>Die Gesch\u00e4ftsleitung ist f\u00fcr die Verwaltung und die Administration des Fonds zust\u00e4ndig.<\/strong><\/p>\n\n\n\n<p><strong>Der Verwaltungsrat tr\u00e4gt die Verantwortung f\u00fcr die Strategie, die Anlageentscheidungen und die Gew\u00e4hrleistung der Gesetzeskonformit\u00e4t. <\/strong><br>Er garantiert im \u00dcbrigen die Risiko\u00fcberwachung und den guten Ruf der SICAV. Das Fachwissen seiner Mitglieder reicht von Finanzwesen \u00fcber Immobilienanlagen bis hin zu Compliance.<\/p>\n\n\n\n<div style=\"height:50px\" aria-hidden=\"true\" class=\"wp-block-spacer\"><\/div>\n\n\n\n<h3 class=\"wp-block-heading has-bordeaux-global-color has-text-color\" id=\"gouvernance\"><strong>Verwaltungsrat<\/strong><\/h3>\n\n\n\n<h4 class=\"wp-block-heading has-bordeaux-global-color has-text-color\">Der Verwaltungsrat von Comunus vereint das gesamte Spektrum an Kompetenzen, die zur Aus\u00fcbung seiner Funktion innerhalb der SICAV erforderlich sind.<\/h4>\n\n\n<div id=\"devsectorcustomposttypeteammanager-block_4459ff1f94f29f449b3b003937dc86b6\" class=\"devsectorcustomposttypeteammanager\">\n<!-- <div class=\"devsectorcustomposttypeteammanager-content\" data-aos=\"fade-up\"> -->\n<div class=\"devsectorcustomposttypeteammanager-content\">\n                  \n                <div class=\"devsectorcustomposttypeteammanager-title\"> \n                    <!--<div class=\"accordion-button-team collapsed\" type=\"button\" data-bs-toggle=\"collapse\" data-bs-target=\"#collapse-block_4459ff1f94f29f449b3b003937dc86b6\" aria-expanded=\"true\" aria-controls=\"collapseOne\">-->\n                    <div>\n                            <h4><\/h4>\n                    <\/div>\n                <\/div>\n                <div id=\"collapse-block_4459ff1f94f29f449b3b003937dc86b6\" class=\"accordion-collapse collapse show\">\n                \n                            <div  class=\"devsectorcustomposttypeteammanager-grid row\">          \n                                    \n                                        \n                                        <div class=\"devsectorcustomposttypeteammanager-item col-12 col-md-3\">\n                                            \n\n\n    <div class=\"card h-100 mb-3\">\n\n                                    \n                                    <div class=\"back-columns\">\n                                        <div data-bs-toggle=\"modal\" data-bs-target=\"#modal-devsectorcustomposttypeteammanager-block_4459ff1f94f29f449b3b003937dc86b6-1\">\n                                        <h3>Dominique Lustenberger<\/h3>\n                                                                                    <div class=\"devsectorcustomposttypeteammanager-item-role\">\n                                                Pr\u00e4sident                                            <\/div><!-- .devsectorcustomposttypeteammanager-item-line-->\n                                        \n                                        \n\n                                                                                                            <div class=\"devsectorcustomposttypeteammanager-description\">\n                                                                        <p>Der diplomierte B\u00fccherexperte Dominique Lustenberger war w\u00e4hrend \u00fcber 35 Jahren Partner von PwC &#8230;<\/p>\n                                                                    <\/div><!-- .devsectorcustomposttypeteammanager-description-->\n                                         \n\n\n                                        \n                                        \n                                       \n                                        \n                                        <\/div>\n\n                                        <div class=\"bottom-card d-flex justify-content-between align-items-center\">\n                                            <div class=\"contact-box\">\n      \n            <div class=\"devsectorcustomposttypeteammanager-contact-box-item-linkedin\">\n            <a href=\"https:\/\/www.linkedin.com\/in\/dominique-lustenberger-99108a40\" target=\"_blank\">\n            <svg id=\"Calque_2\" xmlns=\"http:\/\/www.w3.org\/2000\/svg\" height=\"1em\" viewBox=\"0 0 40.5 40.5\"><defs><style>.linkedinPath{fill:#915830;}<\/style><\/defs><g id=\"Calque_1-2\"><path class=\"linkedinPath\" d=\"m40.5,2.92v34.66c0,1.61-1.3,2.92-2.89,2.92H2.88c-1.59,0-2.88-1.31-2.88-2.92V2.92C0,1.31,1.29,0,2.88,0h34.73c1.59,0,2.89,1.31,2.89,2.92Zm-27.78,6.35c0-1.92-1.56-3.48-3.48-3.48s-3.48,1.56-3.48,3.48,1.56,3.48,3.48,3.48,3.48-1.55,3.48-3.48Zm-.47,25.45V15.39h-6.01v19.33h6.01Zm22.49-10.6c0-5.21-1.13-9.21-7.21-9.21-2.92,0-4.88,1.6-5.69,3.12h-.08v-2.64h-5.76v19.33h6v-9.56c0-2.52.48-4.96,3.61-4.96s3.12,2.88,3.12,5.13v9.4h6v-10.6Z\"\/><\/g><\/svg>\n            \n            <span>Linked<\/span>\n        <\/a>\n        <\/div><!-- .devsectorcustomposttypeteammanager-contact-box-item-->\n     \n<\/div>\n\n                                            <div class=\"read-more-links-box mt-auto\">\n                                                <div class=\"wp-block-buttons\">\n                                                    <div class=\"wp-block-button is-style-outline\">\n                                                        <a class=\"wp-block-button__link has-bordeaux -color has-text-color wp-element-button\" href=\"#!\" title=\"Comunus\" data-bs-toggle=\"modal\" data-bs-target=\"#modal-devsectorcustomposttypeteammanager-block_4459ff1f94f29f449b3b003937dc86b6-1\">\n                                                            <svg xmlns=\"http:\/\/www.w3.org\/2000\/svg\" width=\"18\" height=\"18\" viewBox=\"0 0 24 24\"><path d=\"M24 10h-10v-10h-4v10h-10v4h10v10h4v-10h10z\" fill=\"#9E3E2D\"\/><\/svg>\n                                                        <\/a>\n                                                    <\/div>\n                                                <\/div>\n                                            <\/div>\n\n                                        <\/div><!-- .bottom-card -->\n                                        \n\n                                        \n                                    <\/div>\n                     \n    <\/div><!-- card -->\n\n  \n    <div class=\"modal fade\" tabindex=\"-1\" id=\"modal-devsectorcustomposttypeteammanager-block_4459ff1f94f29f449b3b003937dc86b6-1\" aria-labelledby=\"exampleModalLabel\" aria-hidden=\"true\">\n                        <div class=\"modal-dialog modal-dialog-centered modal-xl\">\n                            <div class=\"modal-content\">\n\n                                <div class=\"inner\">\n                                    \n                                    <div class=\"back-columns-group modal-body\">\n                                        \n                                                                                    \n                                        <div class=\"back-columns\">\n                                            <div class=\"info\">\n                                                <h4>Dominique Lustenberger<\/h4>\n                                                                                                <div class=\"devsectorcustomposttypeteammanager-item-role\">\n                                                    Pr\u00e4sident                                                <\/div><!-- .devsectorcustomposttypeteammanager-item-line-->\n                                                                                        <\/div>\n                                            <div class=\"devsectorcustomposttypeteammanager-info\">\n                                            \n                                                \n                                                                    <div class=\"devsectorcustomposttypeteammanager-description\">\n                                                                    <!-- wp:paragraph {\"translatedWithWPMLTM\":\"1\"} -->\n<p>Der diplomierte B\u00fccherexperte Dominique Lustenberger war w\u00e4hrend \u00fcber 35 Jahren Partner von PwC und davon 16 Jahre f\u00fcr den Standort Lausanne zust\u00e4ndig. Derzeit sitzt er bei mehreren Immobiliengesellschaften im Verwaltungsrat.<\/p>\n<!-- \/wp:paragraph -->                                                                    <\/div><!-- .devsectorcustomposttypeteammanager-description-->\n                                            \n                                            <\/div><!-- devsectorcustomposttypeteammanager-info -->\n\n                                            <div class=\"contact-box\">\n      \n            <div class=\"devsectorcustomposttypeteammanager-contact-box-item-linkedin\">\n            <a href=\"https:\/\/www.linkedin.com\/in\/dominique-lustenberger-99108a40\" target=\"_blank\">\n            <svg id=\"Calque_2\" xmlns=\"http:\/\/www.w3.org\/2000\/svg\" height=\"1em\" viewBox=\"0 0 40.5 40.5\"><defs><style>.linkedinPath{fill:#915830;}<\/style><\/defs><g id=\"Calque_1-2\"><path class=\"linkedinPath\" d=\"m40.5,2.92v34.66c0,1.61-1.3,2.92-2.89,2.92H2.88c-1.59,0-2.88-1.31-2.88-2.92V2.92C0,1.31,1.29,0,2.88,0h34.73c1.59,0,2.89,1.31,2.89,2.92Zm-27.78,6.35c0-1.92-1.56-3.48-3.48-3.48s-3.48,1.56-3.48,3.48,1.56,3.48,3.48,3.48,3.48-1.55,3.48-3.48Zm-.47,25.45V15.39h-6.01v19.33h6.01Zm22.49-10.6c0-5.21-1.13-9.21-7.21-9.21-2.92,0-4.88,1.6-5.69,3.12h-.08v-2.64h-5.76v19.33h6v-9.56c0-2.52.48-4.96,3.61-4.96s3.12,2.88,3.12,5.13v9.4h6v-10.6Z\"\/><\/g><\/svg>\n            \n            <span>Linked<\/span>\n        <\/a>\n        <\/div><!-- .devsectorcustomposttypeteammanager-contact-box-item-->\n     \n<\/div>\n                                        <\/div>\n                                    <\/div><!-- back-columns-group -->\n                                    <div class=\"close-modal-cross\">\n                                                <label data-bs-dismiss=\"modal\">\n                                                    <i class=\"fa fa-times\" aria-hidden=\"true\"><\/i>\n                                                <\/label>\n                                    <\/div>\n                                <\/div><!-- inner -->\n                            <\/div><!-- modal-content -->\n                        <\/div><!-- modal-dialog -->\n    <\/div><!-- modal -->                                        <\/div><!--.devsectorcustomposttypeteammanager-itemaccordion-item  -->\n                                        \n                                        <div class=\"devsectorcustomposttypeteammanager-item col-12 col-md-3\">\n                                            \n\n\n    <div class=\"card h-100 mb-3\">\n\n                                    \n                                    <div class=\"back-columns\">\n                                        <div data-bs-toggle=\"modal\" data-bs-target=\"#modal-devsectorcustomposttypeteammanager-block_4459ff1f94f29f449b3b003937dc86b6-2\">\n                                        <h3>Giordano Coletti<\/h3>\n                                                                                    <div class=\"devsectorcustomposttypeteammanager-item-role\">\n                                                Mitglied des Verwaltungsrats                                            <\/div><!-- .devsectorcustomposttypeteammanager-item-line-->\n                                        \n                                        \n\n                                                                                                            <div class=\"devsectorcustomposttypeteammanager-description\">\n                                                                        <p>Durch seine vielf\u00e4ltigen Funktionen in Immobiliengesellschaften als Verwaltungsratsmitglied &#8230;<\/p>\n                                                                    <\/div><!-- .devsectorcustomposttypeteammanager-description-->\n                                         \n\n\n                                        \n                                        \n                                       \n                                        \n                                        <\/div>\n\n                                        <div class=\"bottom-card d-flex justify-content-between align-items-center\">\n                                            <div class=\"contact-box\">\n      \n            <div class=\"devsectorcustomposttypeteammanager-contact-box-item-linkedin\">\n            <a href=\"https:\/\/www.linkedin.com\/in\/giordano-coletti-67a0b38\" target=\"_blank\">\n            <svg id=\"Calque_2\" xmlns=\"http:\/\/www.w3.org\/2000\/svg\" height=\"1em\" viewBox=\"0 0 40.5 40.5\"><defs><style>.linkedinPath{fill:#915830;}<\/style><\/defs><g id=\"Calque_1-2\"><path class=\"linkedinPath\" d=\"m40.5,2.92v34.66c0,1.61-1.3,2.92-2.89,2.92H2.88c-1.59,0-2.88-1.31-2.88-2.92V2.92C0,1.31,1.29,0,2.88,0h34.73c1.59,0,2.89,1.31,2.89,2.92Zm-27.78,6.35c0-1.92-1.56-3.48-3.48-3.48s-3.48,1.56-3.48,3.48,1.56,3.48,3.48,3.48,3.48-1.55,3.48-3.48Zm-.47,25.45V15.39h-6.01v19.33h6.01Zm22.49-10.6c0-5.21-1.13-9.21-7.21-9.21-2.92,0-4.88,1.6-5.69,3.12h-.08v-2.64h-5.76v19.33h6v-9.56c0-2.52.48-4.96,3.61-4.96s3.12,2.88,3.12,5.13v9.4h6v-10.6Z\"\/><\/g><\/svg>\n            \n            <span>Linked<\/span>\n        <\/a>\n        <\/div><!-- .devsectorcustomposttypeteammanager-contact-box-item-->\n     \n<\/div>\n\n                                            <div class=\"read-more-links-box mt-auto\">\n                                                <div class=\"wp-block-buttons\">\n                                                    <div class=\"wp-block-button is-style-outline\">\n                                                        <a class=\"wp-block-button__link has-bordeaux -color has-text-color wp-element-button\" href=\"#!\" title=\"Comunus\" data-bs-toggle=\"modal\" data-bs-target=\"#modal-devsectorcustomposttypeteammanager-block_4459ff1f94f29f449b3b003937dc86b6-2\">\n                                                            <svg xmlns=\"http:\/\/www.w3.org\/2000\/svg\" width=\"18\" height=\"18\" viewBox=\"0 0 24 24\"><path d=\"M24 10h-10v-10h-4v10h-10v4h10v10h4v-10h10z\" fill=\"#9E3E2D\"\/><\/svg>\n                                                        <\/a>\n                                                    <\/div>\n                                                <\/div>\n                                            <\/div>\n\n                                        <\/div><!-- .bottom-card -->\n                                        \n\n                                        \n                                    <\/div>\n                     \n    <\/div><!-- card -->\n\n  \n    <div class=\"modal fade\" tabindex=\"-1\" id=\"modal-devsectorcustomposttypeteammanager-block_4459ff1f94f29f449b3b003937dc86b6-2\" aria-labelledby=\"exampleModalLabel\" aria-hidden=\"true\">\n                        <div class=\"modal-dialog modal-dialog-centered modal-xl\">\n                            <div class=\"modal-content\">\n\n                                <div class=\"inner\">\n                                    \n                                    <div class=\"back-columns-group modal-body\">\n                                        \n                                                                                    \n                                        <div class=\"back-columns\">\n                                            <div class=\"info\">\n                                                <h4>Giordano Coletti<\/h4>\n                                                                                                <div class=\"devsectorcustomposttypeteammanager-item-role\">\n                                                    Mitglied des Verwaltungsrats                                                <\/div><!-- .devsectorcustomposttypeteammanager-item-line-->\n                                                                                        <\/div>\n                                            <div class=\"devsectorcustomposttypeteammanager-info\">\n                                            \n                                                \n                                                                    <div class=\"devsectorcustomposttypeteammanager-description\">\n                                                                    <!-- wp:paragraph {\"translatedWithWPMLTM\":\"1\"} -->\n<p>Durch seine vielf\u00e4ltigen Funktionen in Immobiliengesellschaften als Verwaltungsratsmitglied, Wirtschaftspr\u00fcfer und Steuerexperte verf\u00fcgt Giordano Coletti \u00fcber mehr als 30 Jahre Erfahrung im Immobiliensektor. Seit 2003 leitet er ausserdem die Gruppe Fidexpert SA, die in den Bereichen Treuhanddienstleistungen, IT, Recht, Finanzierung und Personalwesen t\u00e4tig ist.<\/p>\n<!-- \/wp:paragraph -->                                                                    <\/div><!-- .devsectorcustomposttypeteammanager-description-->\n                                            \n                                            <\/div><!-- devsectorcustomposttypeteammanager-info -->\n\n                                            <div class=\"contact-box\">\n      \n            <div class=\"devsectorcustomposttypeteammanager-contact-box-item-linkedin\">\n            <a href=\"https:\/\/www.linkedin.com\/in\/giordano-coletti-67a0b38\" target=\"_blank\">\n            <svg id=\"Calque_2\" xmlns=\"http:\/\/www.w3.org\/2000\/svg\" height=\"1em\" viewBox=\"0 0 40.5 40.5\"><defs><style>.linkedinPath{fill:#915830;}<\/style><\/defs><g id=\"Calque_1-2\"><path class=\"linkedinPath\" d=\"m40.5,2.92v34.66c0,1.61-1.3,2.92-2.89,2.92H2.88c-1.59,0-2.88-1.31-2.88-2.92V2.92C0,1.31,1.29,0,2.88,0h34.73c1.59,0,2.89,1.31,2.89,2.92Zm-27.78,6.35c0-1.92-1.56-3.48-3.48-3.48s-3.48,1.56-3.48,3.48,1.56,3.48,3.48,3.48,3.48-1.55,3.48-3.48Zm-.47,25.45V15.39h-6.01v19.33h6.01Zm22.49-10.6c0-5.21-1.13-9.21-7.21-9.21-2.92,0-4.88,1.6-5.69,3.12h-.08v-2.64h-5.76v19.33h6v-9.56c0-2.52.48-4.96,3.61-4.96s3.12,2.88,3.12,5.13v9.4h6v-10.6Z\"\/><\/g><\/svg>\n            \n            <span>Linked<\/span>\n        <\/a>\n        <\/div><!-- .devsectorcustomposttypeteammanager-contact-box-item-->\n     \n<\/div>\n                                        <\/div>\n                                    <\/div><!-- back-columns-group -->\n                                    <div class=\"close-modal-cross\">\n                                                <label data-bs-dismiss=\"modal\">\n                                                    <i class=\"fa fa-times\" aria-hidden=\"true\"><\/i>\n                                                <\/label>\n                                    <\/div>\n                                <\/div><!-- inner -->\n                            <\/div><!-- modal-content -->\n                        <\/div><!-- modal-dialog -->\n    <\/div><!-- modal -->                                        <\/div><!--.devsectorcustomposttypeteammanager-itemaccordion-item  -->\n                                        \n                                        <div class=\"devsectorcustomposttypeteammanager-item col-12 col-md-3\">\n                                            \n\n\n    <div class=\"card h-100 mb-3\">\n\n                                    \n                                    <div class=\"back-columns\">\n                                        <div data-bs-toggle=\"modal\" data-bs-target=\"#modal-devsectorcustomposttypeteammanager-block_4459ff1f94f29f449b3b003937dc86b6-3\">\n                                        <h3>S\u00e9bastien Barrillier<\/h3>\n                                                                                    <div class=\"devsectorcustomposttypeteammanager-item-role\">\n                                                Mitglied des Verwaltungsrats                                            <\/div><!-- .devsectorcustomposttypeteammanager-item-line-->\n                                        \n                                        \n\n                                                                                                            <div class=\"devsectorcustomposttypeteammanager-description\">\n                                                                        <p>S\u00e9bastien Barrillier hat \u00fcber f\u00fcnfzehn Jahre Erfahrung in der Verm\u00f6gensverwaltung &#8230;<\/p>\n                                                                    <\/div><!-- .devsectorcustomposttypeteammanager-description-->\n                                         \n\n\n                                        \n                                        \n                                       \n                                        \n                                        <\/div>\n\n                                        <div class=\"bottom-card d-flex justify-content-between align-items-center\">\n                                            <div class=\"contact-box\">\n      \n            <div class=\"devsectorcustomposttypeteammanager-contact-box-item-linkedin\">\n            <a href=\"https:\/\/www.linkedin.com\/in\/s%C3%A9bastien-b-72494688\/\" target=\"_blank\">\n            <svg id=\"Calque_2\" xmlns=\"http:\/\/www.w3.org\/2000\/svg\" height=\"1em\" viewBox=\"0 0 40.5 40.5\"><defs><style>.linkedinPath{fill:#915830;}<\/style><\/defs><g id=\"Calque_1-2\"><path class=\"linkedinPath\" d=\"m40.5,2.92v34.66c0,1.61-1.3,2.92-2.89,2.92H2.88c-1.59,0-2.88-1.31-2.88-2.92V2.92C0,1.31,1.29,0,2.88,0h34.73c1.59,0,2.89,1.31,2.89,2.92Zm-27.78,6.35c0-1.92-1.56-3.48-3.48-3.48s-3.48,1.56-3.48,3.48,1.56,3.48,3.48,3.48,3.48-1.55,3.48-3.48Zm-.47,25.45V15.39h-6.01v19.33h6.01Zm22.49-10.6c0-5.21-1.13-9.21-7.21-9.21-2.92,0-4.88,1.6-5.69,3.12h-.08v-2.64h-5.76v19.33h6v-9.56c0-2.52.48-4.96,3.61-4.96s3.12,2.88,3.12,5.13v9.4h6v-10.6Z\"\/><\/g><\/svg>\n            \n            <span>Linked<\/span>\n        <\/a>\n        <\/div><!-- .devsectorcustomposttypeteammanager-contact-box-item-->\n     \n<\/div>\n\n                                            <div class=\"read-more-links-box mt-auto\">\n                                                <div class=\"wp-block-buttons\">\n                                                    <div class=\"wp-block-button is-style-outline\">\n                                                        <a class=\"wp-block-button__link has-bordeaux -color has-text-color wp-element-button\" href=\"#!\" title=\"Comunus\" data-bs-toggle=\"modal\" data-bs-target=\"#modal-devsectorcustomposttypeteammanager-block_4459ff1f94f29f449b3b003937dc86b6-3\">\n                                                            <svg xmlns=\"http:\/\/www.w3.org\/2000\/svg\" width=\"18\" height=\"18\" viewBox=\"0 0 24 24\"><path d=\"M24 10h-10v-10h-4v10h-10v4h10v10h4v-10h10z\" fill=\"#9E3E2D\"\/><\/svg>\n                                                        <\/a>\n                                                    <\/div>\n                                                <\/div>\n                                            <\/div>\n\n                                        <\/div><!-- .bottom-card -->\n                                        \n\n                                        \n                                    <\/div>\n                     \n    <\/div><!-- card -->\n\n  \n    <div class=\"modal fade\" tabindex=\"-1\" id=\"modal-devsectorcustomposttypeteammanager-block_4459ff1f94f29f449b3b003937dc86b6-3\" aria-labelledby=\"exampleModalLabel\" aria-hidden=\"true\">\n                        <div class=\"modal-dialog modal-dialog-centered modal-xl\">\n                            <div class=\"modal-content\">\n\n                                <div class=\"inner\">\n                                    \n                                    <div class=\"back-columns-group modal-body\">\n                                        \n                                                                                    \n                                        <div class=\"back-columns\">\n                                            <div class=\"info\">\n                                                <h4>S\u00e9bastien Barrillier<\/h4>\n                                                                                                <div class=\"devsectorcustomposttypeteammanager-item-role\">\n                                                    Mitglied des Verwaltungsrats                                                <\/div><!-- .devsectorcustomposttypeteammanager-item-line-->\n                                                                                        <\/div>\n                                            <div class=\"devsectorcustomposttypeteammanager-info\">\n                                            \n                                                \n                                                                    <div class=\"devsectorcustomposttypeteammanager-description\">\n                                                                    <!-- wp:paragraph {\"translatedWithWPMLTM\":\"1\"} -->\n<p>S\u00e9bastien Barrillier hat \u00fcber f\u00fcnfzehn Jahre Erfahrung in der Verm\u00f6gensverwaltung bei UBS AG Wealth Management und anschliessend bei der Bank Piguet Galland &amp; Cie gesammelt. Seit 2015 ber\u00e4t er als Finanzspezialist Private-Equity-Gesellschaften und betreut verschiedene.<\/p>\n<!-- \/wp:paragraph -->                                                                    <\/div><!-- .devsectorcustomposttypeteammanager-description-->\n                                            \n                                            <\/div><!-- devsectorcustomposttypeteammanager-info -->\n\n                                            <div class=\"contact-box\">\n      \n            <div class=\"devsectorcustomposttypeteammanager-contact-box-item-linkedin\">\n            <a href=\"https:\/\/www.linkedin.com\/in\/s%C3%A9bastien-b-72494688\/\" target=\"_blank\">\n            <svg id=\"Calque_2\" xmlns=\"http:\/\/www.w3.org\/2000\/svg\" height=\"1em\" viewBox=\"0 0 40.5 40.5\"><defs><style>.linkedinPath{fill:#915830;}<\/style><\/defs><g id=\"Calque_1-2\"><path class=\"linkedinPath\" d=\"m40.5,2.92v34.66c0,1.61-1.3,2.92-2.89,2.92H2.88c-1.59,0-2.88-1.31-2.88-2.92V2.92C0,1.31,1.29,0,2.88,0h34.73c1.59,0,2.89,1.31,2.89,2.92Zm-27.78,6.35c0-1.92-1.56-3.48-3.48-3.48s-3.48,1.56-3.48,3.48,1.56,3.48,3.48,3.48,3.48-1.55,3.48-3.48Zm-.47,25.45V15.39h-6.01v19.33h6.01Zm22.49-10.6c0-5.21-1.13-9.21-7.21-9.21-2.92,0-4.88,1.6-5.69,3.12h-.08v-2.64h-5.76v19.33h6v-9.56c0-2.52.48-4.96,3.61-4.96s3.12,2.88,3.12,5.13v9.4h6v-10.6Z\"\/><\/g><\/svg>\n            \n            <span>Linked<\/span>\n        <\/a>\n        <\/div><!-- .devsectorcustomposttypeteammanager-contact-box-item-->\n     \n<\/div>\n                                        <\/div>\n                                    <\/div><!-- back-columns-group -->\n                                    <div class=\"close-modal-cross\">\n                                                <label data-bs-dismiss=\"modal\">\n                                                    <i class=\"fa fa-times\" aria-hidden=\"true\"><\/i>\n                                                <\/label>\n                                    <\/div>\n                                <\/div><!-- inner -->\n                            <\/div><!-- modal-content -->\n                        <\/div><!-- modal-dialog -->\n    <\/div><!-- modal -->                                        <\/div><!--.devsectorcustomposttypeteammanager-itemaccordion-item  -->\n                                        \n                                        <div class=\"devsectorcustomposttypeteammanager-item col-12 col-md-3\">\n                                            \n\n\n    <div class=\"card h-100 mb-3\">\n\n                                    \n                                    <div class=\"back-columns\">\n                                        <div data-bs-toggle=\"modal\" data-bs-target=\"#modal-devsectorcustomposttypeteammanager-block_4459ff1f94f29f449b3b003937dc86b6-4\">\n                                        <h3>Francis Kahn<\/h3>\n                                                                                    <div class=\"devsectorcustomposttypeteammanager-item-role\">\n                                                Mitglied des Verwaltungsrats                                            <\/div><!-- .devsectorcustomposttypeteammanager-item-line-->\n                                        \n                                        \n\n                                                                                                            <div class=\"devsectorcustomposttypeteammanager-description\">\n                                                                        <p>Herr Kahn ist ein Spezialist f\u00fcr Verm\u00f6gensverwaltung und&#8230;<\/p>\n                                                                    <\/div><!-- .devsectorcustomposttypeteammanager-description-->\n                                         \n\n\n                                        \n                                        \n                                       \n                                        \n                                        <\/div>\n\n                                        <div class=\"bottom-card d-flex justify-content-between align-items-center\">\n                                            <div class=\"contact-box\">\n      \n     \n<\/div>\n\n                                            <div class=\"read-more-links-box mt-auto\">\n                                                <div class=\"wp-block-buttons\">\n                                                    <div class=\"wp-block-button is-style-outline\">\n                                                        <a class=\"wp-block-button__link has-bordeaux -color has-text-color wp-element-button\" href=\"#!\" title=\"Comunus\" data-bs-toggle=\"modal\" data-bs-target=\"#modal-devsectorcustomposttypeteammanager-block_4459ff1f94f29f449b3b003937dc86b6-4\">\n                                                            <svg xmlns=\"http:\/\/www.w3.org\/2000\/svg\" width=\"18\" height=\"18\" viewBox=\"0 0 24 24\"><path d=\"M24 10h-10v-10h-4v10h-10v4h10v10h4v-10h10z\" fill=\"#9E3E2D\"\/><\/svg>\n                                                        <\/a>\n                                                    <\/div>\n                                                <\/div>\n                                            <\/div>\n\n                                        <\/div><!-- .bottom-card -->\n                                        \n\n                                        \n                                    <\/div>\n                     \n    <\/div><!-- card -->\n\n  \n    <div class=\"modal fade\" tabindex=\"-1\" id=\"modal-devsectorcustomposttypeteammanager-block_4459ff1f94f29f449b3b003937dc86b6-4\" aria-labelledby=\"exampleModalLabel\" aria-hidden=\"true\">\n                        <div class=\"modal-dialog modal-dialog-centered modal-xl\">\n                            <div class=\"modal-content\">\n\n                                <div class=\"inner\">\n                                    \n                                    <div class=\"back-columns-group modal-body\">\n                                        \n                                                                                    \n                                        <div class=\"back-columns\">\n                                            <div class=\"info\">\n                                                <h4>Francis Kahn<\/h4>\n                                                                                                <div class=\"devsectorcustomposttypeteammanager-item-role\">\n                                                    Mitglied des Verwaltungsrats                                                <\/div><!-- .devsectorcustomposttypeteammanager-item-line-->\n                                                                                        <\/div>\n                                            <div class=\"devsectorcustomposttypeteammanager-info\">\n                                            \n                                                \n                                                                    <div class=\"devsectorcustomposttypeteammanager-description\">\n                                                                    <!-- wp:paragraph {\"translatedWithWPMLTM\":\"1\"} -->\n<p>Herr Kahn ist ein Spezialist f\u00fcr Verm\u00f6gensverwaltung und verf\u00fcgt \u00fcber langj\u00e4hrige und solide Erfahrung in den Bereichen Verm\u00f6gensverwaltung und Finanzplanung. <\/p>\n<!-- \/wp:paragraph --><!-- wp:paragraph {\"translatedWithWPMLTM\":\"1\"} -->\n<p>Nach einer multidisziplin\u00e4ren Ausbildung in Frankreich in Wirtschaft, Recht, Steuern, Wirtschaftspr\u00fcfung und Sc.Po Paris begann er seine Karriere im Ingenieurwesen und unterrichtete gleichzeitig an mehreren Universit\u00e4ten und Grandes Ecoles. Danach wechselte er in die Welt der Marktfinanzierung und leitete eine Privatbank in Z\u00fcrich mit, bevor er Kahn &amp; Cie Financial Experts SA gr\u00fcndete, ein Unternehmen, das auf Verm\u00f6gensverwaltung und Finanzplanung spezialisiert ist. Parallel dazu gr\u00fcndete Herr Khan Bank- und Finanzausbildungszentren am Standort Genf, die Mitarbeiter von 52 Banken, Pensionskassen und Versicherungen ausbilden.   <\/p>\n<!-- \/wp:paragraph -->                                                                    <\/div><!-- .devsectorcustomposttypeteammanager-description-->\n                                            \n                                            <\/div><!-- devsectorcustomposttypeteammanager-info -->\n\n                                            <div class=\"contact-box\">\n      \n     \n<\/div>\n                                        <\/div>\n                                    <\/div><!-- back-columns-group -->\n                                    <div class=\"close-modal-cross\">\n                                                <label data-bs-dismiss=\"modal\">\n                                                    <i class=\"fa fa-times\" aria-hidden=\"true\"><\/i>\n                                                <\/label>\n                                    <\/div>\n                                <\/div><!-- inner -->\n                            <\/div><!-- modal-content -->\n                        <\/div><!-- modal-dialog -->\n    <\/div><!-- modal -->                                        <\/div><!--.devsectorcustomposttypeteammanager-itemaccordion-item  -->\n                                        \n                                        <div class=\"devsectorcustomposttypeteammanager-item col-12 col-md-3\">\n                                            \n\n\n    <div class=\"card h-100 mb-3\">\n\n                                    \n                                    <div class=\"back-columns\">\n                                        <div data-bs-toggle=\"modal\" data-bs-target=\"#modal-devsectorcustomposttypeteammanager-block_4459ff1f94f29f449b3b003937dc86b6-5\">\n                                        <h3>Simona Terranova<\/h3>\n                                                                                    <div class=\"devsectorcustomposttypeteammanager-item-role\">\n                                                Mitglied des Verwaltungsrats                                            <\/div><!-- .devsectorcustomposttypeteammanager-item-line-->\n                                        \n                                        \n\n                                                                                                            <div class=\"devsectorcustomposttypeteammanager-description\">\n                                                                        <p>Gr\u00fcnderin von MT Finance (Schweiz) SA, Simona Terranova ist Spezialistin f\u00fcr Asset Management und Expertin f\u00fcr die Regulierung des Finanzsektors&#8230;<\/p>\n                                                                    <\/div><!-- .devsectorcustomposttypeteammanager-description-->\n                                         \n\n\n                                        \n                                        \n                                       \n                                        \n                                        <\/div>\n\n                                        <div class=\"bottom-card d-flex justify-content-between align-items-center\">\n                                            <div class=\"contact-box\">\n      \n            <div class=\"devsectorcustomposttypeteammanager-contact-box-item-linkedin\">\n            <a href=\"https:\/\/www.linkedin.com\/in\/simona-terranova-47b1a919\/\" target=\"_blank\">\n            <svg id=\"Calque_2\" xmlns=\"http:\/\/www.w3.org\/2000\/svg\" height=\"1em\" viewBox=\"0 0 40.5 40.5\"><defs><style>.linkedinPath{fill:#915830;}<\/style><\/defs><g id=\"Calque_1-2\"><path class=\"linkedinPath\" d=\"m40.5,2.92v34.66c0,1.61-1.3,2.92-2.89,2.92H2.88c-1.59,0-2.88-1.31-2.88-2.92V2.92C0,1.31,1.29,0,2.88,0h34.73c1.59,0,2.89,1.31,2.89,2.92Zm-27.78,6.35c0-1.92-1.56-3.48-3.48-3.48s-3.48,1.56-3.48,3.48,1.56,3.48,3.48,3.48,3.48-1.55,3.48-3.48Zm-.47,25.45V15.39h-6.01v19.33h6.01Zm22.49-10.6c0-5.21-1.13-9.21-7.21-9.21-2.92,0-4.88,1.6-5.69,3.12h-.08v-2.64h-5.76v19.33h6v-9.56c0-2.52.48-4.96,3.61-4.96s3.12,2.88,3.12,5.13v9.4h6v-10.6Z\"\/><\/g><\/svg>\n            \n            <span>Linked<\/span>\n        <\/a>\n        <\/div><!-- .devsectorcustomposttypeteammanager-contact-box-item-->\n     \n<\/div>\n\n                                            <div class=\"read-more-links-box mt-auto\">\n                                                <div class=\"wp-block-buttons\">\n                                                    <div class=\"wp-block-button is-style-outline\">\n                                                        <a class=\"wp-block-button__link has-bordeaux -color has-text-color wp-element-button\" href=\"#!\" title=\"Comunus\" data-bs-toggle=\"modal\" data-bs-target=\"#modal-devsectorcustomposttypeteammanager-block_4459ff1f94f29f449b3b003937dc86b6-5\">\n                                                            <svg xmlns=\"http:\/\/www.w3.org\/2000\/svg\" width=\"18\" height=\"18\" viewBox=\"0 0 24 24\"><path d=\"M24 10h-10v-10h-4v10h-10v4h10v10h4v-10h10z\" fill=\"#9E3E2D\"\/><\/svg>\n                                                        <\/a>\n                                                    <\/div>\n                                                <\/div>\n                                            <\/div>\n\n                                        <\/div><!-- .bottom-card -->\n                                        \n\n                                        \n                                    <\/div>\n                     \n    <\/div><!-- card -->\n\n  \n    <div class=\"modal fade\" tabindex=\"-1\" id=\"modal-devsectorcustomposttypeteammanager-block_4459ff1f94f29f449b3b003937dc86b6-5\" aria-labelledby=\"exampleModalLabel\" aria-hidden=\"true\">\n                        <div class=\"modal-dialog modal-dialog-centered modal-xl\">\n                            <div class=\"modal-content\">\n\n                                <div class=\"inner\">\n                                    \n                                    <div class=\"back-columns-group modal-body\">\n                                        \n                                                                                    \n                                        <div class=\"back-columns\">\n                                            <div class=\"info\">\n                                                <h4>Simona Terranova<\/h4>\n                                                                                                <div class=\"devsectorcustomposttypeteammanager-item-role\">\n                                                    Mitglied des Verwaltungsrats                                                <\/div><!-- .devsectorcustomposttypeteammanager-item-line-->\n                                                                                        <\/div>\n                                            <div class=\"devsectorcustomposttypeteammanager-info\">\n                                            \n                                                \n                                                                    <div class=\"devsectorcustomposttypeteammanager-description\">\n                                                                    <!-- wp:paragraph {\"translatedWithWPMLTM\":\"1\"} -->\n<p>Gr\u00fcnderin von MT Finance (Schweiz) SA, Simona Terranova ist Spezialistin f\u00fcr Asset Management und Expertin f\u00fcr die Regulierung des Finanzsektors. Simona arbeitete \u00fcber 20 Jahre in der Wirtschaftspr\u00fcfung bei PwC und Deloitte, wo sie zur Partnerin ernannt wurde. Sie war leitende Pr\u00fcferin f\u00fcr zahlreiche Finanzinstitute.   <\/p>\n<!-- \/wp:paragraph --><!-- wp:paragraph -->\n<p><\/p>\n<!-- \/wp:paragraph -->                                                                    <\/div><!-- .devsectorcustomposttypeteammanager-description-->\n                                            \n                                            <\/div><!-- devsectorcustomposttypeteammanager-info -->\n\n                                            <div class=\"contact-box\">\n      \n            <div class=\"devsectorcustomposttypeteammanager-contact-box-item-linkedin\">\n            <a href=\"https:\/\/www.linkedin.com\/in\/simona-terranova-47b1a919\/\" target=\"_blank\">\n            <svg id=\"Calque_2\" xmlns=\"http:\/\/www.w3.org\/2000\/svg\" height=\"1em\" viewBox=\"0 0 40.5 40.5\"><defs><style>.linkedinPath{fill:#915830;}<\/style><\/defs><g id=\"Calque_1-2\"><path class=\"linkedinPath\" d=\"m40.5,2.92v34.66c0,1.61-1.3,2.92-2.89,2.92H2.88c-1.59,0-2.88-1.31-2.88-2.92V2.92C0,1.31,1.29,0,2.88,0h34.73c1.59,0,2.89,1.31,2.89,2.92Zm-27.78,6.35c0-1.92-1.56-3.48-3.48-3.48s-3.48,1.56-3.48,3.48,1.56,3.48,3.48,3.48,3.48-1.55,3.48-3.48Zm-.47,25.45V15.39h-6.01v19.33h6.01Zm22.49-10.6c0-5.21-1.13-9.21-7.21-9.21-2.92,0-4.88,1.6-5.69,3.12h-.08v-2.64h-5.76v19.33h6v-9.56c0-2.52.48-4.96,3.61-4.96s3.12,2.88,3.12,5.13v9.4h6v-10.6Z\"\/><\/g><\/svg>\n            \n            <span>Linked<\/span>\n        <\/a>\n        <\/div><!-- .devsectorcustomposttypeteammanager-contact-box-item-->\n     \n<\/div>\n                                        <\/div>\n                                    <\/div><!-- back-columns-group -->\n                                    <div class=\"close-modal-cross\">\n                                                <label data-bs-dismiss=\"modal\">\n                                                    <i class=\"fa fa-times\" aria-hidden=\"true\"><\/i>\n                                                <\/label>\n                                    <\/div>\n                                <\/div><!-- inner -->\n                            <\/div><!-- modal-content -->\n                        <\/div><!-- modal-dialog -->\n    <\/div><!-- modal -->                                        <\/div><!--.devsectorcustomposttypeteammanager-itemaccordion-item  -->\n                                                            \n                        <\/div><!-- .devsectorcustomposttypeteammanager-grid -->\n                <\/div><!-- accordion -->\n        \n          \n<\/div> <!-- .devsectorcustomposttypeteammanager-content --> \n<\/div><!-- .devsectorcustomposttypeteammanager -->\n\n\n\n\n\n<section class=\"wp-block-cover alignfull is-light\" id=\"valeurs\"><span aria-hidden=\"true\" class=\"wp-block-cover__background has-orange-global-background-color has-background-dim-100 has-background-dim\"><\/span><div class=\"wp-block-cover__inner-container is-layout-constrained wp-block-cover-is-layout-constrained\">\n<h1 class=\"wp-block-heading has-white-global-color has-text-color\">Mission<\/h1>\n\n\n\n<h3 class=\"wp-block-heading has-eggshell-global-color has-text-color\"><strong>Performance, Sorgfalt und Verantwortung<\/strong><\/h3>\n\n\n\n<h4 class=\"wp-block-heading has-white-global-color has-text-color\">Unsere Mission ist es, unseren Aktion\u00e4rinnen und Aktion\u00e4ren eine starke Performance zu bieten und dabei einen verantwortungsbewussten und nachhaltigen Ansatz sowohl bei der Verwaltung unseres Immobilienportfolios als auch bei unserer Unternehmensf\u00fchrung und unseren Beziehungen zu den verschiedenen Stakeholdern zu verfolgen.<\/h4>\n\n\n\n<p class=\"has-white-global-color has-text-color\">Wir zielen darauf ab, in \u00dcbereinstimmung mit unseren Werten ein stabiles Ertragswachstum und Kapitalgewinne f\u00fcr unsere Aktion\u00e4rinnen und Aktion\u00e4re zu erzielen, indem wir in Liegenschaften mit einem mittelfristigen Wertsteigerungspotenzial investieren.<\/p>\n\n\n\n<p class=\"has-white-global-color has-text-color\">Ganz im Zeichen des Fondsnamens Comunus, der seinen Ursprung im franz\u00f6sischen \u00abcommun\u00bb (gemeinsam) hat, setzen wir auf den stetigen Dialog mit all unseren Stakeholdern. Wir profilieren uns als Immobilienfonds mit einer sorgf\u00e4ltigen, transparenten und fairen Verwaltung, die den finanziellen Aspekten Rechnung tr\u00e4gt und gleichzeitig den Fokus auf die lokale Einbindung, die Zufriedenheit der Mietenden und die Sanierung des Immobilienbestands legt.<\/p>\n<\/div><\/section>\n\n\n\n<h1 class=\"wp-block-heading\">Werte<\/h1>\n\n\n\n<h4 class=\"wp-block-heading has-bordeaux-global-color has-text-color\">Unsere Verantwortung gegen\u00fcber unseren Mietenden und Gesch\u00e4ftspartnern ist in soliden Werten und moralischen Grunds\u00e4tzen verankert.<\/h4>\n\n\n\n<div style=\"height:25px\" aria-hidden=\"true\" class=\"wp-block-spacer\"><\/div>\n\n\n\n<div class=\"wp-block-columns is-layout-flex wp-container-core-columns-is-layout-9d6595d7 wp-block-columns-is-layout-flex\">\n<div class=\"wp-block-column is-layout-flow wp-block-column-is-layout-flow\"><div class=\"wp-block-image\">\n<figure class=\"aligncenter size-large is-resized\"><img loading=\"lazy\" decoding=\"async\" width=\"50\" height=\"50\" src=\"https:\/\/comunus.ch\/wp-content\/uploads\/2023\/08\/icon-respect-yellow.svg\" alt=\"\" class=\"wp-image-2056\" style=\"object-fit:cover;width:150px;height:150px\"\/><\/figure>\n<\/div>\n\n\n<div style=\"height:20px\" aria-hidden=\"true\" class=\"wp-block-spacer\"><\/div>\n\n\n\n<h3 class=\"wp-block-heading has-text-align-center\" style=\"font-size:28px\">Respekt<\/h3>\n\n\n\n<p class=\"has-text-align-center\">Wir pflegen ein Arbeitsumfeld, in dem alle mit Fairness und W\u00fcrde behandelt werden. Es ist uns wichtig, unsere Stakeholder in die Entscheidungen, die sie betreffen, einzubeziehen.<\/p>\n<\/div>\n\n\n\n<div class=\"wp-block-column is-layout-flow wp-block-column-is-layout-flow\"><div class=\"wp-block-image\">\n<figure class=\"aligncenter size-large is-resized\"><img loading=\"lazy\" decoding=\"async\" width=\"50\" height=\"50\" src=\"https:\/\/comunus.ch\/wp-content\/uploads\/2023\/08\/icon-performance-yellow.svg\" alt=\"\" class=\"wp-image-2054\" style=\"object-fit:cover;width:150px;height:150px\"\/><\/figure>\n<\/div>\n\n\n<div style=\"height:20px\" aria-hidden=\"true\" class=\"wp-block-spacer\"><\/div>\n\n\n\n<h3 class=\"wp-block-heading has-text-align-center\" style=\"font-size:28px\"><strong>Performance<\/strong><\/h3>\n\n\n\n<p class=\"has-text-align-center\">Wir haben zum Ziel, attraktive Renditen f\u00fcr die Anlegerinnen und Anleger zu erwirtschaften, w\u00e4hrend wir gleichzeitig auf die Qualit\u00e4t unserer Immobilien achten sowie die Auswirkungen unserer Handlungen auf die Umwelt begrenzen. Wir streben ein langfristiges Wachstum an.<\/p>\n<\/div>\n\n\n\n<div class=\"wp-block-column is-layout-flow wp-block-column-is-layout-flow\"><div class=\"wp-block-image\">\n<figure class=\"aligncenter size-large is-resized\"><img loading=\"lazy\" decoding=\"async\" width=\"50\" height=\"50\" src=\"https:\/\/comunus.ch\/wp-content\/uploads\/2023\/08\/icon-excellence-yellow.svg\" alt=\"\" class=\"wp-image-2057\" style=\"object-fit:cover;width:150px;height:150px\"\/><\/figure>\n<\/div>\n\n\n<div style=\"height:20px\" aria-hidden=\"true\" class=\"wp-block-spacer\"><\/div>\n\n\n\n<h3 class=\"wp-block-heading has-text-align-center\" style=\"font-size:28px\"><strong>Exzellenz<\/strong><\/h3>\n\n\n\n<p class=\"has-text-align-center\">Wir haben den Anspruch, qualitativ hochwertige Arbeit zu leisten, die Erwartungen unserer Anlegerinnen und Anleger zu \u00fcbertreffen und so den Erfolg unserer Gesch\u00e4ftst\u00e4tigkeit dauerhaft zu sichern.<\/p>\n<\/div>\n<\/div>\n\n\n\n<div style=\"height:100px\" aria-hidden=\"true\" class=\"wp-block-spacer\"><\/div>\n\n\n\n<div class=\"wp-block-media-text alignfull is-stacked-on-mobile is-image-fill-element has-eggshell-global-background-color has-background\" id=\"du\"><figure class=\"wp-block-media-text__media\"><img loading=\"lazy\" decoding=\"async\" width=\"667\" height=\"1000\" src=\"https:\/\/comunus.ch\/wp-content\/uploads\/2023\/08\/Comunus_EMS-Rosiers_Brent_Blonay_230717_167-web.jpg\" alt=\"\" class=\"wp-image-2390 size-full\" style=\"object-position:51% 22%\" srcset=\"https:\/\/comunus.ch\/wp-content\/uploads\/2023\/08\/Comunus_EMS-Rosiers_Brent_Blonay_230717_167-web.jpg 667w, https:\/\/comunus.ch\/wp-content\/uploads\/2023\/08\/Comunus_EMS-Rosiers_Brent_Blonay_230717_167-web-660x990.jpg 660w\" sizes=\"auto, (max-width: 667px) 100vw, 667px\" \/><\/figure><div class=\"wp-block-media-text__content\">\n<div style=\"height:50px\" aria-hidden=\"true\" class=\"wp-block-spacer\"><\/div>\n\n\n\n<h1 class=\"wp-block-heading has-logo-color-color has-text-color\" id=\"durabilite\">Nachhaltigkeit<\/h1>\n\n\n\n<h4 class=\"wp-block-heading has-bordeaux-global-color has-text-color\"><strong>Unser ethischer Ansatz beruht auf dem Respekt zuk\u00fcnftiger Generationen<\/strong><\/h4>\n\n\n\n<p>Comunus ist \u00fcberzeugt, dass es von grundlegender Bedeutung ist, ein Immobilienportfolio nachhaltig zu verwalten und dabei Aspekte betreffend Umwelt, Gesellschaft und Unternehmensf\u00fchrung im Rahmen einer ESG-Strategie zu ber\u00fccksichtigen.<\/p>\n\n\n\n<p>Deshalb handeln wir nach ethischen Grunds\u00e4tzen, die zuk\u00fcnftige Generationen respektieren. F\u00fcr unsere SICAV ist das Thema Nachhaltigkeit zugleich eine Pflicht, eine Herausforderung und eine Chance.<\/p>\n\n\n\n<div style=\"height:20px\" aria-hidden=\"true\" class=\"wp-block-spacer\"><\/div>\n\n\n\n<div class=\"wp-block-buttons is-layout-flex wp-block-buttons-is-layout-flex\">\n<div class=\"wp-block-button is-style-outline is-style-outline--1\"><a class=\"wp-block-button__link has-white-global-color has-text-color wp-element-button\" href=\"https:\/\/comunus.ch\/de\/nachhaltigkeit\/\">Unsere Nachhaltigkeitsstrategie<\/a><\/div>\n<\/div>\n\n\n\n<div style=\"height:50px\" aria-hidden=\"true\" class=\"wp-block-spacer\"><\/div>\n<\/div><\/div>\n\n\n\n<div class=\"wp-block-media-text alignfull is-stacked-on-mobile has-eggshell-global-background-color has-background\" id=\"du\"><figure class=\"wp-block-media-text__media\"><img loading=\"lazy\" decoding=\"async\" width=\"1320\" height=\"1320\" src=\"https:\/\/comunus.ch\/wp-content\/uploads\/2023\/09\/favicon-1-1320x1320.png\" alt=\"\" class=\"wp-image-2709 size-full\" srcset=\"https:\/\/comunus.ch\/wp-content\/uploads\/2023\/09\/favicon-1-1320x1320.png 1320w, https:\/\/comunus.ch\/wp-content\/uploads\/2023\/09\/favicon-1-660x660.png 660w, https:\/\/comunus.ch\/wp-content\/uploads\/2023\/09\/favicon-1-150x150.png 150w, https:\/\/comunus.ch\/wp-content\/uploads\/2023\/09\/favicon-1-768x768.png 768w, https:\/\/comunus.ch\/wp-content\/uploads\/2023\/09\/favicon-1-600x600.png 600w, https:\/\/comunus.ch\/wp-content\/uploads\/2023\/09\/favicon-1-1536x1536.png 1536w, https:\/\/comunus.ch\/wp-content\/uploads\/2023\/09\/favicon-1-2048x2048.png 2048w\" sizes=\"auto, (max-width: 1320px) 100vw, 1320px\" \/><\/figure><div class=\"wp-block-media-text__content\">\n<h1 class=\"wp-block-heading has-logo-color-color has-text-color\" id=\"durabilite\">B\u00f6rsenkotierung an der Schweizer B\u00f6rse (SIX)<\/h1>\n\n\n\n<h4 class=\"wp-block-heading has-bordeaux-global-color has-text-color\"><strong><strong>Erfolgreiche Kotierung an der B\u00f6rse<\/strong> <\/strong><\/h4>\n\n\n\n<p>Comunus SICAV wurde im Oktober 2025 an der SIX Swiss Exchange kotiert. Damit wurde der Abschluss von mehr als zehn Jahren disziplinierter Arbeit zur Entwicklung eines robusten Immobilienportfolios in der Romandie erreicht.<\/p>\n\n\n\n<p>Die Kotierung stellt einen wichtigen Entwicklungsschritt f\u00fcr Comunus SICAV dar. Sie st\u00e4rkt den Zugang zu den Kapitalm\u00e4rkten zur Unterst\u00fctzung der weiteren Wachstumsstrategie, w\u00e4hrend der Kernansatz des Fonds gewahrt bleibt: die enge operative N\u00e4he zu den Verm\u00f6genswerten sowie die nachgewiesene F\u00e4higkeit, durch aktives Asset Management und gezielte Renovationen nachhaltig Wert zu schaffen.<\/p>\n\n\n\n<p><strong>ISIN : CH0200600911<\/strong><\/p>\n\n\n\n<p><strong>Symbol : CMUS<\/strong><\/p>\n\n\n\n<div style=\"height:20px\" aria-hidden=\"true\" class=\"wp-block-spacer\"><\/div>\n\n\n\n<div class=\"wp-block-buttons is-layout-flex wp-block-buttons-is-layout-flex\">\n<div class=\"wp-block-button is-style-outline is-style-outline--2\"><a class=\"wp-block-button__link has-white-global-color has-text-color wp-element-button\" href=\"https:\/\/www.six-group.com\/de\/market-data\/mutual-funds\/fund-explorer\/fund-detail.CH0200600911CHF4.html#\/\" target=\"_blank\" rel=\"noreferrer noopener\">March\u00e9 : CMUS &#8211; SIX Exchange regulation<\/a><\/div>\n<\/div>\n\n\n\n<div style=\"height:50px\" aria-hidden=\"true\" class=\"wp-block-spacer\"><\/div>\n<\/div><\/div>\n","protected":false},"excerpt":{"rendered":"<p>Ein verantwortungsvolles Anlagevehikel Die Comunus SICAV ist ein von der Eidgen\u00f6ssischen Finanzmarktaufsicht FINMA bewilligter Immobilienfonds nach schweizerischem Recht. Es handelt [&hellip;]<\/p>\n","protected":false},"author":1,"featured_media":0,"parent":0,"menu_order":0,"comment_status":"closed","ping_status":"closed","template":"","meta":{"_acf_changed":false,"footnotes":""},"class_list":["post-3309","page","type-page","status-publish","hentry"],"acf":[],"yoast_head":"<!-- This site is optimized with the Yoast SEO plugin v27.4 - https:\/\/yoast.com\/product\/yoast-seo-wordpress\/ -->\n<title>Comunus - Comunus<\/title>\n<meta name=\"robots\" content=\"index, follow, max-snippet:-1, max-image-preview:large, max-video-preview:-1\" \/>\n<link rel=\"canonical\" href=\"https:\/\/comunus.ch\/de\/comunus\/\" \/>\n<meta property=\"og:locale\" content=\"de_DE\" \/>\n<meta property=\"og:type\" content=\"article\" \/>\n<meta property=\"og:title\" content=\"Comunus - Comunus\" \/>\n<meta property=\"og:description\" content=\"Ein verantwortungsvolles Anlagevehikel Die Comunus SICAV ist ein von der Eidgen\u00f6ssischen Finanzmarktaufsicht FINMA bewilligter Immobilienfonds nach schweizerischem Recht. Es handelt [&hellip;]\" \/>\n<meta property=\"og:url\" content=\"https:\/\/comunus.ch\/de\/comunus\/\" \/>\n<meta property=\"og:site_name\" content=\"Comunus\" \/>\n<meta property=\"article:modified_time\" content=\"2026-02-09T10:06:50+00:00\" \/>\n<meta property=\"og:image\" content=\"https:\/\/comunus.ch\/wp-content\/uploads\/2023\/09\/DSC07949_Ret.jpg\" \/>\n\t<meta property=\"og:image:width\" content=\"1497\" \/>\n\t<meta property=\"og:image:height\" content=\"1000\" \/>\n\t<meta property=\"og:image:type\" content=\"image\/jpeg\" \/>\n<meta name=\"twitter:card\" content=\"summary_large_image\" \/>\n<meta name=\"twitter:label1\" content=\"Gesch\u00e4tzte Lesezeit\" \/>\n\t<meta name=\"twitter:data1\" content=\"5\u00a0Minuten\" \/>\n<script type=\"application\/ld+json\" class=\"yoast-schema-graph\">{\"@context\":\"https:\\\/\\\/schema.org\",\"@graph\":[{\"@type\":\"WebPage\",\"@id\":\"https:\\\/\\\/comunus.ch\\\/de\\\/comunus\\\/\",\"url\":\"https:\\\/\\\/comunus.ch\\\/de\\\/comunus\\\/\",\"name\":\"Comunus - Comunus\",\"isPartOf\":{\"@id\":\"https:\\\/\\\/comunus.ch\\\/#website\"},\"primaryImageOfPage\":{\"@id\":\"https:\\\/\\\/comunus.ch\\\/de\\\/comunus\\\/#primaryimage\"},\"image\":{\"@id\":\"https:\\\/\\\/comunus.ch\\\/de\\\/comunus\\\/#primaryimage\"},\"thumbnailUrl\":\"https:\\\/\\\/comunus.ch\\\/wp-content\\\/uploads\\\/2024\\\/01\\\/comunus-scheme-DE-1.svg\",\"datePublished\":\"2020-09-09T15:18:06+00:00\",\"dateModified\":\"2026-02-09T10:06:50+00:00\",\"breadcrumb\":{\"@id\":\"https:\\\/\\\/comunus.ch\\\/de\\\/comunus\\\/#breadcrumb\"},\"inLanguage\":\"de\",\"potentialAction\":[{\"@type\":\"ReadAction\",\"target\":[\"https:\\\/\\\/comunus.ch\\\/de\\\/comunus\\\/\"]}]},{\"@type\":\"ImageObject\",\"inLanguage\":\"de\",\"@id\":\"https:\\\/\\\/comunus.ch\\\/de\\\/comunus\\\/#primaryimage\",\"url\":\"https:\\\/\\\/comunus.ch\\\/wp-content\\\/uploads\\\/2024\\\/01\\\/comunus-scheme-DE-1.svg\",\"contentUrl\":\"https:\\\/\\\/comunus.ch\\\/wp-content\\\/uploads\\\/2024\\\/01\\\/comunus-scheme-DE-1.svg\"},{\"@type\":\"BreadcrumbList\",\"@id\":\"https:\\\/\\\/comunus.ch\\\/de\\\/comunus\\\/#breadcrumb\",\"itemListElement\":[{\"@type\":\"ListItem\",\"position\":1,\"name\":\"Home\",\"item\":\"https:\\\/\\\/comunus.ch\\\/de\\\/\"},{\"@type\":\"ListItem\",\"position\":2,\"name\":\"Comunus\"}]},{\"@type\":\"WebSite\",\"@id\":\"https:\\\/\\\/comunus.ch\\\/#website\",\"url\":\"https:\\\/\\\/comunus.ch\\\/\",\"name\":\"Comunus\",\"description\":\"Fonds pour investisseurs qualifi\u00e9s\",\"publisher\":{\"@id\":\"https:\\\/\\\/comunus.ch\\\/#organization\"},\"potentialAction\":[{\"@type\":\"SearchAction\",\"target\":{\"@type\":\"EntryPoint\",\"urlTemplate\":\"https:\\\/\\\/comunus.ch\\\/?s={search_term_string}\"},\"query-input\":{\"@type\":\"PropertyValueSpecification\",\"valueRequired\":true,\"valueName\":\"search_term_string\"}}],\"inLanguage\":\"de\"},{\"@type\":\"Organization\",\"@id\":\"https:\\\/\\\/comunus.ch\\\/#organization\",\"name\":\"Comunus\",\"url\":\"https:\\\/\\\/comunus.ch\\\/\",\"logo\":{\"@type\":\"ImageObject\",\"inLanguage\":\"de\",\"@id\":\"https:\\\/\\\/comunus.ch\\\/#\\\/schema\\\/logo\\\/image\\\/\",\"url\":\"https:\\\/\\\/comunus.ch\\\/wp-content\\\/uploads\\\/2023\\\/07\\\/logo-comunus.svg\",\"contentUrl\":\"https:\\\/\\\/comunus.ch\\\/wp-content\\\/uploads\\\/2023\\\/07\\\/logo-comunus.svg\",\"width\":190,\"height\":26,\"caption\":\"Comunus\"},\"image\":{\"@id\":\"https:\\\/\\\/comunus.ch\\\/#\\\/schema\\\/logo\\\/image\\\/\"}}]}<\/script>\n<!-- \/ Yoast SEO plugin. -->","yoast_head_json":{"title":"Comunus - Comunus","robots":{"index":"index","follow":"follow","max-snippet":"max-snippet:-1","max-image-preview":"max-image-preview:large","max-video-preview":"max-video-preview:-1"},"canonical":"https:\/\/comunus.ch\/de\/comunus\/","og_locale":"de_DE","og_type":"article","og_title":"Comunus - Comunus","og_description":"Ein verantwortungsvolles Anlagevehikel Die Comunus SICAV ist ein von der Eidgen\u00f6ssischen Finanzmarktaufsicht FINMA bewilligter Immobilienfonds nach schweizerischem Recht. Es handelt [&hellip;]","og_url":"https:\/\/comunus.ch\/de\/comunus\/","og_site_name":"Comunus","article_modified_time":"2026-02-09T10:06:50+00:00","og_image":[{"width":1497,"height":1000,"url":"https:\/\/comunus.ch\/wp-content\/uploads\/2023\/09\/DSC07949_Ret.jpg","type":"image\/jpeg"}],"twitter_card":"summary_large_image","twitter_misc":{"Gesch\u00e4tzte Lesezeit":"5\u00a0Minuten"},"schema":{"@context":"https:\/\/schema.org","@graph":[{"@type":"WebPage","@id":"https:\/\/comunus.ch\/de\/comunus\/","url":"https:\/\/comunus.ch\/de\/comunus\/","name":"Comunus - Comunus","isPartOf":{"@id":"https:\/\/comunus.ch\/#website"},"primaryImageOfPage":{"@id":"https:\/\/comunus.ch\/de\/comunus\/#primaryimage"},"image":{"@id":"https:\/\/comunus.ch\/de\/comunus\/#primaryimage"},"thumbnailUrl":"https:\/\/comunus.ch\/wp-content\/uploads\/2024\/01\/comunus-scheme-DE-1.svg","datePublished":"2020-09-09T15:18:06+00:00","dateModified":"2026-02-09T10:06:50+00:00","breadcrumb":{"@id":"https:\/\/comunus.ch\/de\/comunus\/#breadcrumb"},"inLanguage":"de","potentialAction":[{"@type":"ReadAction","target":["https:\/\/comunus.ch\/de\/comunus\/"]}]},{"@type":"ImageObject","inLanguage":"de","@id":"https:\/\/comunus.ch\/de\/comunus\/#primaryimage","url":"https:\/\/comunus.ch\/wp-content\/uploads\/2024\/01\/comunus-scheme-DE-1.svg","contentUrl":"https:\/\/comunus.ch\/wp-content\/uploads\/2024\/01\/comunus-scheme-DE-1.svg"},{"@type":"BreadcrumbList","@id":"https:\/\/comunus.ch\/de\/comunus\/#breadcrumb","itemListElement":[{"@type":"ListItem","position":1,"name":"Home","item":"https:\/\/comunus.ch\/de\/"},{"@type":"ListItem","position":2,"name":"Comunus"}]},{"@type":"WebSite","@id":"https:\/\/comunus.ch\/#website","url":"https:\/\/comunus.ch\/","name":"Comunus","description":"Fonds pour investisseurs qualifi\u00e9s","publisher":{"@id":"https:\/\/comunus.ch\/#organization"},"potentialAction":[{"@type":"SearchAction","target":{"@type":"EntryPoint","urlTemplate":"https:\/\/comunus.ch\/?s={search_term_string}"},"query-input":{"@type":"PropertyValueSpecification","valueRequired":true,"valueName":"search_term_string"}}],"inLanguage":"de"},{"@type":"Organization","@id":"https:\/\/comunus.ch\/#organization","name":"Comunus","url":"https:\/\/comunus.ch\/","logo":{"@type":"ImageObject","inLanguage":"de","@id":"https:\/\/comunus.ch\/#\/schema\/logo\/image\/","url":"https:\/\/comunus.ch\/wp-content\/uploads\/2023\/07\/logo-comunus.svg","contentUrl":"https:\/\/comunus.ch\/wp-content\/uploads\/2023\/07\/logo-comunus.svg","width":190,"height":26,"caption":"Comunus"},"image":{"@id":"https:\/\/comunus.ch\/#\/schema\/logo\/image\/"}}]}},"_links":{"self":[{"href":"https:\/\/comunus.ch\/de\/wp-json\/wp\/v2\/pages\/3309","targetHints":{"allow":["GET"]}}],"collection":[{"href":"https:\/\/comunus.ch\/de\/wp-json\/wp\/v2\/pages"}],"about":[{"href":"https:\/\/comunus.ch\/de\/wp-json\/wp\/v2\/types\/page"}],"author":[{"embeddable":true,"href":"https:\/\/comunus.ch\/de\/wp-json\/wp\/v2\/users\/1"}],"replies":[{"embeddable":true,"href":"https:\/\/comunus.ch\/de\/wp-json\/wp\/v2\/comments?post=3309"}],"version-history":[{"count":20,"href":"https:\/\/comunus.ch\/de\/wp-json\/wp\/v2\/pages\/3309\/revisions"}],"predecessor-version":[{"id":5239,"href":"https:\/\/comunus.ch\/de\/wp-json\/wp\/v2\/pages\/3309\/revisions\/5239"}],"wp:attachment":[{"href":"https:\/\/comunus.ch\/de\/wp-json\/wp\/v2\/media?parent=3309"}],"curies":[{"name":"wp","href":"https:\/\/api.w.org\/{rel}","templated":true}]}}