{"id":3290,"date":"2020-08-15T17:48:42","date_gmt":"2020-08-15T15:48:42","guid":{"rendered":"https:\/\/comunus.ch\/home\/"},"modified":"2026-04-16T15:20:08","modified_gmt":"2026-04-16T13:20:08","slug":"home","status":"publish","type":"page","link":"https:\/\/comunus.ch\/de\/","title":{"rendered":"Home"},"content":{"rendered":"<div id=\"slider-block_55424f6b7c702fe792f33b4e18f2e1e5\"  class=\"block-slider block-slider borderadius10 alignfull\">\n    <div id=\"carouselExampleCaptions-slider-block_55424f6b7c702fe792f33b4e18f2e1e5\" class=\"carousel slide carousel-fade\" data-bs-ride=\"carousel\">\n      <ol class=\"carousel-indicators\" style=\"visibility: hidden;\">\n           \t\t\t\t<li data-bs-target=\"#carouselExampleCaptions-slider-block_55424f6b7c702fe792f33b4e18f2e1e5\" data-bs-slide-to=\"0\" class=\"active\"><\/li>\n                  <\/ol>\n\n      <div class=\"carousel-inner\">\n\t      \t\t        <div class=\"carousel-item active\" style=\"min-height:\n\t\t        \t\t50vh;\n\t\t        \t\tbackground-image:url(https:\/\/comunus.ch\/wp-content\/uploads\/2023\/09\/DSC07949_Ret.jpg)\t\t\t        \">\n\t\t          <div class=\"carousel-caption d-none d-md-block\">\n\t\t            \t\t          <\/div>\n\t\t        <\/div>\n        \t      <\/div>\n      <a class=\"carousel-control-prev\" data-bs-target=\"#carouselExampleCaptions-slider-block_55424f6b7c702fe792f33b4e18f2e1e5\" role=\"button\" data-bs-slide=\"prev\" style=\"visibility: visible;\">\n        <span class=\"carousel-control-prev-icon\" aria-hidden=\"true\"><\/span>\n        <span class=\"visually-hidden\">Previous<\/span>\n      <\/a>\n      <a class=\"carousel-control-next\" data-bs-target=\"#carouselExampleCaptions-slider-block_55424f6b7c702fe792f33b4e18f2e1e5\" role=\"button\" data-bs-slide=\"next\" style=\"visibility: visible;\">\n        <span class=\"carousel-control-next-icon\" aria-hidden=\"true\"><\/span>\n        <span class=\"visually-hidden\">Next<\/span>\n      <\/a>\n    <\/div>\n<\/div><!-- strat -->\n\n\n<div class=\"wp-block-columns borderadius10 oversliderbox is-layout-flex wp-container-core-columns-is-layout-9d6595d7 wp-block-columns-is-layout-flex\">\n<div class=\"wp-block-column has-rouille-global-background-color has-background is-layout-flow wp-block-column-is-layout-flow\">\n<h2 class=\"wp-block-heading has-white-color has-text-color has-x-large-font-size\">Immobilienanlagefonds<\/h2>\n<\/div>\n\n\n\n<div class=\"wp-block-column has-eggshell-global-background-color has-background is-layout-flow wp-block-column-is-layout-flow\">\n<p>Die Comunus SICAV ist ein Immobilienfonds nach schweizerischem Recht mit hoher Wertsch\u00f6pfung, der an der Schweizer B\u00f6rse (CMUS) kotiert ist und f\u00fcr Anlegerinnen und Anleger eine attraktive Rendite erwirtschaftet.<\/p>\n\n\n\n<div class=\"wp-block-buttons is-layout-flex wp-block-buttons-is-layout-flex\">\n<div class=\"wp-block-button is-style-outline is-style-outline--1\"><a class=\"wp-block-button__link has-bordeaux-global-color has-text-color wp-element-button\" href=\"https:\/\/comunus.ch\/de\/comunus\/\">Erfahren Sie mehr<\/a><\/div>\n<\/div>\n<\/div>\n<\/div>\n\n\n\n<section class=\"wp-block-cover alignwide is-light chiffres-cles borderadius10\" style=\"min-height:50px;aspect-ratio:unset;\"><span aria-hidden=\"true\" class=\"wp-block-cover__background has-eggshell-global-background-color has-background-dim-100 has-background-dim\"><\/span><div class=\"wp-block-cover__inner-container is-layout-flow wp-block-cover-is-layout-flow\">\n<h2 class=\"wp-block-heading has-logo-color-color has-text-color\">Les chiffres cl\u00e9s du fonds en 2024<\/h2>\n\n\n\n<div id=\"3290\" class=\"highlightnumber-block\">\n\n\t<div class=\"highlight-number-strat\">\n\n\t\t<div class=\"highlight-number-content row\">\n\n\t\t\t\n\t\t\t\t<div class=\"highlight-number-item col-12 col-md-6 col-lg-3 \">\n\t\t\t\t\t<div class=\"highlight-number-number\">\n\t\t\t\t\t\t<span class='numscroller'>948<\/span><span class=\"numscroller-unite\">Mio<\/span>\n\t\t\t\t\t<\/div><!-- highlight-number-number-->\n\t\t\t\t\t<div class=\"highlight-number-legend\">\n\t\t\t\t\t\tBruttoverm\u00f6gen<br \/>\r\nin CHF\t\t\t\t\t<\/div><!-- highlight-number-legend-->\n\t\t\t\t<\/div><!-- highlight-number-item-->\n\n\n\t\t\t\t\n\t\t\t\t<div class=\"highlight-number-item col-12 col-md-6 col-lg-3 \">\n\t\t\t\t\t<div class=\"highlight-number-number\">\n\t\t\t\t\t\t<span class='numscroller'>2.63<\/span><span class=\"numscroller-unite\">%<\/span>\n\t\t\t\t\t<\/div><!-- highlight-number-number-->\n\t\t\t\t\t<div class=\"highlight-number-legend\">\n\t\t\t\t\t\tRendite\t\t\t\t\t<\/div><!-- highlight-number-legend-->\n\t\t\t\t<\/div><!-- highlight-number-item-->\n\n\n\t\t\t\t\n\t\t\t\t<div class=\"highlight-number-item col-12 col-md-6 col-lg-3 \">\n\t\t\t\t\t<div class=\"highlight-number-number\">\n\t\t\t\t\t\t<span class='numscroller'>208<\/span><span class=\"numscroller-unite\">%<\/span>\n\t\t\t\t\t<\/div><!-- highlight-number-number-->\n\t\t\t\t\t<div class=\"highlight-number-legend\">\n\t\t\t\t\t\tPerformance seit der Einf\u00fchrung\t\t\t\t\t<\/div><!-- highlight-number-legend-->\n\t\t\t\t<\/div><!-- highlight-number-item-->\n\n\n\t\t\t\t\n\t\t<\/div>\n\n\n\n\n\n\t<\/div><!-- homestrat -->\n\n\n\n<\/div><!-- cusotm-block --><\/div><\/section>\n\n\n\n<section class=\"wp-block-cover is-light\"><span aria-hidden=\"true\" class=\"wp-block-cover__background has-white-background-color has-background-dim-100 has-background-dim\"><\/span><div class=\"wp-block-cover__inner-container is-layout-flow wp-block-cover-is-layout-flow\">\n<h2 class=\"wp-block-heading has-logo-color-color has-text-color\">Welche Gr\u00fcnde sprechen f\u00fcr eine Anlage in unseren Fonds?<\/h2>\n\n\n\n<div class=\"wp-block-columns is-layout-flex wp-container-core-columns-is-layout-9d6595d7 wp-block-columns-is-layout-flex\">\n<div class=\"wp-block-column mb-3 mb-md-0 has-brown-global-background-color has-background is-layout-flow wp-block-column-is-layout-flow\"><div class=\"wp-block-image\">\n<figure class=\"aligncenter size-large is-resized\"><img loading=\"lazy\" decoding=\"async\" width=\"50\" height=\"50\" src=\"https:\/\/comunus.ch\/wp-content\/uploads\/2023\/08\/icon-performance-yellow.svg\" alt=\"\" class=\"wp-image-2054\" style=\"object-fit:cover;width:150px;height:150px\"\/><\/figure>\n<\/div>\n\n\n<div style=\"height:20px\" aria-hidden=\"true\" class=\"wp-block-spacer\"><\/div>\n\n\n\n<h3 class=\"wp-block-heading has-text-align-center has-white-global-color has-text-color\" style=\"font-size:28px\">Performance<\/h3>\n\n\n\n<p class=\"has-text-align-center has-white-global-color has-text-color\">Dank unserer dynamischen Portfolioverwaltung generieren wir ein regelm\u00e4ssiges Ertragswachstum sowie Kapitalgewinne f\u00fcr die Aktion\u00e4rinnen und Aktion\u00e4re. Anlegende werden weder auf das Verm\u00f6gen noch auf die Dividenden aus dem Immobilienertrag besteuert.<\/p>\n\n\n\n<div class=\"wp-block-buttons is-content-justification-center is-layout-flex wp-container-core-buttons-is-layout-16018d1d wp-block-buttons-is-layout-flex\">\n<div class=\"wp-block-button is-style-outline is-style-outline--2\"><a class=\"wp-block-button__link has-white-color has-text-color wp-element-button\" href=\"https:\/\/comunus.ch\/de\/anlagestrategie\/\">Erfahren Sie mehr<\/a><\/div>\n<\/div>\n<\/div>\n\n\n\n<div class=\"wp-block-column mb-3 mb-md-0 has-brown-global-background-color has-background is-layout-flow wp-block-column-is-layout-flow\"><div class=\"wp-block-image\">\n<figure class=\"aligncenter size-large is-resized\"><img loading=\"lazy\" decoding=\"async\" width=\"50\" height=\"50\" src=\"https:\/\/comunus.ch\/wp-content\/uploads\/2023\/08\/icon-qualite-yellow.svg\" alt=\"\" class=\"wp-image-2055\" style=\"object-fit:cover;width:150px;height:150px\"\/><\/figure>\n<\/div>\n\n\n<div style=\"height:20px\" aria-hidden=\"true\" class=\"wp-block-spacer\"><\/div>\n\n\n\n<h3 class=\"wp-block-heading has-text-align-center has-white-global-color has-text-color\" style=\"font-size:28px\">Qualit\u00e4t<\/h3>\n\n\n\n<p class=\"has-text-align-center has-white-global-color has-text-color\">Wir achten bei unserer Gesch\u00e4ftst\u00e4tigkeit auf h\u00f6chste Qualit\u00e4t und investieren in Immobilien mit einem grossen mittelfristigen Wertsch\u00f6pfungspotenzial.<\/p>\n\n\n\n<div class=\"wp-block-buttons is-content-justification-center is-layout-flex wp-container-core-buttons-is-layout-16018d1d wp-block-buttons-is-layout-flex\">\n<div class=\"wp-block-button is-style-outline is-style-outline--3\"><a class=\"wp-block-button__link has-white-color has-text-color wp-element-button\" href=\"https:\/\/comunus.ch\/de\/fonds\/\">Erfahren Sie mehr<\/a><\/div>\n<\/div>\n<\/div>\n\n\n\n<div class=\"wp-block-column has-brown-global-background-color has-background is-layout-flow wp-block-column-is-layout-flow\"><div class=\"wp-block-image\">\n<figure class=\"aligncenter size-large is-resized\"><img loading=\"lazy\" decoding=\"async\" width=\"50\" height=\"50\" src=\"https:\/\/comunus.ch\/wp-content\/uploads\/2023\/08\/icon-durabilite-yellow.svg\" alt=\"\" class=\"wp-image-2058\" style=\"object-fit:cover;width:150px;height:150px\"\/><\/figure>\n<\/div>\n\n\n<div style=\"height:20px\" aria-hidden=\"true\" class=\"wp-block-spacer\"><\/div>\n\n\n\n<h3 class=\"wp-block-heading has-text-align-center has-white-global-color has-text-color\" style=\"font-size:28px\">Nachhaltigkeit<\/h3>\n\n\n\n<p class=\"has-text-align-center has-white-global-color has-text-color\">Wir verpflichten uns, die umwelt- und klimabezogenen regulatorischen Anforderungen vollst\u00e4ndig in unsere Anlagestrategie zu integrieren, ohne dabei die Renditen zu beeintr\u00e4chtigen, die wir unseren Investoren aussch\u00fctten.<\/p>\n\n\n\n<div class=\"wp-block-buttons is-content-justification-center is-layout-flex wp-container-core-buttons-is-layout-16018d1d wp-block-buttons-is-layout-flex\">\n<div class=\"wp-block-button is-style-outline is-style-outline--4\"><a class=\"wp-block-button__link has-white-color has-text-color wp-element-button\" href=\"https:\/\/comunus.ch\/de\/nachhaltigkeit\/\">Erfahren Sie mehr<\/a><\/div>\n<\/div>\n<\/div>\n<\/div>\n<\/div><\/section>\n\n\n\n<section class=\"wp-block-cover alignwide is-light chiffres-cles borderadius10\" style=\"min-height:50px;aspect-ratio:unset;\"><span aria-hidden=\"true\" class=\"wp-block-cover__background has-eggshell-global-background-color has-background-dim-100 has-background-dim\"><\/span><div class=\"wp-block-cover__inner-container is-layout-flow wp-block-cover-is-layout-flow\">\n<h2 class=\"wp-block-heading has-logo-color-color has-text-color\">B\u00f6rsenkotierung an der Schweizer B\u00f6rsee (SIX)<\/h2>\n\n\n\n<p>Comunus SICAV wurde im Oktober 2025 an der SIX Swiss Exchange kotiert. Damit wurde der Abschluss von mehr als zehn Jahren disziplinierter Arbeit zur Entwicklung eines robusten Immobilienportfolios in der Romandie erreicht.<\/p>\n\n\n\n<p>Die Kotierung stellt einen wichtigen Entwicklungsschritt f\u00fcr Comunus SICAV dar. Sie st\u00e4rkt den Zugang zu den Kapitalm\u00e4rkten zur Unterst\u00fctzung der weiteren Wachstumsstrategie, w\u00e4hrend der Kernansatz des Fonds gewahrt bleibt: die enge operative N\u00e4he zu den Verm\u00f6genswerten sowie die nachgewiesene F\u00e4higkeit, durch aktives Asset Management und gezielte Renovationen nachhaltig Wert zu schaffen.<\/p>\n\n\n\n<p><strong>ISIN : CH0200600911<\/strong><\/p>\n\n\n\n<p><strong>Symbole : CMUS<\/strong><\/p>\n\n\n\n<div class=\"wp-block-buttons is-layout-flex wp-block-buttons-is-layout-flex\">\n<div class=\"wp-block-button is-style-outline is-style-outline--5\"><a class=\"wp-block-button__link has-white-global-color has-text-color wp-element-button\" href=\"https:\/\/www.six-group.com\/de\/market-data\/mutual-funds\/fund-explorer\/fund-detail.CH0200600911CHF4.html#\/\" target=\"_blank\" rel=\"noreferrer noopener\">B\u00f6rse : CMUS &#8211; SIX Exchange regulation<\/a><\/div>\n<\/div>\n<\/div><\/section>\n\n\n\n<section class=\"wp-block-cover is-light special-banner-map\"><span aria-hidden=\"true\" class=\"wp-block-cover__background has-white-global-background-color has-background-dim-0 has-background-dim\"><\/span><div class=\"wp-block-cover__inner-container is-layout-flow wp-block-cover-is-layout-flow\">\n<div class=\"wp-block-columns colorboxtitleblock is-layout-flex wp-container-core-columns-is-layout-9d6595d7 wp-block-columns-is-layout-flex\">\n<div class=\"wp-block-column has-white-global-color has-logo-color-background-color has-text-color has-background is-layout-flow wp-block-column-is-layout-flow\">\n<h2 class=\"wp-block-heading colorboxtitleblock\"> Unser Portfolio<\/h2>\n\n\n\n<div style=\"height:25px\" aria-hidden=\"true\" class=\"wp-block-spacer\"><\/div>\n\n\n\n<p>Die Liegenschaften in unserem Portfolio befinden sich an g\u00fcnstiger Lage in der Genferseeregion in mittleren bis grossen Ortschaften, die \u00fcber alle erforderlichen Infrastrukturen verf\u00fcgen.<\/p>\n\n\n\n<div class=\"wp-block-buttons is-layout-flex wp-block-buttons-is-layout-flex\">\n<div class=\"wp-block-button is-style-outline is-style-outline--6\"><a class=\"wp-block-button__link has-bordeaux-global-color has-text-color wp-element-button\" href=\"https:\/\/comunus.ch\/de\/portfolio\/\">Erfahren Sie mehr<\/a><\/div>\n<\/div>\n<\/div>\n\n\n\n<div class=\"wp-block-column is-vertically-aligned-bottom is-layout-flow wp-block-column-is-layout-flow\">\n<p class=\"has-text-align-right adelle has-bordeaux-global-color has-text-color has-x-large-font-size\"><strong>Plus de 50 immeubles<\/strong><\/p>\n\n\n\n<p class=\"has-text-align-right adelle has-beige-global-color has-text-color has-large-font-size\"><strong>in der Westschweiz<\/strong><\/p>\n\n\n\n<div style=\"height:25px\" aria-hidden=\"true\" class=\"wp-block-spacer\"><\/div>\n<\/div>\n<\/div>\n\n\n\n<div class=\"wp-block-cover is-light fullwidth-map-banner borderadius10\" style=\"min-height:50px;aspect-ratio:unset;\"><span aria-hidden=\"true\" class=\"wp-block-cover__background has-white-background-color has-background-dim-100 has-background-dim\"><\/span><div class=\"wp-block-cover__inner-container is-layout-flow wp-block-cover-is-layout-flow\"><div id=\"map\" style=\"width: 100%; height: 500px;\"><\/div>\n                        <div class=\"map-filter\">\n                            <div><\/div>\n                        <\/div>\n            \n                <script>\n                mapboxgl.accessToken = \"pk.eyJ1IjoiZGV2c2VjdG9yIiwiYSI6ImNsYXRiaGV2dTFwaHEzd256cDBrcnE2emMifQ.chx4NDN0lHWSncf0buiw6A\";\n                var map = new mapboxgl.Map({\n                container: \"map\", \/\/ container ID\n                style: \"mapbox:\/\/styles\/devsector\/cljfm7hth009f01pl0ebw2pp4\", \/\/ style URL\n                center: [8.4718, 46.7925], \/\/ starting position [centerLng, centerLat]\n                zoom: 7, \/\/ starting zoom\n                \/\/pitch: 60, \/\/ pitch in degrees\n                \/\/bearing: -60 \/\/ bearing in degrees\n                });\n\n           \n                \/* DRAW PATH\n                \n                map.on(\"load\", () => {\n                    map.addSource(\"carougearea\", {\n                        \"type\": \"geojson\",\n                        \"data\": {\n                            \"type\": \"Feature\",\n                            \"geometry\": {\n                                \"type\": \"Polygon\",\n                                \"coordinates\": [\n                                    [\n                                        [6.14039, 46.18422],\n                                        [6.13942, 46.18412],\n                                        [6.13919, 46.18507],\n                                        [6.13761, 46.18494],\n                                        [6.13773, 46.18370],  \/\/ ADDED\n                                        [6.13789, 46.18301],\n                                        [6.13831, 46.18303],\n                                        [6.13819, 46.18353],\n                                        [6.13956, 46.18366],\n                                        [6.13953, 46.18382],\n                                        [6.14062, 46.18394],\n                                        [6.14039, 46.18422]\n\n                                    ]\n                                    ]\n                            }\n                        }\n                    });\n                   \n\n                    map.addLayer({\n                        \"id\": \"carouge\",\n                        \"type\": \"fill\",\n                        \"source\": \"carougearea\", \/\/ reference the data source\n                        \"layout\": {},\n                        \"paint\": {\n                        \"fill-color\": \"#000000\", \/\/ blue color fill\n                        \"fill-opacity\": 0.10\n                        }\n                    });\n                    map.addLayer({\n                        \"id\": \"outline\",\n                        \"type\": \"line\",\n                        \"source\": \"carougearea\",\n                        \"layout\": {\n                            \"line-cap\": \"round\",\n                            \"line-join\": \"round\",\n                        },\n                        \"paint\": {\n                        \"line-color\": \"#000\",\n                        \"line-opacity\": 0.2,\n                        \"line-width\": 5,\n                        }\n                    });\n\n\n                });\n\n                *\/\n\n                \/\/ Add zoom and rotation controls to the map.\n                map.addControl(new mapboxgl.NavigationControl(),\"bottom-right\");\n                \n                 \/\/ disable map zoom when using scroll\n                map.scrollZoom.disable();\n\n                var geojson ={\n                type: \"FontaineCollection\",\n                features: [\n                    \n                        {\n                            type: \"MyMarkers\",\n                            geometry: {\n                            type: \"Point\",\n                            coordinates: [6.6321853, 46.7880024]\n                            },\n                            properties: {\n                            title: \"Avenue de Grandson 40-52, Village 48\",\n                            city: \"Yverdon-les-Bains\",\n                            description: \" Commercial\",\n                            category:\"commercial\",\n                            infoboxLink: \"https:\/\/comunus.ch\/de\/portfolio-items\/avenue-de-grandson-40-52-village-48\/\",\n                            infoboxImgUrl: \"https:\/\/comunus.ch\/wp-content\/uploads\/2026\/03\/village48_1920x1279-1-660x440.png\",\n                            }\n                        },\n                \n                        {\n                            type: \"MyMarkers\",\n                            geometry: {\n                            type: \"Point\",\n                            coordinates: [6.6310204, 46.521726]\n                            },\n                            properties: {\n                            title: \"Place Grand-St-Jean 2\",\n                            city: \"Lausanne\",\n                            description: \" Commercial\",\n                            category:\"commercial\",\n                            infoboxLink: \"https:\/\/comunus.ch\/de\/portfolio-items\/place-grand-st-jean-2\/\",\n                            infoboxImgUrl: \"https:\/\/comunus.ch\/wp-content\/uploads\/2026\/03\/5.2.1.3-backbone_108682_017_WEB-660x440.jpg\",\n                            }\n                        },\n                \n                        {\n                            type: \"MyMarkers\",\n                            geometry: {\n                            type: \"Point\",\n                            coordinates: [6.8644414, 46.4499949]\n                            },\n                            properties: {\n                            title: \"Avenue de Sully 80a \/ 80b\",\n                            city: \"Clarens\",\n                            description: \" Habitation PPE\",\n                            category:\"habitations-ppe\",\n                            infoboxLink: \"https:\/\/comunus.ch\/de\/portfolio-items\/avenue-de-sully-80a-80b\/\",\n                            infoboxImgUrl: \"https:\/\/comunus.ch\/wp-content\/uploads\/2026\/03\/2025-04-08-Avenue-de-Sully-80a-La-Tour-de-Peilz-400-660x440.jpg\",\n                            }\n                        },\n                \n                        {\n                            type: \"MyMarkers\",\n                            geometry: {\n                            type: \"Point\",\n                            coordinates: [7.1500566, 46.799538]\n                            },\n                            properties: {\n                            title: \"Route des Arsenaux 9\",\n                            city: \"Fribourg\",\n                            description: \" Mixte\",\n                            category:\"mixte\",\n                            infoboxLink: \"https:\/\/comunus.ch\/de\/portfolio-items\/route-des-arsenaux-9\/\",\n                            infoboxImgUrl: \"https:\/\/comunus.ch\/wp-content\/uploads\/2026\/03\/2.2.1.4-backbone_108689_009_WEB-660x495.jpg\",\n                            }\n                        },\n                \n                        {\n                            type: \"MyMarkers\",\n                            geometry: {\n                            type: \"Point\",\n                            coordinates: [7.3451134, 47.3637985]\n                            },\n                            properties: {\n                            title: \"Rue des Moulins 28\",\n                            city: \"Del\u00e9mont\",\n                            description: \" Mixte\",\n                            category:\"mixte\",\n                            infoboxLink: \"https:\/\/comunus.ch\/de\/portfolio-items\/rue-des-moulins-28\/\",\n                            infoboxImgUrl: \"https:\/\/comunus.ch\/wp-content\/uploads\/2026\/03\/4.1.7-backbone_108712_011_WEB-660x440.jpg\",\n                            }\n                        },\n                \n                        {\n                            type: \"MyMarkers\",\n                            geometry: {\n                            type: \"Point\",\n                            coordinates: [6.6452682, 46.7716461]\n                            },\n                            properties: {\n                            title: \"Rue d&#8217;Entremonts 13-15-17\",\n                            city: \"Yverdon-les-Bains\",\n                            description: \" Mixte\",\n                            category:\"mixte\",\n                            infoboxLink: \"https:\/\/comunus.ch\/de\/portfolio-items\/rue-dentremonts-13-15-17\/\",\n                            infoboxImgUrl: \"https:\/\/comunus.ch\/wp-content\/uploads\/2026\/03\/IMG_5066-660x495.jpg\",\n                            }\n                        },\n                \n                        {\n                            type: \"MyMarkers\",\n                            geometry: {\n                            type: \"Point\",\n                            coordinates: [7.1298937, 46.8013457]\n                            },\n                            properties: {\n                            title: \"Route de Villars-Vert 31\",\n                            city: \"Villars-sur-Gl\u00e2ne\",\n                            description: \" Habitation\",\n                            category:\"habitation\",\n                            infoboxLink: \"https:\/\/comunus.ch\/de\/portfolio-items\/route-de-villars-vert-31\/\",\n                            infoboxImgUrl: \"https:\/\/comunus.ch\/wp-content\/uploads\/2026\/03\/02-660x461.jpeg\",\n                            }\n                        },\n                \n                        {\n                            type: \"MyMarkers\",\n                            geometry: {\n                            type: \"Point\",\n                            coordinates: [6.9528786, 46.3229157]\n                            },\n                            properties: {\n                            title: \"Chemin de Bel Horizon 9\",\n                            city: \"Aigle\",\n                            description: \" Habitation\",\n                            category:\"habitation\",\n                            infoboxLink: \"https:\/\/comunus.ch\/de\/portfolio-items\/chemin-de-bel-horizon-9\/\",\n                            infoboxImgUrl: \"https:\/\/comunus.ch\/wp-content\/uploads\/2026\/03\/FACADE-2-660x460.jpeg\",\n                            }\n                        },\n                \n                        {\n                            type: \"MyMarkers\",\n                            geometry: {\n                            type: \"Point\",\n                            coordinates: [7.1514284, 46.7830236]\n                            },\n                            properties: {\n                            title: \"Route du Centre 16-18-20-22\",\n                            city: \"Marly\",\n                            description: \" Habitation\",\n                            category:\"habitation\",\n                            infoboxLink: \"https:\/\/comunus.ch\/de\/portfolio-items\/route-du-centre-16-18-20-22-marly\/\",\n                            infoboxImgUrl: \"https:\/\/comunus.ch\/wp-content\/uploads\/2025\/10\/IMG_0711-660x495.jpeg\",\n                            }\n                        },\n                \n                        {\n                            type: \"MyMarkers\",\n                            geometry: {\n                            type: \"Point\",\n                            coordinates: [6.9586437, 46.319594]\n                            },\n                            properties: {\n                            title: \"Chemin de la Planchette 9-11-13\",\n                            city: \"Aigle\",\n                            description: \" Habitation\",\n                            category:\"habitation\",\n                            infoboxLink: \"https:\/\/comunus.ch\/de\/portfolio-items\/chemin-de-la-planchette-9-11-13-aigle\/\",\n                            infoboxImgUrl: \"https:\/\/comunus.ch\/wp-content\/uploads\/2025\/08\/DJI_20250903100702_0104_D-660x371.jpg\",\n                            }\n                        },\n                \n                        {\n                            type: \"MyMarkers\",\n                            geometry: {\n                            type: \"Point\",\n                            coordinates: [6.9362478, 46.8211345]\n                            },\n                            properties: {\n                            title: \"Grand-Rue 70 \/ Rue des Moulins 4-8\",\n                            city: \"Payerne\",\n                            description: \" Mixte\",\n                            category:\"mixte\",\n                            infoboxLink: \"https:\/\/comunus.ch\/de\/portfolio-items\/grand-rue-70-rue-des-moulins-4-8-payerne\/\",\n                            infoboxImgUrl: \"https:\/\/comunus.ch\/wp-content\/uploads\/2025\/08\/Capture-decran-2025-08-21-150248-660x417.webp\",\n                            }\n                        },\n                \n                        {\n                            type: \"MyMarkers\",\n                            geometry: {\n                            type: \"Point\",\n                            coordinates: [6.6320047, 46.5415104]\n                            },\n                            properties: {\n                            title: \"Route Aloys-Fauquez 143\",\n                            city: \"Lausanne\",\n                            description: \" Habitation\",\n                            category:\"habitation\",\n                            infoboxLink: \"https:\/\/comunus.ch\/de\/portfolio-items\/route-aloys-fauquez-143-lausanne\/\",\n                            infoboxImgUrl: \"https:\/\/comunus.ch\/wp-content\/uploads\/2025\/08\/IMG_5455-660x495.jpeg\",\n                            }\n                        },\n                \n                        {\n                            type: \"MyMarkers\",\n                            geometry: {\n                            type: \"Point\",\n                            coordinates: [6.6234107, 46.5201246]\n                            },\n                            properties: {\n                            title: \"Avenue Andr\u00e9-Schnetzler 2\",\n                            city: \"Lausanne\",\n                            description: \" Habitation Lots PPE (pour vente)\",\n                            category:\"habitation-lots-ppe-pour-vente\",\n                            infoboxLink: \"https:\/\/comunus.ch\/de\/portfolio-items\/avenue-andre-schnetzler-2-lausanne\/\",\n                            infoboxImgUrl: \"https:\/\/comunus.ch\/wp-content\/uploads\/2025\/05\/FACADE-15_12-660x535.jpg\",\n                            }\n                        },\n                \n                        {\n                            type: \"MyMarkers\",\n                            geometry: {\n                            type: \"Point\",\n                            coordinates: [6.6455305, 46.5164219]\n                            },\n                            properties: {\n                            title: \"Avenue du L\u00e9man 23 A-B-C\",\n                            city: \"Lausanne\",\n                            description: \" Commercial\",\n                            category:\"commercial\",\n                            infoboxLink: \"https:\/\/comunus.ch\/de\/portfolio-items\/avenue-du-leman-23-a-b-c-lausanne\/\",\n                            infoboxImgUrl: \"https:\/\/comunus.ch\/wp-content\/uploads\/2025\/08\/DJI_20250903090204_0088_D-scaled-e1759138721138-660x401.jpg\",\n                            }\n                        },\n                \n                        {\n                            type: \"MyMarkers\",\n                            geometry: {\n                            type: \"Point\",\n                            coordinates: [6.6183459, 46.5273251]\n                            },\n                            properties: {\n                            title: \"Avenue d&#8217;Echallens 56\",\n                            city: \"Lausanne\",\n                            description: \" Habitation Lots PPE (pour vente)\",\n                            category:\"habitation-lots-ppe-pour-vente\",\n                            infoboxLink: \"https:\/\/comunus.ch\/de\/portfolio-items\/avenue-dechallens-56-lausanne\/\",\n                            infoboxImgUrl: \"https:\/\/comunus.ch\/wp-content\/uploads\/2025\/08\/DJI_20250903103748_0123_D-scaled-e1759138789204-660x413.jpg\",\n                            }\n                        },\n                \n                        {\n                            type: \"MyMarkers\",\n                            geometry: {\n                            type: \"Point\",\n                            coordinates: [6.8578763, 46.4520148]\n                            },\n                            properties: {\n                            title: \"Grand-Rue 1\",\n                            city: \"La Tour-de-Peilz\",\n                            description: \" Mixte\",\n                            category:\"mixte\",\n                            infoboxLink: \"https:\/\/comunus.ch\/de\/portfolio-items\/grand-rue-1-la-tour-de-peilz\/\",\n                            infoboxImgUrl: \"https:\/\/comunus.ch\/wp-content\/uploads\/2025\/08\/DJI_20250903111229_0141_D-660x371.jpg\",\n                            }\n                        },\n                \n                        {\n                            type: \"MyMarkers\",\n                            geometry: {\n                            type: \"Point\",\n                            coordinates: [6.6314175, 46.5157314]\n                            },\n                            properties: {\n                            title: \"Rue du Simplon 6-8\",\n                            city: \"Lausanne\",\n                            description: \" Mixte\",\n                            category:\"mixte\",\n                            infoboxLink: \"https:\/\/comunus.ch\/de\/portfolio-items\/rue-du-simplon-6-8-lausanne\/\",\n                            infoboxImgUrl: \"https:\/\/comunus.ch\/wp-content\/uploads\/2025\/08\/IMG_4869-660x495.jpeg\",\n                            }\n                        },\n                \n                        {\n                            type: \"MyMarkers\",\n                            geometry: {\n                            type: \"Point\",\n                            coordinates: [6.1388462, 46.2024018]\n                            },\n                            properties: {\n                            title: \"Rue du Diorama 1 &#8211; Synagogue 34\",\n                            city: \"Gen\u00e8ve\",\n                            description: \" Mixte\",\n                            category:\"mixte\",\n                            infoboxLink: \"https:\/\/comunus.ch\/de\/portfolio-items\/rue-du-diorama-1-synagogue-34-geneve\/\",\n                            infoboxImgUrl: \"https:\/\/comunus.ch\/wp-content\/uploads\/2025\/08\/FACADE-5-660x495.jpg\",\n                            }\n                        },\n                \n                        {\n                            type: \"MyMarkers\",\n                            geometry: {\n                            type: \"Point\",\n                            coordinates: [6.5796368, 46.5327543]\n                            },\n                            properties: {\n                            title: \"Rue de la Blancherie 32\",\n                            city: \"Chavannes-pr\u00e8s-Renens\",\n                            description: \" Habitation\",\n                            category:\"habitation\",\n                            infoboxLink: \"https:\/\/comunus.ch\/de\/portfolio-items\/rue-de-la-blancherie-32-chavannes-pres-renens\/\",\n                            infoboxImgUrl: \"https:\/\/comunus.ch\/wp-content\/uploads\/2025\/08\/Capture-decran-2025-08-19-111952-660x486.png\",\n                            }\n                        },\n                \n                        {\n                            type: \"MyMarkers\",\n                            geometry: {\n                            type: \"Point\",\n                            coordinates: [6.9263227, 46.3973619]\n                            },\n                            properties: {\n                            title: \"Ancienne-Poste 14b-16-16b\",\n                            city: \"Villeneuve\",\n                            description: \" Habitation\",\n                            category:\"habitation\",\n                            infoboxLink: \"https:\/\/comunus.ch\/de\/portfolio-items\/ancienne-poste-14b-16-16b-villeneuve\/\",\n                            infoboxImgUrl: \"https:\/\/comunus.ch\/wp-content\/uploads\/2025\/08\/Image1-660x748.jpg\",\n                            }\n                        },\n                \n                        {\n                            type: \"MyMarkers\",\n                            geometry: {\n                            type: \"Point\",\n                            coordinates: [6.9191326, 46.4303362]\n                            },\n                            properties: {\n                            title: \"Avenue du Midi 26\",\n                            city: \"Territet\",\n                            description: \" Habitation Lots PPE (pour vente)\",\n                            category:\"habitation-lots-ppe-pour-vente\",\n                            infoboxLink: \"https:\/\/comunus.ch\/de\/portfolio-items\/avenue-du-midi-26-territet\/\",\n                            infoboxImgUrl: \"https:\/\/comunus.ch\/wp-content\/uploads\/2025\/03\/DJI_20250903104719_0128_D-scaled-e1759138951605-660x585.jpg\",\n                            }\n                        },\n                \n                        {\n                            type: \"MyMarkers\",\n                            geometry: {\n                            type: \"Point\",\n                            coordinates: [6.6349446, 46.5097811]\n                            },\n                            properties: {\n                            title: \"Avenue de l&#8217;Elys\u00e9e 27\",\n                            city: \"Lausanne\",\n                            description: \" Habitation Lots PPE (pour vente)\",\n                            category:\"habitation-lots-ppe-pour-vente\",\n                            infoboxLink: \"https:\/\/comunus.ch\/de\/portfolio-items\/avenue-de-lelysee-27-lausanne\/\",\n                            infoboxImgUrl: \"https:\/\/comunus.ch\/wp-content\/uploads\/2025\/03\/Elysee27-660x493.png\",\n                            }\n                        },\n                \n                        {\n                            type: \"MyMarkers\",\n                            geometry: {\n                            type: \"Point\",\n                            coordinates: [6.2183422, 46.4002247]\n                            },\n                            properties: {\n                            title: \"Chemin de la Vuarpilli\u00e8re 1\",\n                            city: \"Nyon\",\n                            description: \" Commercial\",\n                            category:\"commercial\",\n                            infoboxLink: \"https:\/\/comunus.ch\/de\/portfolio-items\/chemin-de-la-vuarpilliere-1-nyon\/\",\n                            infoboxImgUrl: \"https:\/\/comunus.ch\/wp-content\/uploads\/2025\/03\/IMG_1579-660x495.jpeg\",\n                            }\n                        },\n                \n                        {\n                            type: \"MyMarkers\",\n                            geometry: {\n                            type: \"Point\",\n                            coordinates: [6.8434243, 46.4617384]\n                            },\n                            properties: {\n                            title: \"Rue de la Clerg\u00e8re 1\",\n                            city: \"Vevey\",\n                            description: \" Commercial\",\n                            category:\"commercial\",\n                            infoboxLink: \"https:\/\/comunus.ch\/de\/portfolio-items\/rue-de-la-clergere-1-vevey\/\",\n                            infoboxImgUrl: \"https:\/\/comunus.ch\/wp-content\/uploads\/2025\/03\/IMG_5545-660x495.jpeg\",\n                            }\n                        },\n                \n                        {\n                            type: \"MyMarkers\",\n                            geometry: {\n                            type: \"Point\",\n                            coordinates: [6.8447632, 46.4601796]\n                            },\n                            properties: {\n                            title: \"Rue du Simplon 23\",\n                            city: \"Vevey\",\n                            description: \" Commercial\",\n                            category:\"commercial\",\n                            infoboxLink: \"https:\/\/comunus.ch\/de\/portfolio-items\/rue-du-simplon-23-vevey\/\",\n                            infoboxImgUrl: \"https:\/\/comunus.ch\/wp-content\/uploads\/2025\/03\/3R9A4061-Modifier-Modifier-660x626.jpg\",\n                            }\n                        },\n                \n                        {\n                            type: \"MyMarkers\",\n                            geometry: {\n                            type: \"Point\",\n                            coordinates: [6.9369181, 46.8186914]\n                            },\n                            properties: {\n                            title: \"Rue de Lausanne 54\",\n                            city: \"Payerne\",\n                            description: \" Mixte\",\n                            category:\"mixte\",\n                            infoboxLink: \"https:\/\/comunus.ch\/de\/portfolio-items\/rue-de-lausanne-54-payerne\/\",\n                            infoboxImgUrl: \"https:\/\/comunus.ch\/wp-content\/uploads\/2025\/03\/Payerne-660x497.png\",\n                            }\n                        },\n                \n                        {\n                            type: \"MyMarkers\",\n                            geometry: {\n                            type: \"Point\",\n                            coordinates: [6.8953129, 46.4455214]\n                            },\n                            properties: {\n                            title: \"Rue du Sacre-du-Printemps 7\",\n                            city: \"Montreux\",\n                            description: \" Habitation\",\n                            category:\"habitation\",\n                            infoboxLink: \"https:\/\/comunus.ch\/de\/portfolio-items\/rue-du-sacre-du-printemps-7-clarens\/\",\n                            infoboxImgUrl: \"https:\/\/comunus.ch\/wp-content\/uploads\/2025\/03\/Sacreprintemps-660x494.png\",\n                            }\n                        },\n                \n                        {\n                            type: \"MyMarkers\",\n                            geometry: {\n                            type: \"Point\",\n                            coordinates: [6.6584247, 46.7771182]\n                            },\n                            properties: {\n                            title: \"Rue de la Villette 22-26\",\n                            city: \"Yverdon-les-Bains\",\n                            description: \" Habitation\",\n                            category:\"habitation\",\n                            infoboxLink: \"https:\/\/comunus.ch\/de\/portfolio-items\/rue-de-la-villette-22-26-yverdon-les-bains\/\",\n                            infoboxImgUrl: \"https:\/\/comunus.ch\/wp-content\/uploads\/2025\/03\/DJI_20250915093506_0162_D-660x371.jpg\",\n                            }\n                        },\n                \n                        {\n                            type: \"MyMarkers\",\n                            geometry: {\n                            type: \"Point\",\n                            coordinates: [6.6250572, 46.5400826]\n                            },\n                            properties: {\n                            title: \"Chemin du Furet 2-4\",\n                            city: \"Lausanne\",\n                            description: \" Habitation\",\n                            category:\"habitation\",\n                            infoboxLink: \"https:\/\/comunus.ch\/de\/portfolio-items\/chemin-du-furet-2-4-lausanne\/\",\n                            infoboxImgUrl: \"https:\/\/comunus.ch\/wp-content\/uploads\/2025\/03\/DJI_20250903110139_0131_D-660x371.jpg\",\n                            }\n                        },\n                \n                        {\n                            type: \"MyMarkers\",\n                            geometry: {\n                            type: \"Point\",\n                            coordinates: [6.9337643, 46.3956612]\n                            },\n                            properties: {\n                            title: \"Route d&#8217;Arvel 18\",\n                            city: \"Villeneuve\",\n                            description: \" Habitation\",\n                            category:\"habitation\",\n                            infoboxLink: \"https:\/\/comunus.ch\/de\/portfolio-items\/route-darvel-18-villeneuve\/\",\n                            infoboxImgUrl: \"https:\/\/comunus.ch\/wp-content\/uploads\/2025\/03\/DJI_20250903102752_0117_D-scaled-e1759139522581-660x600.jpg\",\n                            }\n                        },\n                \n                        {\n                            type: \"MyMarkers\",\n                            geometry: {\n                            type: \"Point\",\n                            coordinates: [6.8578101, 46.4559944]\n                            },\n                            properties: {\n                            title: \"Avenue du Clos d&#8217;Aubonne 36\",\n                            city: \"La Tour-de-Peilz\",\n                            description: \" Habitation\",\n                            category:\"habitation\",\n                            infoboxLink: \"https:\/\/comunus.ch\/de\/portfolio-items\/avenue-du-clos-daubonne-36-la-tour-de-peilz\/\",\n                            infoboxImgUrl: \"https:\/\/comunus.ch\/wp-content\/uploads\/2025\/03\/DJI_20250903112201_0151_D-scaled-e1759139328185-660x502.jpg\",\n                            }\n                        },\n                \n                        {\n                            type: \"MyMarkers\",\n                            geometry: {\n                            type: \"Point\",\n                            coordinates: [6.6316101, 46.7900792]\n                            },\n                            properties: {\n                            title: \"Rue des Pr\u00e9s-du-Lac 57bis-57ter\",\n                            city: \"Yverdon-les-Bains\",\n                            description: \" Habitation\",\n                            category:\"habitation\",\n                            infoboxLink: \"https:\/\/comunus.ch\/de\/portfolio-items\/rue-des-pres-du-lac-57bis-57ter-yverdon-les-bains\/\",\n                            infoboxImgUrl: \"https:\/\/comunus.ch\/wp-content\/uploads\/2025\/03\/Presdulac-660x496.png\",\n                            }\n                        },\n                \n                        {\n                            type: \"MyMarkers\",\n                            geometry: {\n                            type: \"Point\",\n                            coordinates: [6.9267923, 46.4242655]\n                            },\n                            properties: {\n                            title: \"Avenue de Collonge 18\",\n                            city: \"Territet\",\n                            description: \" Habitation\",\n                            category:\"habitation\",\n                            infoboxLink: \"https:\/\/comunus.ch\/de\/portfolio-items\/avenue-de-collonge-18-territet\/\",\n                            infoboxImgUrl: \"https:\/\/comunus.ch\/wp-content\/uploads\/2025\/03\/DJI_20250903103937_0119_D-660x371.jpg\",\n                            }\n                        },\n                \n                        {\n                            type: \"MyMarkers\",\n                            geometry: {\n                            type: \"Point\",\n                            coordinates: [6.842955, 46.5395443]\n                            },\n                            properties: {\n                            title: \"Chemin de la Sauge 2-4-6\",\n                            city: \"Pal\u00e9zieux\",\n                            description: \" Habitation\",\n                            category:\"habitation\",\n                            infoboxLink: \"https:\/\/comunus.ch\/de\/portfolio-items\/chemin-de-la-sauge-2-4-6-palezieux\/\",\n                            infoboxImgUrl: \"https:\/\/comunus.ch\/wp-content\/uploads\/2025\/03\/palezieux-660x497.png\",\n                            }\n                        },\n                \n                        {\n                            type: \"MyMarkers\",\n                            geometry: {\n                            type: \"Point\",\n                            coordinates: [6.6210034, 46.5412319]\n                            },\n                            properties: {\n                            title: \"Chemin des Sauges 3 -3bis\",\n                            city: \"Lausanne\",\n                            description: \" Habitation\",\n                            category:\"habitation\",\n                            infoboxLink: \"https:\/\/comunus.ch\/de\/portfolio-items\/chemin-des-sauges-3-3bis-lausanne\/\",\n                            infoboxImgUrl: \"https:\/\/comunus.ch\/wp-content\/uploads\/2025\/03\/Sauge3-3bis-660x488.png\",\n                            }\n                        },\n                \n                        {\n                            type: \"MyMarkers\",\n                            geometry: {\n                            type: \"Point\",\n                            coordinates: [6.5715303, 46.7134016]\n                            },\n                            properties: {\n                            title: \"Rue de la Cit\u00e9 23-25\",\n                            city: \"Chavornay\",\n                            description: \" Habitation\",\n                            category:\"habitation\",\n                            infoboxLink: \"https:\/\/comunus.ch\/de\/portfolio-items\/rue-de-la-cite-23-25-chavornay\/\",\n                            infoboxImgUrl: \"https:\/\/comunus.ch\/wp-content\/uploads\/2025\/03\/DJI_20250915084818_0154_D-1-scaled-e1762944303354-660x362.jpg\",\n                            }\n                        },\n                \n                        {\n                            type: \"MyMarkers\",\n                            geometry: {\n                            type: \"Point\",\n                            coordinates: [6.8436156, 46.4615065]\n                            },\n                            properties: {\n                            title: \"Rue du Simplon 50\",\n                            city: \"Vevey\",\n                            description: \" Commercial\",\n                            category:\"commercial\",\n                            infoboxLink: \"https:\/\/comunus.ch\/de\/portfolio-items\/rue-du-simplon-50-vevey\/\",\n                            infoboxImgUrl: \"https:\/\/comunus.ch\/wp-content\/uploads\/2024\/03\/simplon-660x362.webp\",\n                            }\n                        },\n                \n                        {\n                            type: \"MyMarkers\",\n                            geometry: {\n                            type: \"Point\",\n                            coordinates: [6.1439631, 46.1875751]\n                            },\n                            properties: {\n                            title: \"Quai Capo d&#8217;Istria 13\",\n                            city: \"Gen\u00e8ve\",\n                            description: \" Habitation\",\n                            category:\"habitation\",\n                            infoboxLink: \"https:\/\/comunus.ch\/de\/portfolio-items\/quai-capo-d-istria-13\/\",\n                            infoboxImgUrl: \"https:\/\/comunus.ch\/wp-content\/uploads\/2024\/03\/DJI_20250910115222_0149_D-660x371.jpg\",\n                            }\n                        },\n                \n                        {\n                            type: \"MyMarkers\",\n                            geometry: {\n                            type: \"Point\",\n                            coordinates: [6.6321255, 46.5150835]\n                            },\n                            properties: {\n                            title: \"Boulevard de Grancy 2\",\n                            city: \"Lausanne\",\n                            description: \" Habitation\",\n                            category:\"habitation\",\n                            infoboxLink: \"https:\/\/comunus.ch\/de\/portfolio-items\/boulevard-de-grancy-2\/\",\n                            infoboxImgUrl: \"https:\/\/comunus.ch\/wp-content\/uploads\/2023\/09\/3-Lausanne-Grancy-2-660x495.jpg\",\n                            }\n                        },\n                \n                        {\n                            type: \"MyMarkers\",\n                            geometry: {\n                            type: \"Point\",\n                            coordinates: [6.5783347, 46.5365279]\n                            },\n                            properties: {\n                            title: \"Place de la Gare 2-4\",\n                            city: \"Renens\",\n                            description: \" Mixte\",\n                            category:\"mixte\",\n                            infoboxLink: \"https:\/\/comunus.ch\/de\/portfolio-items\/pl-de-la-gare-2-4\/\",\n                            infoboxImgUrl: \"https:\/\/comunus.ch\/wp-content\/uploads\/2023\/08\/DSC07938_Ret-web-660x441.jpg\",\n                            }\n                        },\n                \n                        {\n                            type: \"MyMarkers\",\n                            geometry: {\n                            type: \"Point\",\n                            coordinates: [6.6372847, 46.5102266]\n                            },\n                            properties: {\n                            title: \"Chemin de Montolivet 19\",\n                            city: \"Lausanne\",\n                            description: \" Commercial\",\n                            category:\"commercial\",\n                            infoboxLink: \"https:\/\/comunus.ch\/de\/portfolio-items\/ch-de-montolivet-19\/\",\n                            infoboxImgUrl: \"https:\/\/comunus.ch\/wp-content\/uploads\/2023\/08\/5-Lausanne-Montolivet-web-660x495.jpg\",\n                            }\n                        },\n                \n                        {\n                            type: \"MyMarkers\",\n                            geometry: {\n                            type: \"Point\",\n                            coordinates: [6.8401129, 46.4626095]\n                            },\n                            properties: {\n                            title: \"Rue Aim\u00e9-Steinlen 3-5-7\",\n                            city: \"Vevey\",\n                            description: \" Habitation\",\n                            category:\"habitation\",\n                            infoboxLink: \"https:\/\/comunus.ch\/de\/portfolio-items\/immeuble-05\/\",\n                            infoboxImgUrl: \"https:\/\/comunus.ch\/wp-content\/uploads\/2023\/08\/1-Vevey-Aime-Steinlen_6-660x440.jpg\",\n                            }\n                        },\n                \n                        {\n                            type: \"MyMarkers\",\n                            geometry: {\n                            type: \"Point\",\n                            coordinates: [6.5939289, 46.5319442]\n                            },\n                            properties: {\n                            title: \"Rue de Lausanne 71\/73\",\n                            city: \"Renens\",\n                            description: \" Mixte\",\n                            category:\"mixte\",\n                            infoboxLink: \"https:\/\/comunus.ch\/de\/portfolio-items\/rue-de-lausanne-71-73\/\",\n                            infoboxImgUrl: \"https:\/\/comunus.ch\/wp-content\/uploads\/2023\/08\/39-Renens-Rue-de-Lausanne-7173-web-660x452.jpg\",\n                            }\n                        },\n                \n                        {\n                            type: \"MyMarkers\",\n                            geometry: {\n                            type: \"Point\",\n                            coordinates: [6.6126009, 46.5152747]\n                            },\n                            properties: {\n                            title: \"Chemin de la Bateli\u00e8re 4\",\n                            city: \"Lausanne\",\n                            description: \" Habitation Lots PPE (pour vente)\",\n                            category:\"habitation-lots-ppe-pour-vente\",\n                            infoboxLink: \"https:\/\/comunus.ch\/de\/portfolio-items\/chemin-de-la-bateliere-4\/\",\n                            infoboxImgUrl: \"https:\/\/comunus.ch\/wp-content\/uploads\/2023\/08\/38bis-Bateliere-4-web-660x501.jpg\",\n                            }\n                        },\n                \n                        {\n                            type: \"MyMarkers\",\n                            geometry: {\n                            type: \"Point\",\n                            coordinates: [6.618851, 46.5163711]\n                            },\n                            properties: {\n                            title: \"Av. du Mont-d&#8217;Or 33\",\n                            city: \"Lausanne\",\n                            description: \" Habitation Lots PPE (pour vente)\",\n                            category:\"habitation-lots-ppe-pour-vente\",\n                            infoboxLink: \"https:\/\/comunus.ch\/de\/portfolio-items\/av-du-mont-dor-33\/\",\n                            infoboxImgUrl: \"https:\/\/comunus.ch\/wp-content\/uploads\/2023\/08\/30-Lausanne-Mont-d-or-web-660x495.jpg\",\n                            }\n                        },\n                \n                        {\n                            type: \"MyMarkers\",\n                            geometry: {\n                            type: \"Point\",\n                            coordinates: [6.8505978, 46.460722]\n                            },\n                            properties: {\n                            title: \"Boulevard Saint-Martin 15\",\n                            city: \"Vevey\",\n                            description: \" Habitation Lots PPE (pour vente)\",\n                            category:\"habitation-lots-ppe-pour-vente\",\n                            infoboxLink: \"https:\/\/comunus.ch\/de\/portfolio-items\/bvd-saint-martin-15\/\",\n                            infoboxImgUrl: \"https:\/\/comunus.ch\/wp-content\/uploads\/2023\/08\/15-Vevey_Bd-Saint-Martin-15_2-web-660x495.jpg\",\n                            }\n                        },\n                \n                        {\n                            type: \"MyMarkers\",\n                            geometry: {\n                            type: \"Point\",\n                            coordinates: [6.8924968, 46.461049]\n                            },\n                            properties: {\n                            title: \"Rte de Brent 32\",\n                            city: \"Blonay\",\n                            description: \" Commercial\",\n                            category:\"commercial\",\n                            infoboxLink: \"https:\/\/comunus.ch\/de\/portfolio-items\/rte-de-brent-32\/\",\n                            infoboxImgUrl: \"https:\/\/comunus.ch\/wp-content\/uploads\/2023\/08\/Comunus_EMS-Rosiers_Brent_Blonay_230717_085_ok-web-660x440.jpg\",\n                            }\n                        },\n                \n                        {\n                            type: \"MyMarkers\",\n                            geometry: {\n                            type: \"Point\",\n                            coordinates: [6.8496577, 46.4598631]\n                            },\n                            properties: {\n                            title: \"Avenue de Blonay 2\",\n                            city: \"Vevey\",\n                            description: \" Habitation Lots PPE (pour vente)\",\n                            category:\"habitation-lots-ppe-pour-vente\",\n                            infoboxLink: \"https:\/\/comunus.ch\/de\/portfolio-items\/av-de-blonay-2\/\",\n                            infoboxImgUrl: \"https:\/\/comunus.ch\/wp-content\/uploads\/2023\/08\/8-Vevey_Rt-de-Blonay-2_10092023_0007_ret-660x446.jpg\",\n                            }\n                        },\n                \n                        {\n                            type: \"MyMarkers\",\n                            geometry: {\n                            type: \"Point\",\n                            coordinates: [6.6361729, 46.7803869]\n                            },\n                            properties: {\n                            title: \"Rue d&#8217;Orbe 1-9\",\n                            city: \"Yverdon-les-Bains\",\n                            description: \" Commercial\",\n                            category:\"commercial\",\n                            infoboxLink: \"https:\/\/comunus.ch\/de\/portfolio-items\/rue-dorbe-1-9\/\",\n                            infoboxImgUrl: \"https:\/\/comunus.ch\/wp-content\/uploads\/2023\/08\/Bel-Air-640x480-1.jpg\",\n                            }\n                        },\n                \n                        {\n                            type: \"MyMarkers\",\n                            geometry: {\n                            type: \"Point\",\n                            coordinates: [6.889614, 46.4414405]\n                            },\n                            properties: {\n                            title: \"Rue du Lac 35-37\",\n                            city: \"Clarens\",\n                            description: \" Terrain\",\n                            category:\"terrain\",\n                            infoboxLink: \"https:\/\/comunus.ch\/de\/portfolio-items\/rue-du-lac-35-37\/\",\n                            infoboxImgUrl: \"https:\/\/comunus.ch\/wp-content\/uploads\/2023\/08\/Terrain_Clarens-660x775.jpg\",\n                            }\n                        },\n                \n                        {\n                            type: \"MyMarkers\",\n                            geometry: {\n                            type: \"Point\",\n                            coordinates: [6.8819935, 46.445064]\n                            },\n                            properties: {\n                            title: \"Saint-Georges\",\n                            city: \"Clarens\",\n                            description: \" Commercial\",\n                            category:\"commercial\",\n                            infoboxLink: \"https:\/\/comunus.ch\/de\/portfolio-items\/st-georges\/\",\n                            infoboxImgUrl: \"https:\/\/comunus.ch\/wp-content\/uploads\/2023\/08\/8-Clarens_St-Georges-web-660x495.jpg\",\n                            }\n                        },\n                \n                        {\n                            type: \"MyMarkers\",\n                            geometry: {\n                            type: \"Point\",\n                            coordinates: [6.7435661, 46.8000084]\n                            },\n                            properties: {\n                            title: \"Grand&#8217;Rue 31\",\n                            city: \"Yvonand\",\n                            description: \" Habitation\",\n                            category:\"habitation\",\n                            infoboxLink: \"https:\/\/comunus.ch\/de\/portfolio-items\/grandrue-31\/\",\n                            infoboxImgUrl: \"https:\/\/comunus.ch\/wp-content\/uploads\/2023\/08\/Comunus_Grd-Rue_Yvonand_230720_087_ok-1-web-660x440.jpg\",\n                            }\n                        },\n                \n                        {\n                            type: \"MyMarkers\",\n                            geometry: {\n                            type: \"Point\",\n                            coordinates: [6.2180433, 46.3996379]\n                            },\n                            properties: {\n                            title: \"Chemin de la Vuarpilli\u00e8re 3\",\n                            city: \"Nyon\",\n                            description: \" Commercial\",\n                            category:\"commercial\",\n                            infoboxLink: \"https:\/\/comunus.ch\/de\/portfolio-items\/chemin-de-la-vuarpilliere-3\/\",\n                            infoboxImgUrl: \"https:\/\/comunus.ch\/wp-content\/uploads\/2023\/08\/vuarpilliere.jpg\",\n                            }\n                        },\n                \n                        {\n                            type: \"MyMarkers\",\n                            geometry: {\n                            type: \"Point\",\n                            coordinates: [6.2516973, 46.4250385]\n                            },\n                            properties: {\n                            title: \"Chemin de Cr\u00e9tanaux 2\",\n                            city: \"Vich\",\n                            description: \" Commercial\",\n                            category:\"commercial\",\n                            infoboxLink: \"https:\/\/comunus.ch\/de\/portfolio-items\/ch-de-cretanaux-2\/\",\n                            infoboxImgUrl: \"https:\/\/comunus.ch\/wp-content\/uploads\/2023\/08\/6-Vich-Cretanaux-web-660x495.jpg\",\n                            }\n                        },\n                \n                        {\n                            type: \"MyMarkers\",\n                            geometry: {\n                            type: \"Point\",\n                            coordinates: [7.1715828, 46.8122366]\n                            },\n                            properties: {\n                            title: \"Impasse de la For\u00eat 8-10-10a\",\n                            city: \"Fribourg\",\n                            description: \" Habitation\",\n                            category:\"habitation\",\n                            infoboxLink: \"https:\/\/comunus.ch\/de\/portfolio-items\/impasse-de-la-foret-8-10-10a\/\",\n                            infoboxImgUrl: \"https:\/\/comunus.ch\/wp-content\/uploads\/2023\/08\/10-Fribourg_Impasse-Foret-web-660x495.jpg\",\n                            }\n                        },\n                \n                        {\n                            type: \"MyMarkers\",\n                            geometry: {\n                            type: \"Point\",\n                            coordinates: [6.5493148, 46.518849]\n                            },\n                            properties: {\n                            title: \"Chemin de la Venoge 9\",\n                            city: \"Ecublens\",\n                            description: \" Commercial\",\n                            category:\"commercial\",\n                            infoboxLink: \"https:\/\/comunus.ch\/de\/portfolio-items\/ch-de-la-venoge-9\/\",\n                            infoboxImgUrl: \"https:\/\/comunus.ch\/wp-content\/uploads\/2023\/08\/13-Ecublens-Venoge-web-660x440.jpg\",\n                            }\n                        },\n                \n                        {\n                            type: \"MyMarkers\",\n                            geometry: {\n                            type: \"Point\",\n                            coordinates: [6.8505123, 46.4705068]\n                            },\n                            properties: {\n                            title: \"Chemin du D\u00e9vin 1-3-5\",\n                            city: \"Vevey\",\n                            description: \" Habitation\",\n                            category:\"habitation\",\n                            infoboxLink: \"https:\/\/comunus.ch\/de\/portfolio-items\/ch-du-devin-1-3-5\/\",\n                            infoboxImgUrl: \"https:\/\/comunus.ch\/wp-content\/uploads\/2023\/08\/12-Vevey-Devin-web-660x495.jpg\",\n                            }\n                        },\n                \n                        {\n                            type: \"MyMarkers\",\n                            geometry: {\n                            type: \"Point\",\n                            coordinates: [6.8236537, 47.0908744]\n                            },\n                            properties: {\n                            title: \"Rue des Vieux-Patriotes 47-51\",\n                            city: \"La Chaux-de-Fonds\",\n                            description: \" Habitation\",\n                            category:\"habitation\",\n                            infoboxLink: \"https:\/\/comunus.ch\/de\/portfolio-items\/rue-des-vieux-patriotes-47-51\/\",\n                            infoboxImgUrl: \"https:\/\/comunus.ch\/wp-content\/uploads\/2023\/08\/Patriotes_Aussenansicht_1-660x495.jpg\",\n                            }\n                        },\n                \n                        {\n                            type: \"MyMarkers\",\n                            geometry: {\n                            type: \"Point\",\n                            coordinates: [6.8123212, 47.0922008]\n                            },\n                            properties: {\n                            title: \"Rue du Locle 21-25\",\n                            city: \"La Chaux-de-Fonds\",\n                            description: \" Habitation\",\n                            category:\"habitation\",\n                            infoboxLink: \"https:\/\/comunus.ch\/de\/portfolio-items\/rue-du-locle-21-25\/\",\n                            infoboxImgUrl: \"https:\/\/comunus.ch\/wp-content\/uploads\/2023\/08\/17-LaChaux-de-fonds-Locle-web-660x440.jpg\",\n                            }\n                        },\n                \n                        {\n                            type: \"MyMarkers\",\n                            geometry: {\n                            type: \"Point\",\n                            coordinates: [7.351086, 46.2302835]\n                            },\n                            properties: {\n                            title: \"Rue de Lausanne 67\",\n                            city: \"Sion\",\n                            description: \" Habitation\",\n                            category:\"habitation\",\n                            infoboxLink: \"https:\/\/comunus.ch\/de\/portfolio-items\/rue-de-lausanne-67\/\",\n                            infoboxImgUrl: \"https:\/\/comunus.ch\/wp-content\/uploads\/2023\/08\/25-Sion-Lausanne-67-web-660x495.jpg\",\n                            }\n                        },\n                \n                        {\n                            type: \"MyMarkers\",\n                            geometry: {\n                            type: \"Point\",\n                            coordinates: [8.3076828, 47.472084]\n                            },\n                            properties: {\n                            title: \"Weite Gasse 14\",\n                            city: \"Baden\",\n                            description: \" Commercial\",\n                            category:\"commercial\",\n                            infoboxLink: \"https:\/\/comunus.ch\/de\/portfolio-items\/weite-gasse-14\/\",\n                            infoboxImgUrl: \"https:\/\/comunus.ch\/wp-content\/uploads\/2023\/08\/20-Baden-Weite-gasse-web-660x496.jpg\",\n                            }\n                        },\n                \n                        {\n                            type: \"MyMarkers\",\n                            geometry: {\n                            type: \"Point\",\n                            coordinates: [6.5629171, 46.5307585]\n                            },\n                            properties: {\n                            title: \"Chemin de Veilloud 17\",\n                            city: \"Ecublens\",\n                            description: \" Habitation\",\n                            category:\"habitation\",\n                            infoboxLink: \"https:\/\/comunus.ch\/de\/portfolio-items\/ch-de-veilloud-17\/\",\n                            infoboxImgUrl: \"https:\/\/comunus.ch\/wp-content\/uploads\/2023\/08\/23-Ecublens-ch-de-Veilloud-17-web-660x440.jpg\",\n                            }\n                        },\n                \n                        {\n                            type: \"MyMarkers\",\n                            geometry: {\n                            type: \"Point\",\n                            coordinates: [6.5580093, 46.5251383]\n                            },\n                            properties: {\n                            title: \"Rte Neuve 81\",\n                            city: \"Ecublens\",\n                            description: \" Habitation\",\n                            category:\"habitation\",\n                            infoboxLink: \"https:\/\/comunus.ch\/de\/portfolio-items\/rte-neuve-81\/\",\n                            infoboxImgUrl: \"https:\/\/comunus.ch\/wp-content\/uploads\/2023\/08\/24-Ecublens-Rte-Neuve-81-web-660x440.jpg\",\n                            }\n                        },\n                \n                        {\n                            type: \"MyMarkers\",\n                            geometry: {\n                            type: \"Point\",\n                            coordinates: [6.6198706, 46.5237416]\n                            },\n                            properties: {\n                            title: \"Chemin de Boston 25\",\n                            city: \"Lausanne\",\n                            description: \" Mixte\",\n                            category:\"mixte\",\n                            infoboxLink: \"https:\/\/comunus.ch\/de\/portfolio-items\/chemin-de-boston-25\/\",\n                            infoboxImgUrl: \"https:\/\/comunus.ch\/wp-content\/uploads\/2023\/08\/DJI_20250612103748_0480_D-660x440.jpg\",\n                            }\n                        },\n                \n                        {\n                            type: \"MyMarkers\",\n                            geometry: {\n                            type: \"Point\",\n                            coordinates: [6.266102, 46.4273752]\n                            },\n                            properties: {\n                            title: \"All\u00e9e du Communet 20\",\n                            city: \"Gland\",\n                            description: \" Commercial\",\n                            category:\"commercial\",\n                            infoboxLink: \"https:\/\/comunus.ch\/de\/portfolio-items\/allee-du-communet-20\/\",\n                            infoboxImgUrl: \"https:\/\/comunus.ch\/wp-content\/uploads\/2023\/08\/27-Gland-Commnunet-web-660x440.jpg\",\n                            }\n                        },\n                \n                        {\n                            type: \"MyMarkers\",\n                            geometry: {\n                            type: \"Point\",\n                            coordinates: [6.2043607, 46.1923727]\n                            },\n                            properties: {\n                            title: \"Rue de Gen\u00e8ve 140\",\n                            city: \"Th\u00f4nex\",\n                            description: \" Habitation\",\n                            category:\"habitation\",\n                            infoboxLink: \"https:\/\/comunus.ch\/de\/portfolio-items\/rue-de-geneve-140\/\",\n                            infoboxImgUrl: \"https:\/\/comunus.ch\/wp-content\/uploads\/2023\/08\/19-Geneve-Rte-de-Thonex-web-660x495.jpg\",\n                            }\n                        },\n                \n                        {\n                            type: \"MyMarkers\",\n                            geometry: {\n                            type: \"Point\",\n                            coordinates: [6.6737892, 46.5061868]\n                            },\n                            properties: {\n                            title: \"Route du Simplon 22\",\n                            city: \"Paudex\",\n                            description: \" Mixte\",\n                            category:\"mixte\",\n                            infoboxLink: \"https:\/\/comunus.ch\/de\/portfolio-items\/route-du-simplon-22\/\",\n                            infoboxImgUrl: \"https:\/\/comunus.ch\/wp-content\/uploads\/2023\/08\/32-Paudex-Simplon-web-660x495.jpg\",\n                            }\n                        },\n                \n                        {\n                            type: \"MyMarkers\",\n                            geometry: {\n                            type: \"Point\",\n                            coordinates: [6.9647458, 46.3181445]\n                            },\n                            properties: {\n                            title: \"Rue Margencel 27, 29, 31\",\n                            city: \"Aigle\",\n                            description: \" Mixte\",\n                            category:\"mixte\",\n                            infoboxLink: \"https:\/\/comunus.ch\/de\/portfolio-items\/rue-margencel-27-29-31\/\",\n                            infoboxImgUrl: \"https:\/\/comunus.ch\/wp-content\/uploads\/2023\/08\/Comunus_Aigle_Margen_230717_107_ok-1-web-660x440.jpg\",\n                            }\n                        },\n                \n                        {\n                            type: \"MyMarkers\",\n                            geometry: {\n                            type: \"Point\",\n                            coordinates: [6.6451469, 46.7774166]\n                            },\n                            properties: {\n                            title: \"Rue Saint Roch 4\",\n                            city: \"Yverdon-les-Bains\",\n                            description: \" Mixte\",\n                            category:\"mixte\",\n                            infoboxLink: \"https:\/\/comunus.ch\/de\/portfolio-items\/rue-saint-roch-4\/\",\n                            infoboxImgUrl: \"https:\/\/comunus.ch\/wp-content\/uploads\/2023\/08\/Comunus_Imm_StRoch_Yverdon_230720-147_ok-web-660x440.jpg\",\n                            }\n                        },\n                \n                        {\n                            type: \"MyMarkers\",\n                            geometry: {\n                            type: \"Point\",\n                            coordinates: [6.9138488, 46.9859158]\n                            },\n                            properties: {\n                            title: \"Quai Max-Petitpierre 34, 36, 38\",\n                            city: \"Neuch\u00e2tel\",\n                            description: \" Mixte\",\n                            category:\"mixte\",\n                            infoboxLink: \"https:\/\/comunus.ch\/de\/portfolio-items\/quai-max-petitpierre-34-36-38\/\",\n                            infoboxImgUrl: \"https:\/\/comunus.ch\/wp-content\/uploads\/2023\/08\/34-Neuchatel-Max-petit-pierre-web-660x495.jpg\",\n                            }\n                        },\n                \n                ]\n                }; \n\n                \/\/ add markers to map\n                geojson.features.forEach(function(marker) {\n\n                \/\/ create a HTML element for each feature\n                var el = document.createElement(\"div\");\n                el.className = \"marker\" + \" \" + marker.properties.category;\n\n\n                \/\/ make a marker for each feature and add to the map\n                new mapboxgl.Marker(el)\n                    .setLngLat(marker.geometry.coordinates)\n                    .setPopup(new mapboxgl.Popup({ offset: 15,} ) \/\/ add popups\n                    \/\/ WITH LINK\n                    \/\/.setHTML(\"<div class=\\\"mapboxgl-popup-content-categories \" + marker.properties.category + \"\\\"><a href=\\\"\" + marker.properties.infoboxLink + \"\\\"><div class=\\\"infobox-columns\\\"><div class=\\\"infobox-column-1\\\"><img src=\\\"\" + marker.properties.infoboxImgUrl + \"\\\"><\/div><div class=\\\"infobox-column-2\\\"><h3>\" + marker.properties.title + \"<\/h3><p>\" + marker.properties.description + \"<\/p><\/div><\/div><\/a>\"))\n                    \/\/ WITHOUT LINK\n                    .setHTML(\"<div class=\\\"mapboxgl-popup-content-categories \" + marker.properties.category + \"\\\"><div class=\\\"infobox-columns\\\"><div class=\\\"infobox-column-1\\\"><img src=\\\"\" + marker.properties.infoboxImgUrl + \"\\\"><\/div><div class=\\\"infobox-column-2\\\"><h3>\" + marker.properties.title + \"<\/h3><p class=\\\"infobox-column-city\\\">\" + marker.properties.city + \"<\/p><p>\" + marker.properties.description + \"<\/p><\/div><\/div>\"))\n                    \/\/ WITHOUT IMG\n                    \/\/.setHTML(\"<div class=\\\"infobox-columns\\\"><div class=\\\"infobox-column-1\\\"><\/div><div class=\\\"infobox-column-1\\\"><h3>\" + marker.properties.title + \"<\/h3><p>\" + marker.properties.description + \"<\/p><\/div><\/div><\/div>\")\n\n                    .addTo(map);\n                });\n                \n                var coordinates = [ [6.6321853, 46.7880024],[6.6310204, 46.521726],[6.8644414, 46.4499949],[7.1500566, 46.799538],[7.3451134, 47.3637985],[6.6452682, 46.7716461],[7.1298937, 46.8013457],[6.9528786, 46.3229157],[7.1514284, 46.7830236],[6.9586437, 46.319594],[6.9362478, 46.8211345],[6.6320047, 46.5415104],[6.6234107, 46.5201246],[6.6455305, 46.5164219],[6.6183459, 46.5273251],[6.8578763, 46.4520148],[6.6314175, 46.5157314],[6.1388462, 46.2024018],[6.5796368, 46.5327543],[6.9263227, 46.3973619],[6.9191326, 46.4303362],[6.6349446, 46.5097811],[6.2183422, 46.4002247],[6.8434243, 46.4617384],[6.8447632, 46.4601796],[6.9369181, 46.8186914],[6.8953129, 46.4455214],[6.6584247, 46.7771182],[6.6250572, 46.5400826],[6.9337643, 46.3956612],[6.8578101, 46.4559944],[6.6316101, 46.7900792],[6.9267923, 46.4242655],[6.842955, 46.5395443],[6.6210034, 46.5412319],[6.5715303, 46.7134016],[6.8436156, 46.4615065],[6.1439631, 46.1875751],[6.6321255, 46.5150835],[6.5783347, 46.5365279],[6.6372847, 46.5102266],[6.8401129, 46.4626095],[6.5939289, 46.5319442],[6.6126009, 46.5152747],[6.618851, 46.5163711],[6.8505978, 46.460722],[6.8924968, 46.461049],[6.8496577, 46.4598631],[6.6361729, 46.7803869],[6.889614, 46.4414405],[6.8819935, 46.445064],[6.7435661, 46.8000084],[6.2180433, 46.3996379],[6.2516973, 46.4250385],[7.1715828, 46.8122366],[6.5493148, 46.518849],[6.8505123, 46.4705068],[6.8236537, 47.0908744],[6.8123212, 47.0922008],[7.351086, 46.2302835],[8.3076828, 47.472084],[6.5629171, 46.5307585],[6.5580093, 46.5251383],[6.6198706, 46.5237416],[6.266102, 46.4273752],[6.2043607, 46.1923727],[6.6737892, 46.5061868],[6.9647458, 46.3181445],[6.6451469, 46.7774166],[6.9138488, 46.9859158],];\n\n                var bounds = coordinates.reduce(function(bounds, coord) {\n                return bounds.extend(coord);\n                }, new mapboxgl.LngLatBounds(coordinates[0], coordinates[0]));\n\n                \n                map.fitBounds(bounds, {\n                    padding: 100\n                });\n\n                map.addControl(new mapboxgl.GeolocateControl({\n                    positionOptions: {\n                    enableHighAccuracy: true\n                    },\n                    trackUserLocation: true,\n                    showUserHeading: true\n                }));\n                \n\n                <\/script>\n<\/div><\/div>\n<\/div><\/section>\n","protected":false},"excerpt":{"rendered":"<p>Immobilienanlagefonds Die Comunus SICAV ist ein Immobilienfonds nach schweizerischem Recht mit hoher Wertsch\u00f6pfung, der an der Schweizer B\u00f6rse (CMUS) kotiert [&hellip;]<\/p>\n","protected":false},"author":1,"featured_media":0,"parent":0,"menu_order":0,"comment_status":"closed","ping_status":"closed","template":"","meta":{"_acf_changed":false,"footnotes":""},"class_list":["post-3290","page","type-page","status-publish","hentry"],"acf":[],"yoast_head":"<!-- This site is optimized with the Yoast SEO plugin v27.4 - https:\/\/yoast.com\/product\/yoast-seo-wordpress\/ -->\n<title>Comunus SICAV - Fonds f\u00fcr qualifizierte Anlegerinnen und Anleger<\/title>\n<meta name=\"description\" content=\"Die Comunus SICAV ist ein Immobilienfonds nach schweizerischem Recht mit hoher Wertsch\u00f6pfung, der f\u00fcr Anlegerinnen und Anleger eine attraktive Rendite erwirtschaftet.\" \/>\n<meta name=\"robots\" content=\"index, follow, max-snippet:-1, max-image-preview:large, max-video-preview:-1\" \/>\n<link rel=\"canonical\" href=\"https:\/\/comunus.ch\/de\/\" \/>\n<meta property=\"og:locale\" content=\"de_DE\" \/>\n<meta property=\"og:type\" content=\"article\" \/>\n<meta property=\"og:title\" content=\"Comunus SICAV - Fonds f\u00fcr qualifizierte Anlegerinnen und Anleger\" \/>\n<meta property=\"og:description\" content=\"Die Comunus SICAV ist ein Immobilienfonds nach schweizerischem Recht mit hoher Wertsch\u00f6pfung, der f\u00fcr Anlegerinnen und Anleger eine attraktive Rendite erwirtschaftet.\" \/>\n<meta property=\"og:url\" content=\"https:\/\/comunus.ch\/de\/\" \/>\n<meta property=\"og:site_name\" content=\"Comunus\" \/>\n<meta property=\"article:modified_time\" content=\"2026-04-16T13:20:08+00:00\" \/>\n<meta property=\"og:image\" content=\"https:\/\/comunus.ch\/wp-content\/uploads\/2023\/09\/DSC07949_Ret.jpg\" \/>\n\t<meta property=\"og:image:width\" content=\"1497\" \/>\n\t<meta property=\"og:image:height\" content=\"1000\" \/>\n\t<meta property=\"og:image:type\" content=\"image\/jpeg\" \/>\n<meta name=\"twitter:card\" content=\"summary_large_image\" \/>\n<meta name=\"twitter:label1\" content=\"Gesch\u00e4tzte Lesezeit\" \/>\n\t<meta name=\"twitter:data1\" content=\"3\u00a0Minuten\" \/>\n<script type=\"application\/ld+json\" class=\"yoast-schema-graph\">{\"@context\":\"https:\\\/\\\/schema.org\",\"@graph\":[{\"@type\":\"WebPage\",\"@id\":\"https:\\\/\\\/comunus.ch\\\/de\\\/\",\"url\":\"https:\\\/\\\/comunus.ch\\\/de\\\/\",\"name\":\"Comunus SICAV - Fonds f\u00fcr qualifizierte Anlegerinnen und Anleger\",\"isPartOf\":{\"@id\":\"https:\\\/\\\/comunus.ch\\\/#website\"},\"primaryImageOfPage\":{\"@id\":\"https:\\\/\\\/comunus.ch\\\/de\\\/#primaryimage\"},\"image\":{\"@id\":\"https:\\\/\\\/comunus.ch\\\/de\\\/#primaryimage\"},\"thumbnailUrl\":\"https:\\\/\\\/comunus.ch\\\/wp-content\\\/uploads\\\/2023\\\/08\\\/icon-performance-yellow.svg\",\"datePublished\":\"2020-08-15T15:48:42+00:00\",\"dateModified\":\"2026-04-16T13:20:08+00:00\",\"description\":\"Die Comunus SICAV ist ein Immobilienfonds nach schweizerischem Recht mit hoher Wertsch\u00f6pfung, der f\u00fcr Anlegerinnen und Anleger eine attraktive Rendite erwirtschaftet.\",\"breadcrumb\":{\"@id\":\"https:\\\/\\\/comunus.ch\\\/de\\\/#breadcrumb\"},\"inLanguage\":\"de\",\"potentialAction\":[{\"@type\":\"ReadAction\",\"target\":[\"https:\\\/\\\/comunus.ch\\\/de\\\/\"]}]},{\"@type\":\"ImageObject\",\"inLanguage\":\"de\",\"@id\":\"https:\\\/\\\/comunus.ch\\\/de\\\/#primaryimage\",\"url\":\"https:\\\/\\\/comunus.ch\\\/wp-content\\\/uploads\\\/2023\\\/08\\\/icon-performance-yellow.svg\",\"contentUrl\":\"https:\\\/\\\/comunus.ch\\\/wp-content\\\/uploads\\\/2023\\\/08\\\/icon-performance-yellow.svg\"},{\"@type\":\"BreadcrumbList\",\"@id\":\"https:\\\/\\\/comunus.ch\\\/de\\\/#breadcrumb\",\"itemListElement\":[{\"@type\":\"ListItem\",\"position\":1,\"name\":\"Home\",\"item\":\"https:\\\/\\\/comunus.ch\\\/de\\\/\"},{\"@type\":\"ListItem\",\"position\":2,\"name\":\"Home\"}]},{\"@type\":\"WebSite\",\"@id\":\"https:\\\/\\\/comunus.ch\\\/#website\",\"url\":\"https:\\\/\\\/comunus.ch\\\/\",\"name\":\"Comunus\",\"description\":\"Fonds pour investisseurs qualifi\u00e9s\",\"publisher\":{\"@id\":\"https:\\\/\\\/comunus.ch\\\/#organization\"},\"potentialAction\":[{\"@type\":\"SearchAction\",\"target\":{\"@type\":\"EntryPoint\",\"urlTemplate\":\"https:\\\/\\\/comunus.ch\\\/?s={search_term_string}\"},\"query-input\":{\"@type\":\"PropertyValueSpecification\",\"valueRequired\":true,\"valueName\":\"search_term_string\"}}],\"inLanguage\":\"de\"},{\"@type\":\"Organization\",\"@id\":\"https:\\\/\\\/comunus.ch\\\/#organization\",\"name\":\"Comunus\",\"url\":\"https:\\\/\\\/comunus.ch\\\/\",\"logo\":{\"@type\":\"ImageObject\",\"inLanguage\":\"de\",\"@id\":\"https:\\\/\\\/comunus.ch\\\/#\\\/schema\\\/logo\\\/image\\\/\",\"url\":\"https:\\\/\\\/comunus.ch\\\/wp-content\\\/uploads\\\/2023\\\/07\\\/logo-comunus.svg\",\"contentUrl\":\"https:\\\/\\\/comunus.ch\\\/wp-content\\\/uploads\\\/2023\\\/07\\\/logo-comunus.svg\",\"width\":190,\"height\":26,\"caption\":\"Comunus\"},\"image\":{\"@id\":\"https:\\\/\\\/comunus.ch\\\/#\\\/schema\\\/logo\\\/image\\\/\"}}]}<\/script>\n<!-- \/ Yoast SEO plugin. -->","yoast_head_json":{"title":"Comunus SICAV - Fonds f\u00fcr qualifizierte Anlegerinnen und Anleger","description":"Die Comunus SICAV ist ein Immobilienfonds nach schweizerischem Recht mit hoher Wertsch\u00f6pfung, der f\u00fcr Anlegerinnen und Anleger eine attraktive Rendite erwirtschaftet.","robots":{"index":"index","follow":"follow","max-snippet":"max-snippet:-1","max-image-preview":"max-image-preview:large","max-video-preview":"max-video-preview:-1"},"canonical":"https:\/\/comunus.ch\/de\/","og_locale":"de_DE","og_type":"article","og_title":"Comunus SICAV - Fonds f\u00fcr qualifizierte Anlegerinnen und Anleger","og_description":"Die Comunus SICAV ist ein Immobilienfonds nach schweizerischem Recht mit hoher Wertsch\u00f6pfung, der f\u00fcr Anlegerinnen und Anleger eine attraktive Rendite erwirtschaftet.","og_url":"https:\/\/comunus.ch\/de\/","og_site_name":"Comunus","article_modified_time":"2026-04-16T13:20:08+00:00","og_image":[{"width":1497,"height":1000,"url":"https:\/\/comunus.ch\/wp-content\/uploads\/2023\/09\/DSC07949_Ret.jpg","type":"image\/jpeg"}],"twitter_card":"summary_large_image","twitter_misc":{"Gesch\u00e4tzte Lesezeit":"3\u00a0Minuten"},"schema":{"@context":"https:\/\/schema.org","@graph":[{"@type":"WebPage","@id":"https:\/\/comunus.ch\/de\/","url":"https:\/\/comunus.ch\/de\/","name":"Comunus SICAV - Fonds f\u00fcr qualifizierte Anlegerinnen und Anleger","isPartOf":{"@id":"https:\/\/comunus.ch\/#website"},"primaryImageOfPage":{"@id":"https:\/\/comunus.ch\/de\/#primaryimage"},"image":{"@id":"https:\/\/comunus.ch\/de\/#primaryimage"},"thumbnailUrl":"https:\/\/comunus.ch\/wp-content\/uploads\/2023\/08\/icon-performance-yellow.svg","datePublished":"2020-08-15T15:48:42+00:00","dateModified":"2026-04-16T13:20:08+00:00","description":"Die Comunus SICAV ist ein Immobilienfonds nach schweizerischem Recht mit hoher Wertsch\u00f6pfung, der f\u00fcr Anlegerinnen und Anleger eine attraktive Rendite erwirtschaftet.","breadcrumb":{"@id":"https:\/\/comunus.ch\/de\/#breadcrumb"},"inLanguage":"de","potentialAction":[{"@type":"ReadAction","target":["https:\/\/comunus.ch\/de\/"]}]},{"@type":"ImageObject","inLanguage":"de","@id":"https:\/\/comunus.ch\/de\/#primaryimage","url":"https:\/\/comunus.ch\/wp-content\/uploads\/2023\/08\/icon-performance-yellow.svg","contentUrl":"https:\/\/comunus.ch\/wp-content\/uploads\/2023\/08\/icon-performance-yellow.svg"},{"@type":"BreadcrumbList","@id":"https:\/\/comunus.ch\/de\/#breadcrumb","itemListElement":[{"@type":"ListItem","position":1,"name":"Home","item":"https:\/\/comunus.ch\/de\/"},{"@type":"ListItem","position":2,"name":"Home"}]},{"@type":"WebSite","@id":"https:\/\/comunus.ch\/#website","url":"https:\/\/comunus.ch\/","name":"Comunus","description":"Fonds pour investisseurs qualifi\u00e9s","publisher":{"@id":"https:\/\/comunus.ch\/#organization"},"potentialAction":[{"@type":"SearchAction","target":{"@type":"EntryPoint","urlTemplate":"https:\/\/comunus.ch\/?s={search_term_string}"},"query-input":{"@type":"PropertyValueSpecification","valueRequired":true,"valueName":"search_term_string"}}],"inLanguage":"de"},{"@type":"Organization","@id":"https:\/\/comunus.ch\/#organization","name":"Comunus","url":"https:\/\/comunus.ch\/","logo":{"@type":"ImageObject","inLanguage":"de","@id":"https:\/\/comunus.ch\/#\/schema\/logo\/image\/","url":"https:\/\/comunus.ch\/wp-content\/uploads\/2023\/07\/logo-comunus.svg","contentUrl":"https:\/\/comunus.ch\/wp-content\/uploads\/2023\/07\/logo-comunus.svg","width":190,"height":26,"caption":"Comunus"},"image":{"@id":"https:\/\/comunus.ch\/#\/schema\/logo\/image\/"}}]}},"_links":{"self":[{"href":"https:\/\/comunus.ch\/de\/wp-json\/wp\/v2\/pages\/3290","targetHints":{"allow":["GET"]}}],"collection":[{"href":"https:\/\/comunus.ch\/de\/wp-json\/wp\/v2\/pages"}],"about":[{"href":"https:\/\/comunus.ch\/de\/wp-json\/wp\/v2\/types\/page"}],"author":[{"embeddable":true,"href":"https:\/\/comunus.ch\/de\/wp-json\/wp\/v2\/users\/1"}],"replies":[{"embeddable":true,"href":"https:\/\/comunus.ch\/de\/wp-json\/wp\/v2\/comments?post=3290"}],"version-history":[{"count":13,"href":"https:\/\/comunus.ch\/de\/wp-json\/wp\/v2\/pages\/3290\/revisions"}],"predecessor-version":[{"id":5603,"href":"https:\/\/comunus.ch\/de\/wp-json\/wp\/v2\/pages\/3290\/revisions\/5603"}],"wp:attachment":[{"href":"https:\/\/comunus.ch\/de\/wp-json\/wp\/v2\/media?parent=3290"}],"curies":[{"name":"wp","href":"https:\/\/api.w.org\/{rel}","templated":true}]}}