{"id":3281,"date":"2023-06-21T10:18:58","date_gmt":"2023-06-21T08:18:58","guid":{"rendered":"https:\/\/comunus.ch\/geschaeftsleitung\/"},"modified":"2026-03-04T16:49:27","modified_gmt":"2026-03-04T15:49:27","slug":"geschaeftsleitung","status":"publish","type":"page","link":"https:\/\/comunus.ch\/de\/geschaeftsleitung\/","title":{"rendered":"Gesch\u00e4ftsleitung"},"content":{"rendered":"\n<div class=\"wp-block-columns is-layout-flex wp-container-core-columns-is-layout-9d6595d7 wp-block-columns-is-layout-flex\">\n<div class=\"wp-block-column is-vertically-aligned-center mb-5 mb-md-0 has-orange-global-background-color has-background is-layout-flow wp-block-column-is-layout-flow\">\n<h2 class=\"wp-block-heading has-text-align-left m-0 has-white-global-color has-text-color\">Ein starkes und agiles Team<\/h2>\n<\/div>\n\n\n\n<div class=\"wp-block-column is-vertically-aligned-center is-layout-flow wp-block-column-is-layout-flow\">\n<h4 class=\"wp-block-heading\">Die Gesch\u00e4ftsleitung von Comunus vereint vielf\u00e4ltige und fundierte Kenntnisse in den Bereichen Immobilieninvestitionen, Finanzen und Risikomanagement sowie eine bemerkenswerte F\u00e4higkeit zur Zusammenarbeit und zur Schaffung von Synergien.<\/h4>\n<\/div>\n<\/div>\n\n\n\n<div style=\"height:50px\" aria-hidden=\"true\" class=\"wp-block-spacer\"><\/div>\n\n\n<div id=\"devsectorcustomposttypeteammanager-block_62d6f76e91d9604eb7983aa07baa7e0b\" class=\"devsectorcustomposttypeteammanager\">\n<!-- <div class=\"devsectorcustomposttypeteammanager-content\" data-aos=\"fade-up\"> -->\n<div class=\"devsectorcustomposttypeteammanager-content\">\n                  \n                <div class=\"devsectorcustomposttypeteammanager-title\"> \n                    <!--<div class=\"accordion-button-team collapsed\" type=\"button\" data-bs-toggle=\"collapse\" data-bs-target=\"#collapse-block_62d6f76e91d9604eb7983aa07baa7e0b\" aria-expanded=\"true\" aria-controls=\"collapseOne\">-->\n                    <div>\n                            <h4><\/h4>\n                    <\/div>\n                <\/div>\n                <div id=\"collapse-block_62d6f76e91d9604eb7983aa07baa7e0b\" class=\"accordion-collapse collapse show\">\n                \n                            <div  class=\"devsectorcustomposttypeteammanager-grid row\">          \n                                    \n                                        \n                                        <div class=\"devsectorcustomposttypeteammanager-item col-12 col-md-6\">\n                                            \n\n\n    <div class=\"card h-100 mb-3\">\n\n                                                                            <div data-bs-toggle=\"modal\" data-bs-target=\"#modal-devsectorcustomposttypeteammanager-block_62d6f76e91d9604eb7983aa07baa7e0b-1\">\n                                            <img decoding=\"async\" src=\"https:\/\/comunus.ch\/wp-content\/uploads\/2024\/01\/Julien-Baervf-1-600x600.jpg\" alt=\"Julien Baer\">\n                                        <\/div>\n                                    \n                                    <div class=\"back-columns\">\n                                        <div data-bs-toggle=\"modal\" data-bs-target=\"#modal-devsectorcustomposttypeteammanager-block_62d6f76e91d9604eb7983aa07baa7e0b-1\">\n                                        <h3>Julien Baer<\/h3>\n                                                                                    <div class=\"devsectorcustomposttypeteammanager-item-role\">\n                                                Chief Executive Officer                                            <\/div><!-- .devsectorcustomposttypeteammanager-item-line-->\n                                        \n                                        \n\n                                                                                                            <div class=\"devsectorcustomposttypeteammanager-description\">\n                                                                        <p>Julien Baer hat seine Karriere in der Abteilung Wirtschaftspr\u00fcfung &amp; Beratung von PwC begonnen und seither rund zehn Jahre Erfahrung in der Finanzwelt gesammelt &#8230;<\/p>\n                                                                    <\/div><!-- .devsectorcustomposttypeteammanager-description-->\n                                         \n\n\n                                        \n                                        \n                                       \n                                        \n                                        <\/div>\n\n                                        <div class=\"bottom-card d-flex justify-content-between align-items-center\">\n                                            <div class=\"contact-box\">\n      \n            <div class=\"devsectorcustomposttypeteammanager-contact-box-item-linkedin\">\n            <a href=\"https:\/\/www.linkedin.com\/in\/julien-baer-68259442\" target=\"_blank\">\n            <svg id=\"Calque_2\" xmlns=\"http:\/\/www.w3.org\/2000\/svg\" height=\"1em\" viewBox=\"0 0 40.5 40.5\"><defs><style>.linkedinPath{fill:#915830;}<\/style><\/defs><g id=\"Calque_1-2\"><path class=\"linkedinPath\" d=\"m40.5,2.92v34.66c0,1.61-1.3,2.92-2.89,2.92H2.88c-1.59,0-2.88-1.31-2.88-2.92V2.92C0,1.31,1.29,0,2.88,0h34.73c1.59,0,2.89,1.31,2.89,2.92Zm-27.78,6.35c0-1.92-1.56-3.48-3.48-3.48s-3.48,1.56-3.48,3.48,1.56,3.48,3.48,3.48,3.48-1.55,3.48-3.48Zm-.47,25.45V15.39h-6.01v19.33h6.01Zm22.49-10.6c0-5.21-1.13-9.21-7.21-9.21-2.92,0-4.88,1.6-5.69,3.12h-.08v-2.64h-5.76v19.33h6v-9.56c0-2.52.48-4.96,3.61-4.96s3.12,2.88,3.12,5.13v9.4h6v-10.6Z\"\/><\/g><\/svg>\n            \n            <span>Linked<\/span>\n        <\/a>\n        <\/div><!-- .devsectorcustomposttypeteammanager-contact-box-item-->\n     \n<\/div>\n\n                                            <div class=\"read-more-links-box mt-auto\">\n                                                <div class=\"wp-block-buttons\">\n                                                    <div class=\"wp-block-button is-style-outline\">\n                                                        <a class=\"wp-block-button__link has-bordeaux -color has-text-color wp-element-button\" href=\"#!\" title=\"Gesch\u00e4ftsleitung\" data-bs-toggle=\"modal\" data-bs-target=\"#modal-devsectorcustomposttypeteammanager-block_62d6f76e91d9604eb7983aa07baa7e0b-1\">\n                                                            <svg xmlns=\"http:\/\/www.w3.org\/2000\/svg\" width=\"18\" height=\"18\" viewBox=\"0 0 24 24\"><path d=\"M24 10h-10v-10h-4v10h-10v4h10v10h4v-10h10z\" fill=\"#9E3E2D\"\/><\/svg>\n                                                        <\/a>\n                                                    <\/div>\n                                                <\/div>\n                                            <\/div>\n\n                                        <\/div><!-- .bottom-card -->\n                                        \n\n                                        \n                                    <\/div>\n                     \n    <\/div><!-- card -->\n\n  \n    <div class=\"modal fade\" tabindex=\"-1\" id=\"modal-devsectorcustomposttypeteammanager-block_62d6f76e91d9604eb7983aa07baa7e0b-1\" aria-labelledby=\"exampleModalLabel\" aria-hidden=\"true\">\n                        <div class=\"modal-dialog modal-dialog-centered modal-xl\">\n                            <div class=\"modal-content\">\n\n                                <div class=\"inner\">\n                                    \n                                    <div class=\"back-columns-group modal-body\">\n                                        \n                                                                                            <div class=\"back-columns\">\n                                                    <img decoding=\"async\" src=\"https:\/\/comunus.ch\/wp-content\/uploads\/2024\/01\/Julien-Baervf-1-600x600.jpg\" alt=\"Julien Baer\">\n                                                <\/div>\n                                                                                    \n                                        <div class=\"back-columns\">\n                                            <div class=\"info\">\n                                                <h4>Julien Baer<\/h4>\n                                                                                                <div class=\"devsectorcustomposttypeteammanager-item-role\">\n                                                    Chief Executive Officer                                                <\/div><!-- .devsectorcustomposttypeteammanager-item-line-->\n                                                                                        <\/div>\n                                            <div class=\"devsectorcustomposttypeteammanager-info\">\n                                            \n                                                \n                                                                    <div class=\"devsectorcustomposttypeteammanager-description\">\n                                                                    <!-- wp:paragraph {\"translatedWithWPMLTM\":\"1\"} -->\n<p>Julien Baer hat seine Karriere in der Abteilung Wirtschaftspr\u00fcfung &amp; Beratung von PwC begonnen und seither rund zehn Jahre Erfahrung in der Finanzwelt gesammelt. Als Manager betreute er bei PwC zahlreiche Kunden auf dem Schweizer Finanzplatz, darunter Banken und Investmentfonds.Gleichzeitig leitete er verschiedene Immobilienprojekte, bevor er 2021 als Chief Financial Officer zu Comunus kam. Im Jahr 2022 wurde er Partner und 2024 Chief Executive Officer.  <\/p>\n<!-- \/wp:paragraph --><!-- wp:paragraph -->\n<p><\/p>\n<!-- \/wp:paragraph -->                                                                    <\/div><!-- .devsectorcustomposttypeteammanager-description-->\n                                            \n                                            <\/div><!-- devsectorcustomposttypeteammanager-info -->\n\n                                            <div class=\"contact-box\">\n      \n            <div class=\"devsectorcustomposttypeteammanager-contact-box-item-linkedin\">\n            <a href=\"https:\/\/www.linkedin.com\/in\/julien-baer-68259442\" target=\"_blank\">\n            <svg id=\"Calque_2\" xmlns=\"http:\/\/www.w3.org\/2000\/svg\" height=\"1em\" viewBox=\"0 0 40.5 40.5\"><defs><style>.linkedinPath{fill:#915830;}<\/style><\/defs><g id=\"Calque_1-2\"><path class=\"linkedinPath\" d=\"m40.5,2.92v34.66c0,1.61-1.3,2.92-2.89,2.92H2.88c-1.59,0-2.88-1.31-2.88-2.92V2.92C0,1.31,1.29,0,2.88,0h34.73c1.59,0,2.89,1.31,2.89,2.92Zm-27.78,6.35c0-1.92-1.56-3.48-3.48-3.48s-3.48,1.56-3.48,3.48,1.56,3.48,3.48,3.48,3.48-1.55,3.48-3.48Zm-.47,25.45V15.39h-6.01v19.33h6.01Zm22.49-10.6c0-5.21-1.13-9.21-7.21-9.21-2.92,0-4.88,1.6-5.69,3.12h-.08v-2.64h-5.76v19.33h6v-9.56c0-2.52.48-4.96,3.61-4.96s3.12,2.88,3.12,5.13v9.4h6v-10.6Z\"\/><\/g><\/svg>\n            \n            <span>Linked<\/span>\n        <\/a>\n        <\/div><!-- .devsectorcustomposttypeteammanager-contact-box-item-->\n     \n<\/div>\n                                        <\/div>\n                                    <\/div><!-- back-columns-group -->\n                                    <div class=\"close-modal-cross\">\n                                                <label data-bs-dismiss=\"modal\">\n                                                    <i class=\"fa fa-times\" aria-hidden=\"true\"><\/i>\n                                                <\/label>\n                                    <\/div>\n                                <\/div><!-- inner -->\n                            <\/div><!-- modal-content -->\n                        <\/div><!-- modal-dialog -->\n    <\/div><!-- modal -->                                        <\/div><!--.devsectorcustomposttypeteammanager-itemaccordion-item  -->\n                                        \n                                        <div class=\"devsectorcustomposttypeteammanager-item col-12 col-md-6\">\n                                            \n\n\n    <div class=\"card h-100 mb-3\">\n\n                                                                            <div data-bs-toggle=\"modal\" data-bs-target=\"#modal-devsectorcustomposttypeteammanager-block_62d6f76e91d9604eb7983aa07baa7e0b-2\">\n                                            <img decoding=\"async\" src=\"https:\/\/comunus.ch\/wp-content\/uploads\/2025\/05\/Photo_Joel-Favrod_3-600x600.webp\" alt=\"Jo\u00ebl Favrod\">\n                                        <\/div>\n                                    \n                                    <div class=\"back-columns\">\n                                        <div data-bs-toggle=\"modal\" data-bs-target=\"#modal-devsectorcustomposttypeteammanager-block_62d6f76e91d9604eb7983aa07baa7e0b-2\">\n                                        <h3>Jo\u00ebl Favrod<\/h3>\n                                                                                    <div class=\"devsectorcustomposttypeteammanager-item-role\">\n                                                Chief Financial Officer                                            <\/div><!-- .devsectorcustomposttypeteammanager-item-line-->\n                                        \n                                        \n\n                                                                                                            <div class=\"devsectorcustomposttypeteammanager-description\">\n                                                                        <p>Nach acht Jahren in verschiedenen Positionen im Rechnungswesen und Controlling in mehreren Unternehmen war Jo\u00ebl Favrod von 2018 bis 2025 als Finance Manager bei Investis Properties SA t\u00e4tig&#8230;<\/p>\n                                                                    <\/div><!-- .devsectorcustomposttypeteammanager-description-->\n                                         \n\n\n                                        \n                                        \n                                       \n                                        \n                                        <\/div>\n\n                                        <div class=\"bottom-card d-flex justify-content-between align-items-center\">\n                                            <div class=\"contact-box\">\n      \n            <div class=\"devsectorcustomposttypeteammanager-contact-box-item-linkedin\">\n            <a href=\"https:\/\/ch.linkedin.com\/in\/jo%C3%ABl-favrod-71b96422\" target=\"_blank\">\n            <svg id=\"Calque_2\" xmlns=\"http:\/\/www.w3.org\/2000\/svg\" height=\"1em\" viewBox=\"0 0 40.5 40.5\"><defs><style>.linkedinPath{fill:#915830;}<\/style><\/defs><g id=\"Calque_1-2\"><path class=\"linkedinPath\" d=\"m40.5,2.92v34.66c0,1.61-1.3,2.92-2.89,2.92H2.88c-1.59,0-2.88-1.31-2.88-2.92V2.92C0,1.31,1.29,0,2.88,0h34.73c1.59,0,2.89,1.31,2.89,2.92Zm-27.78,6.35c0-1.92-1.56-3.48-3.48-3.48s-3.48,1.56-3.48,3.48,1.56,3.48,3.48,3.48,3.48-1.55,3.48-3.48Zm-.47,25.45V15.39h-6.01v19.33h6.01Zm22.49-10.6c0-5.21-1.13-9.21-7.21-9.21-2.92,0-4.88,1.6-5.69,3.12h-.08v-2.64h-5.76v19.33h6v-9.56c0-2.52.48-4.96,3.61-4.96s3.12,2.88,3.12,5.13v9.4h6v-10.6Z\"\/><\/g><\/svg>\n            \n            <span>Linked<\/span>\n        <\/a>\n        <\/div><!-- .devsectorcustomposttypeteammanager-contact-box-item-->\n     \n<\/div>\n\n                                            <div class=\"read-more-links-box mt-auto\">\n                                                <div class=\"wp-block-buttons\">\n                                                    <div class=\"wp-block-button is-style-outline\">\n                                                        <a class=\"wp-block-button__link has-bordeaux -color has-text-color wp-element-button\" href=\"#!\" title=\"Gesch\u00e4ftsleitung\" data-bs-toggle=\"modal\" data-bs-target=\"#modal-devsectorcustomposttypeteammanager-block_62d6f76e91d9604eb7983aa07baa7e0b-2\">\n                                                            <svg xmlns=\"http:\/\/www.w3.org\/2000\/svg\" width=\"18\" height=\"18\" viewBox=\"0 0 24 24\"><path d=\"M24 10h-10v-10h-4v10h-10v4h10v10h4v-10h10z\" fill=\"#9E3E2D\"\/><\/svg>\n                                                        <\/a>\n                                                    <\/div>\n                                                <\/div>\n                                            <\/div>\n\n                                        <\/div><!-- .bottom-card -->\n                                        \n\n                                        \n                                    <\/div>\n                     \n    <\/div><!-- card -->\n\n  \n    <div class=\"modal fade\" tabindex=\"-1\" id=\"modal-devsectorcustomposttypeteammanager-block_62d6f76e91d9604eb7983aa07baa7e0b-2\" aria-labelledby=\"exampleModalLabel\" aria-hidden=\"true\">\n                        <div class=\"modal-dialog modal-dialog-centered modal-xl\">\n                            <div class=\"modal-content\">\n\n                                <div class=\"inner\">\n                                    \n                                    <div class=\"back-columns-group modal-body\">\n                                        \n                                                                                            <div class=\"back-columns\">\n                                                    <img decoding=\"async\" src=\"https:\/\/comunus.ch\/wp-content\/uploads\/2025\/05\/Photo_Joel-Favrod_3-600x600.webp\" alt=\"Jo\u00ebl Favrod\">\n                                                <\/div>\n                                                                                    \n                                        <div class=\"back-columns\">\n                                            <div class=\"info\">\n                                                <h4>Jo\u00ebl Favrod<\/h4>\n                                                                                                <div class=\"devsectorcustomposttypeteammanager-item-role\">\n                                                    Chief Financial Officer                                                <\/div><!-- .devsectorcustomposttypeteammanager-item-line-->\n                                                                                        <\/div>\n                                            <div class=\"devsectorcustomposttypeteammanager-info\">\n                                            \n                                                \n                                                                    <div class=\"devsectorcustomposttypeteammanager-description\">\n                                                                    <!-- wp:paragraph {\"translatedWithWPMLTM\":\"1\"} -->\n<p>Nach acht Jahren in verschiedenen Positionen im Rechnungswesen und Controlling in mehreren Unternehmen war Jo\u00ebl Favrod von 2018 bis 2025 als Finance Manager bei Investis Properties SA t\u00e4tig. Sein eidgen\u00f6ssisches Diplom als Experte in Finanzen und Controlling erlangte er 2017. Am 1. Mai 2025 trat er als Chief Financial Officer in die Comunus ein. <\/p>\n<!-- \/wp:paragraph --><!-- wp:paragraph -->\n<p><\/p>\n<!-- \/wp:paragraph -->                                                                    <\/div><!-- .devsectorcustomposttypeteammanager-description-->\n                                            \n                                            <\/div><!-- devsectorcustomposttypeteammanager-info -->\n\n                                            <div class=\"contact-box\">\n      \n            <div class=\"devsectorcustomposttypeteammanager-contact-box-item-linkedin\">\n            <a href=\"https:\/\/ch.linkedin.com\/in\/jo%C3%ABl-favrod-71b96422\" target=\"_blank\">\n            <svg id=\"Calque_2\" xmlns=\"http:\/\/www.w3.org\/2000\/svg\" height=\"1em\" viewBox=\"0 0 40.5 40.5\"><defs><style>.linkedinPath{fill:#915830;}<\/style><\/defs><g id=\"Calque_1-2\"><path class=\"linkedinPath\" d=\"m40.5,2.92v34.66c0,1.61-1.3,2.92-2.89,2.92H2.88c-1.59,0-2.88-1.31-2.88-2.92V2.92C0,1.31,1.29,0,2.88,0h34.73c1.59,0,2.89,1.31,2.89,2.92Zm-27.78,6.35c0-1.92-1.56-3.48-3.48-3.48s-3.48,1.56-3.48,3.48,1.56,3.48,3.48,3.48,3.48-1.55,3.48-3.48Zm-.47,25.45V15.39h-6.01v19.33h6.01Zm22.49-10.6c0-5.21-1.13-9.21-7.21-9.21-2.92,0-4.88,1.6-5.69,3.12h-.08v-2.64h-5.76v19.33h6v-9.56c0-2.52.48-4.96,3.61-4.96s3.12,2.88,3.12,5.13v9.4h6v-10.6Z\"\/><\/g><\/svg>\n            \n            <span>Linked<\/span>\n        <\/a>\n        <\/div><!-- .devsectorcustomposttypeteammanager-contact-box-item-->\n     \n<\/div>\n                                        <\/div>\n                                    <\/div><!-- back-columns-group -->\n                                    <div class=\"close-modal-cross\">\n                                                <label data-bs-dismiss=\"modal\">\n                                                    <i class=\"fa fa-times\" aria-hidden=\"true\"><\/i>\n                                                <\/label>\n                                    <\/div>\n                                <\/div><!-- inner -->\n                            <\/div><!-- modal-content -->\n                        <\/div><!-- modal-dialog -->\n    <\/div><!-- modal -->                                        <\/div><!--.devsectorcustomposttypeteammanager-itemaccordion-item  -->\n                                        \n                                        <div class=\"devsectorcustomposttypeteammanager-item col-12 col-md-6\">\n                                            \n\n\n    <div class=\"card h-100 mb-3\">\n\n                                                                            <div data-bs-toggle=\"modal\" data-bs-target=\"#modal-devsectorcustomposttypeteammanager-block_62d6f76e91d9604eb7983aa07baa7e0b-3\">\n                                            <img decoding=\"async\" src=\"https:\/\/comunus.ch\/wp-content\/uploads\/2023\/07\/Comunus_600x600_G.Witschi.png\" alt=\"Giuseppina Witschi\">\n                                        <\/div>\n                                    \n                                    <div class=\"back-columns\">\n                                        <div data-bs-toggle=\"modal\" data-bs-target=\"#modal-devsectorcustomposttypeteammanager-block_62d6f76e91d9604eb7983aa07baa7e0b-3\">\n                                        <h3>Giuseppina Witschi<\/h3>\n                                                                                    <div class=\"devsectorcustomposttypeteammanager-item-role\">\n                                                Head of Compliance &amp; Risk                                            <\/div><!-- .devsectorcustomposttypeteammanager-item-line-->\n                                        \n                                        \n\n                                                                                                            <div class=\"devsectorcustomposttypeteammanager-description\">\n                                                                        <p>Giuseppina Witschi kann sechzehn Jahre Erfahrung in der Verwaltung von Anlageprodukten und im Angebot von Fonds bei Lloyds TSB Bank in Genf vorweisen &#8230;<\/p>\n                                                                    <\/div><!-- .devsectorcustomposttypeteammanager-description-->\n                                         \n\n\n                                        \n                                        \n                                       \n                                        \n                                        <\/div>\n\n                                        <div class=\"bottom-card d-flex justify-content-between align-items-center\">\n                                            <div class=\"contact-box\">\n      \n            <div class=\"devsectorcustomposttypeteammanager-contact-box-item-linkedin\">\n            <a href=\"https:\/\/www.linkedin.com\/in\/giuseppina-witschi-pelullo-80087924\" target=\"_blank\">\n            <svg id=\"Calque_2\" xmlns=\"http:\/\/www.w3.org\/2000\/svg\" height=\"1em\" viewBox=\"0 0 40.5 40.5\"><defs><style>.linkedinPath{fill:#915830;}<\/style><\/defs><g id=\"Calque_1-2\"><path class=\"linkedinPath\" d=\"m40.5,2.92v34.66c0,1.61-1.3,2.92-2.89,2.92H2.88c-1.59,0-2.88-1.31-2.88-2.92V2.92C0,1.31,1.29,0,2.88,0h34.73c1.59,0,2.89,1.31,2.89,2.92Zm-27.78,6.35c0-1.92-1.56-3.48-3.48-3.48s-3.48,1.56-3.48,3.48,1.56,3.48,3.48,3.48,3.48-1.55,3.48-3.48Zm-.47,25.45V15.39h-6.01v19.33h6.01Zm22.49-10.6c0-5.21-1.13-9.21-7.21-9.21-2.92,0-4.88,1.6-5.69,3.12h-.08v-2.64h-5.76v19.33h6v-9.56c0-2.52.48-4.96,3.61-4.96s3.12,2.88,3.12,5.13v9.4h6v-10.6Z\"\/><\/g><\/svg>\n            \n            <span>Linked<\/span>\n        <\/a>\n        <\/div><!-- .devsectorcustomposttypeteammanager-contact-box-item-->\n     \n<\/div>\n\n                                            <div class=\"read-more-links-box mt-auto\">\n                                                <div class=\"wp-block-buttons\">\n                                                    <div class=\"wp-block-button is-style-outline\">\n                                                        <a class=\"wp-block-button__link has-bordeaux -color has-text-color wp-element-button\" href=\"#!\" title=\"Gesch\u00e4ftsleitung\" data-bs-toggle=\"modal\" data-bs-target=\"#modal-devsectorcustomposttypeteammanager-block_62d6f76e91d9604eb7983aa07baa7e0b-3\">\n                                                            <svg xmlns=\"http:\/\/www.w3.org\/2000\/svg\" width=\"18\" height=\"18\" viewBox=\"0 0 24 24\"><path d=\"M24 10h-10v-10h-4v10h-10v4h10v10h4v-10h10z\" fill=\"#9E3E2D\"\/><\/svg>\n                                                        <\/a>\n                                                    <\/div>\n                                                <\/div>\n                                            <\/div>\n\n                                        <\/div><!-- .bottom-card -->\n                                        \n\n                                        \n                                    <\/div>\n                     \n    <\/div><!-- card -->\n\n  \n    <div class=\"modal fade\" tabindex=\"-1\" id=\"modal-devsectorcustomposttypeteammanager-block_62d6f76e91d9604eb7983aa07baa7e0b-3\" aria-labelledby=\"exampleModalLabel\" aria-hidden=\"true\">\n                        <div class=\"modal-dialog modal-dialog-centered modal-xl\">\n                            <div class=\"modal-content\">\n\n                                <div class=\"inner\">\n                                    \n                                    <div class=\"back-columns-group modal-body\">\n                                        \n                                                                                            <div class=\"back-columns\">\n                                                    <img decoding=\"async\" src=\"https:\/\/comunus.ch\/wp-content\/uploads\/2023\/07\/Comunus_600x600_G.Witschi.png\" alt=\"Giuseppina Witschi\">\n                                                <\/div>\n                                                                                    \n                                        <div class=\"back-columns\">\n                                            <div class=\"info\">\n                                                <h4>Giuseppina Witschi<\/h4>\n                                                                                                <div class=\"devsectorcustomposttypeteammanager-item-role\">\n                                                    Head of Compliance &amp; Risk                                                <\/div><!-- .devsectorcustomposttypeteammanager-item-line-->\n                                                                                        <\/div>\n                                            <div class=\"devsectorcustomposttypeteammanager-info\">\n                                            \n                                                \n                                                                    <div class=\"devsectorcustomposttypeteammanager-description\">\n                                                                    <!-- wp:paragraph -->\n<p>Mit \u00fcber 16 Jahren Erfahrung in der Governance von Anlageprodukten und dem Vertrieb von Investmentfonds bei der Lloyds TSB Bank in Genf ist Giuseppina Witschi seit 2014 f\u00fcr die Compliance bei Comunus verantwortlich und fungiert als Sekret\u00e4rin des Verwaltungsrats. <\/p>\n<!-- \/wp:paragraph -->\n\n<!-- wp:paragraph -->\n<p>Giuseppina Witschi hat einen Abschluss in internationalen Beziehungen von der Universit\u00e4t Genf (IHEID), einen Executive MBA von der BSL Lausanne und ein Certificate of Advanced Studies (CAS) in Compliance, dass sie 2014 an der Universit\u00e4t Genf erworben hat.<\/p>\n<!-- \/wp:paragraph -->\n\n<!-- wp:paragraph -->\n<p><\/p>\n<!-- \/wp:paragraph -->                                                                    <\/div><!-- .devsectorcustomposttypeteammanager-description-->\n                                            \n                                            <\/div><!-- devsectorcustomposttypeteammanager-info -->\n\n                                            <div class=\"contact-box\">\n      \n            <div class=\"devsectorcustomposttypeteammanager-contact-box-item-linkedin\">\n            <a href=\"https:\/\/www.linkedin.com\/in\/giuseppina-witschi-pelullo-80087924\" target=\"_blank\">\n            <svg id=\"Calque_2\" xmlns=\"http:\/\/www.w3.org\/2000\/svg\" height=\"1em\" viewBox=\"0 0 40.5 40.5\"><defs><style>.linkedinPath{fill:#915830;}<\/style><\/defs><g id=\"Calque_1-2\"><path class=\"linkedinPath\" d=\"m40.5,2.92v34.66c0,1.61-1.3,2.92-2.89,2.92H2.88c-1.59,0-2.88-1.31-2.88-2.92V2.92C0,1.31,1.29,0,2.88,0h34.73c1.59,0,2.89,1.31,2.89,2.92Zm-27.78,6.35c0-1.92-1.56-3.48-3.48-3.48s-3.48,1.56-3.48,3.48,1.56,3.48,3.48,3.48,3.48-1.55,3.48-3.48Zm-.47,25.45V15.39h-6.01v19.33h6.01Zm22.49-10.6c0-5.21-1.13-9.21-7.21-9.21-2.92,0-4.88,1.6-5.69,3.12h-.08v-2.64h-5.76v19.33h6v-9.56c0-2.52.48-4.96,3.61-4.96s3.12,2.88,3.12,5.13v9.4h6v-10.6Z\"\/><\/g><\/svg>\n            \n            <span>Linked<\/span>\n        <\/a>\n        <\/div><!-- .devsectorcustomposttypeteammanager-contact-box-item-->\n     \n<\/div>\n                                        <\/div>\n                                    <\/div><!-- back-columns-group -->\n                                    <div class=\"close-modal-cross\">\n                                                <label data-bs-dismiss=\"modal\">\n                                                    <i class=\"fa fa-times\" aria-hidden=\"true\"><\/i>\n                                                <\/label>\n                                    <\/div>\n                                <\/div><!-- inner -->\n                            <\/div><!-- modal-content -->\n                        <\/div><!-- modal-dialog -->\n    <\/div><!-- modal -->                                        <\/div><!--.devsectorcustomposttypeteammanager-itemaccordion-item  -->\n                                                            \n                        <\/div><!-- .devsectorcustomposttypeteammanager-grid -->\n                <\/div><!-- accordion -->\n        \n          \n<\/div> <!-- .devsectorcustomposttypeteammanager-content --> \n<\/div><!-- .devsectorcustomposttypeteammanager -->\n\n\n\n\n<div id=\"devsectorcustomposttypeteammanager-block_1533d68a7f8d637962f4235001a56716\" class=\"devsectorcustomposttypeteammanager\">\n<!-- <div class=\"devsectorcustomposttypeteammanager-content\" data-aos=\"fade-up\"> -->\n<div class=\"devsectorcustomposttypeteammanager-content\">\n          \n<\/div> <!-- .devsectorcustomposttypeteammanager-content --> \n<\/div><!-- .devsectorcustomposttypeteammanager -->\n\n\n\n\n\n<p><\/p>\n","protected":false},"excerpt":{"rendered":"<p>Ein starkes und agiles Team Die Gesch\u00e4ftsleitung von Comunus vereint vielf\u00e4ltige und fundierte Kenntnisse in den Bereichen Immobilieninvestitionen, Finanzen und [&hellip;]<\/p>\n","protected":false},"author":1,"featured_media":0,"parent":0,"menu_order":0,"comment_status":"closed","ping_status":"closed","template":"","meta":{"_acf_changed":false,"footnotes":""},"class_list":["post-3281","page","type-page","status-publish","hentry"],"acf":[],"yoast_head":"<!-- This site is optimized with the Yoast SEO plugin v27.4 - https:\/\/yoast.com\/product\/yoast-seo-wordpress\/ -->\n<title>Gesch\u00e4ftsleitung - Comunus<\/title>\n<meta name=\"robots\" content=\"index, follow, max-snippet:-1, max-image-preview:large, max-video-preview:-1\" \/>\n<link rel=\"canonical\" href=\"https:\/\/comunus.ch\/de\/geschaeftsleitung\/\" \/>\n<meta property=\"og:locale\" content=\"de_DE\" \/>\n<meta property=\"og:type\" content=\"article\" \/>\n<meta property=\"og:title\" content=\"Gesch\u00e4ftsleitung - Comunus\" \/>\n<meta property=\"og:description\" content=\"Ein starkes und agiles Team Die Gesch\u00e4ftsleitung von Comunus vereint vielf\u00e4ltige und fundierte Kenntnisse in den Bereichen Immobilieninvestitionen, Finanzen und [&hellip;]\" \/>\n<meta property=\"og:url\" content=\"https:\/\/comunus.ch\/de\/geschaeftsleitung\/\" \/>\n<meta property=\"og:site_name\" content=\"Comunus\" \/>\n<meta property=\"article:modified_time\" content=\"2026-03-04T15:49:27+00:00\" \/>\n<meta property=\"og:image\" content=\"https:\/\/comunus.ch\/wp-content\/uploads\/2023\/09\/DSC07949_Ret.jpg\" \/>\n\t<meta property=\"og:image:width\" content=\"1497\" \/>\n\t<meta property=\"og:image:height\" content=\"1000\" \/>\n\t<meta property=\"og:image:type\" content=\"image\/jpeg\" \/>\n<meta name=\"twitter:card\" content=\"summary_large_image\" \/>\n<meta name=\"twitter:label1\" content=\"Gesch\u00e4tzte Lesezeit\" \/>\n\t<meta name=\"twitter:data1\" content=\"1\u00a0Minute\" \/>\n<script type=\"application\/ld+json\" class=\"yoast-schema-graph\">{\"@context\":\"https:\\\/\\\/schema.org\",\"@graph\":[{\"@type\":\"WebPage\",\"@id\":\"https:\\\/\\\/comunus.ch\\\/de\\\/geschaeftsleitung\\\/\",\"url\":\"https:\\\/\\\/comunus.ch\\\/de\\\/geschaeftsleitung\\\/\",\"name\":\"Gesch\u00e4ftsleitung - Comunus\",\"isPartOf\":{\"@id\":\"https:\\\/\\\/comunus.ch\\\/#website\"},\"datePublished\":\"2023-06-21T08:18:58+00:00\",\"dateModified\":\"2026-03-04T15:49:27+00:00\",\"breadcrumb\":{\"@id\":\"https:\\\/\\\/comunus.ch\\\/de\\\/geschaeftsleitung\\\/#breadcrumb\"},\"inLanguage\":\"de\",\"potentialAction\":[{\"@type\":\"ReadAction\",\"target\":[\"https:\\\/\\\/comunus.ch\\\/de\\\/geschaeftsleitung\\\/\"]}]},{\"@type\":\"BreadcrumbList\",\"@id\":\"https:\\\/\\\/comunus.ch\\\/de\\\/geschaeftsleitung\\\/#breadcrumb\",\"itemListElement\":[{\"@type\":\"ListItem\",\"position\":1,\"name\":\"Home\",\"item\":\"https:\\\/\\\/comunus.ch\\\/de\\\/\"},{\"@type\":\"ListItem\",\"position\":2,\"name\":\"Gesch\u00e4ftsleitung\"}]},{\"@type\":\"WebSite\",\"@id\":\"https:\\\/\\\/comunus.ch\\\/#website\",\"url\":\"https:\\\/\\\/comunus.ch\\\/\",\"name\":\"Comunus\",\"description\":\"Fonds pour investisseurs qualifi\u00e9s\",\"publisher\":{\"@id\":\"https:\\\/\\\/comunus.ch\\\/#organization\"},\"potentialAction\":[{\"@type\":\"SearchAction\",\"target\":{\"@type\":\"EntryPoint\",\"urlTemplate\":\"https:\\\/\\\/comunus.ch\\\/?s={search_term_string}\"},\"query-input\":{\"@type\":\"PropertyValueSpecification\",\"valueRequired\":true,\"valueName\":\"search_term_string\"}}],\"inLanguage\":\"de\"},{\"@type\":\"Organization\",\"@id\":\"https:\\\/\\\/comunus.ch\\\/#organization\",\"name\":\"Comunus\",\"url\":\"https:\\\/\\\/comunus.ch\\\/\",\"logo\":{\"@type\":\"ImageObject\",\"inLanguage\":\"de\",\"@id\":\"https:\\\/\\\/comunus.ch\\\/#\\\/schema\\\/logo\\\/image\\\/\",\"url\":\"https:\\\/\\\/comunus.ch\\\/wp-content\\\/uploads\\\/2023\\\/07\\\/logo-comunus.svg\",\"contentUrl\":\"https:\\\/\\\/comunus.ch\\\/wp-content\\\/uploads\\\/2023\\\/07\\\/logo-comunus.svg\",\"width\":190,\"height\":26,\"caption\":\"Comunus\"},\"image\":{\"@id\":\"https:\\\/\\\/comunus.ch\\\/#\\\/schema\\\/logo\\\/image\\\/\"}}]}<\/script>\n<!-- \/ Yoast SEO plugin. -->","yoast_head_json":{"title":"Gesch\u00e4ftsleitung - Comunus","robots":{"index":"index","follow":"follow","max-snippet":"max-snippet:-1","max-image-preview":"max-image-preview:large","max-video-preview":"max-video-preview:-1"},"canonical":"https:\/\/comunus.ch\/de\/geschaeftsleitung\/","og_locale":"de_DE","og_type":"article","og_title":"Gesch\u00e4ftsleitung - Comunus","og_description":"Ein starkes und agiles Team Die Gesch\u00e4ftsleitung von Comunus vereint vielf\u00e4ltige und fundierte Kenntnisse in den Bereichen Immobilieninvestitionen, Finanzen und [&hellip;]","og_url":"https:\/\/comunus.ch\/de\/geschaeftsleitung\/","og_site_name":"Comunus","article_modified_time":"2026-03-04T15:49:27+00:00","og_image":[{"width":1497,"height":1000,"url":"https:\/\/comunus.ch\/wp-content\/uploads\/2023\/09\/DSC07949_Ret.jpg","type":"image\/jpeg"}],"twitter_card":"summary_large_image","twitter_misc":{"Gesch\u00e4tzte Lesezeit":"1\u00a0Minute"},"schema":{"@context":"https:\/\/schema.org","@graph":[{"@type":"WebPage","@id":"https:\/\/comunus.ch\/de\/geschaeftsleitung\/","url":"https:\/\/comunus.ch\/de\/geschaeftsleitung\/","name":"Gesch\u00e4ftsleitung - Comunus","isPartOf":{"@id":"https:\/\/comunus.ch\/#website"},"datePublished":"2023-06-21T08:18:58+00:00","dateModified":"2026-03-04T15:49:27+00:00","breadcrumb":{"@id":"https:\/\/comunus.ch\/de\/geschaeftsleitung\/#breadcrumb"},"inLanguage":"de","potentialAction":[{"@type":"ReadAction","target":["https:\/\/comunus.ch\/de\/geschaeftsleitung\/"]}]},{"@type":"BreadcrumbList","@id":"https:\/\/comunus.ch\/de\/geschaeftsleitung\/#breadcrumb","itemListElement":[{"@type":"ListItem","position":1,"name":"Home","item":"https:\/\/comunus.ch\/de\/"},{"@type":"ListItem","position":2,"name":"Gesch\u00e4ftsleitung"}]},{"@type":"WebSite","@id":"https:\/\/comunus.ch\/#website","url":"https:\/\/comunus.ch\/","name":"Comunus","description":"Fonds pour investisseurs qualifi\u00e9s","publisher":{"@id":"https:\/\/comunus.ch\/#organization"},"potentialAction":[{"@type":"SearchAction","target":{"@type":"EntryPoint","urlTemplate":"https:\/\/comunus.ch\/?s={search_term_string}"},"query-input":{"@type":"PropertyValueSpecification","valueRequired":true,"valueName":"search_term_string"}}],"inLanguage":"de"},{"@type":"Organization","@id":"https:\/\/comunus.ch\/#organization","name":"Comunus","url":"https:\/\/comunus.ch\/","logo":{"@type":"ImageObject","inLanguage":"de","@id":"https:\/\/comunus.ch\/#\/schema\/logo\/image\/","url":"https:\/\/comunus.ch\/wp-content\/uploads\/2023\/07\/logo-comunus.svg","contentUrl":"https:\/\/comunus.ch\/wp-content\/uploads\/2023\/07\/logo-comunus.svg","width":190,"height":26,"caption":"Comunus"},"image":{"@id":"https:\/\/comunus.ch\/#\/schema\/logo\/image\/"}}]}},"_links":{"self":[{"href":"https:\/\/comunus.ch\/de\/wp-json\/wp\/v2\/pages\/3281","targetHints":{"allow":["GET"]}}],"collection":[{"href":"https:\/\/comunus.ch\/de\/wp-json\/wp\/v2\/pages"}],"about":[{"href":"https:\/\/comunus.ch\/de\/wp-json\/wp\/v2\/types\/page"}],"author":[{"embeddable":true,"href":"https:\/\/comunus.ch\/de\/wp-json\/wp\/v2\/users\/1"}],"replies":[{"embeddable":true,"href":"https:\/\/comunus.ch\/de\/wp-json\/wp\/v2\/comments?post=3281"}],"version-history":[{"count":15,"href":"https:\/\/comunus.ch\/de\/wp-json\/wp\/v2\/pages\/3281\/revisions"}],"predecessor-version":[{"id":5300,"href":"https:\/\/comunus.ch\/de\/wp-json\/wp\/v2\/pages\/3281\/revisions\/5300"}],"wp:attachment":[{"href":"https:\/\/comunus.ch\/de\/wp-json\/wp\/v2\/media?parent=3281"}],"curies":[{"name":"wp","href":"https:\/\/api.w.org\/{rel}","templated":true}]}}